{"id":3278,"date":"2016-07-19T09:57:36","date_gmt":"2016-07-19T07:57:36","guid":{"rendered":"https:\/\/malmokonsthall.se\/utstallningar\/the-dusseldorf-museum-of-art-malmo-konsthall\/"},"modified":"2025-05-19T16:35:46","modified_gmt":"2025-05-19T14:35:46","slug":"the-dusseldorf-museum-of-art-malmo-konsthall","status":"publish","type":"utstallningar","link":"https:\/\/malmokonsthall.se\/en\/utstallningar\/the-dusseldorf-museum-of-art-malmo-konsthall\/","title":{"rendered":"Kunstmuseum D\u00fcsseldorf visits Malm\u00f6 Konsthall"},"content":{"rendered":"  <nav aria-label=\"Breadcrumb navigation\" class=\"breadcrumbs\" typeof=\"BreadcrumbList\" vocab=\"https:\/\/schema.org\/\">\n      <ol>\n          <li class=\"home\"><span property=\"itemListElement\" typeof=\"ListItem\"><a property=\"item\" typeof=\"WebPage\" title=\"G\u00e5 till Startsidan\" href=\"https:\/\/malmokonsthall.se\/en\/\" class=\"home\" aria-current=\"page\"><span property=\"name\">Start<\/span><\/a><\/span><\/li>\n\n      <\/ol>\n  <\/nav>\n\n\n\n<figure class=\"wp-block-image size-large is-style-Margin-right is-style-margin-right\"><img loading=\"lazy\" decoding=\"async\" width=\"1024\" height=\"692\" src=\"https:\/\/malmokonsthall.se\/wp-content\/uploads\/2016\/07\/Kunstmuseum-Dusseldorf-1024x692.jpg\" alt=\"Ett ljust rum i en konsthall med ljusa v\u00e4ggar och tr\u00e4golv. \" class=\"wp-image-39707\" srcset=\"https:\/\/malmokonsthall.se\/wp-content\/uploads\/2016\/07\/Kunstmuseum-Dusseldorf-1024x692.jpg 1024w, https:\/\/malmokonsthall.se\/wp-content\/uploads\/2016\/07\/Kunstmuseum-Dusseldorf-300x203.jpg 300w, https:\/\/malmokonsthall.se\/wp-content\/uploads\/2016\/07\/Kunstmuseum-Dusseldorf-768x519.jpg 768w, https:\/\/malmokonsthall.se\/wp-content\/uploads\/2016\/07\/Kunstmuseum-Dusseldorf-1536x1038.jpg 1536w, https:\/\/malmokonsthall.se\/wp-content\/uploads\/2016\/07\/Kunstmuseum-Dusseldorf-2048x1384.jpg 2048w\" sizes=\"auto, (max-width: 1024px) 100vw, 1024px\" \/><figcaption class=\"wp-element-caption\">Kunstmuseum D\u00fcsseldorf. Malm\u00f6 Konsthall, 1980. Photo: Malm\u00f6 Konsthall<\/figcaption><\/figure>\n\n\n\n<div class=\"wp-block-group is-style-page-margin\"><div class=\"wp-block-group__inner-container is-layout-flow wp-block-group-is-layout-flow\">\n\n\n\n<h1 class=\"wp-block-heading is-style-heading-article\" id=\"h-kunstmuseum-dusseldorf-visits-malmo-konsthall\">Kunstmuseum D\u00fcsseldorf visits Malm\u00f6 Konsthall<\/h1>\n\n\n\n<h2 class=\"wp-block-heading\" id=\"h-30-8-2-11-1980\">30.8 \u2013 2.11 1980<\/h2>\n\n\n\n<div class=\"wp-block-columns is-style-information-column is-layout-flex wp-container-core-columns-is-layout-9d6595d7 wp-block-columns-is-layout-flex\">\n<div class=\"wp-block-column is-layout-flow wp-block-column-is-layout-flow\" style=\"flex-basis:50%\">\n<p>In the autumn of 1980, Malm\u00f6 Konsthall reached a historic milestone when Kunstmuseum D\u00fcsseldorf presented the largest collection of 20th-century German art ever exhibited in Sweden. The exhibition featured 150 works by some of modernism\u2019s most influential artists, including Emil Nolde, Max Ernst, Wassily Kandinsky, Paul Klee, Yves Klein, and Franz Marc.<\/p>\n\n\n\n<p>The exhibition offered a broad overview of 20th-century art movements in Germany, ranging from the expressionist Die Br\u00fccke and the Bauhaus movement to the abstract and surrealist experiments of the interwar period. Postwar art was represented, among others, by the avant-garde group ZERO, which sought to redefine artistic expression in the aftermath of World War II\u2019s devastation.<\/p>\n\n\n\n<p>One of the exhibition\u2019s most talked-about incidents occurred when Wilhelm Lehmbruck\u2019s sculpture Bather (1914) accidentally fell to the floor after a curious visitor got too close. \u201cSurvived two world wars but crashed in Malm\u00f6,\u201d the press remarked with a mix of drama and irony.<\/p>\n\n\n\n<p>Kunstmuseum D\u00fcsseldorf\u2019s visit to Malm\u00f6 marked not only a significant art-historical event but also strengthened the cultural ties between Sweden and West Germany. After two months in Malm\u00f6, the exhibition traveled on to Stockholm for a continued showing at Liljevalchs Konsthall. It was an exhibition that offered an exceptional insight into the depth and breadth of German modernism and left a lasting impression on its Swedish audience.<\/p>\n<\/div>\n\n\n\n<div class=\"wp-block-column is-style-information-column is-layout-flow wp-block-column-is-layout-flow\" style=\"flex-basis:33%\"><div class=\"wp-block-image\">\n<figure class=\"alignleft size-large is-resized\"><img loading=\"lazy\" decoding=\"async\" width=\"766\" height=\"1024\" src=\"https:\/\/malmokonsthall.se\/wp-content\/uploads\/2016\/07\/Kunstmuseum-Dusseldorf_06-766x1024.jpg\" alt=\"En skulptur st\u00e5r utst\u00e4lld i utst\u00e4llningshallen. Tre bes\u00f6kare st\u00e5r n\u00e4ra och unders\u00f6ker den. I bakgrunden syns andra bes\u00f6kare och konstverk p\u00e5 v\u00e4ggarna.\" class=\"wp-image-39703\" style=\"width:353px;height:auto\" srcset=\"https:\/\/malmokonsthall.se\/wp-content\/uploads\/2016\/07\/Kunstmuseum-Dusseldorf_06-766x1024.jpg 766w, https:\/\/malmokonsthall.se\/wp-content\/uploads\/2016\/07\/Kunstmuseum-Dusseldorf_06-225x300.jpg 225w, https:\/\/malmokonsthall.se\/wp-content\/uploads\/2016\/07\/Kunstmuseum-Dusseldorf_06-768x1026.jpg 768w, https:\/\/malmokonsthall.se\/wp-content\/uploads\/2016\/07\/Kunstmuseum-Dusseldorf_06.jpg 884w\" sizes=\"auto, (max-width: 766px) 100vw, 766px\" \/><figcaption class=\"wp-element-caption\">Kunstmuseum D\u00fcsseldorf. Malm\u00f6 Konsthall, 1980. Photo: Laszlo Bogardy<\/figcaption><\/figure>\n<\/div>\n\n\n<div style=\"height:37px\" aria-hidden=\"true\" class=\"wp-block-spacer\"><\/div>\n\n\n<div class=\"wp-block-image\">\n<figure class=\"alignleft size-large is-resized\"><img loading=\"lazy\" decoding=\"async\" width=\"727\" height=\"1024\" src=\"https:\/\/malmokonsthall.se\/wp-content\/uploads\/2016\/07\/Kunstmuseum-Dusseldorf_IMG_0016-727x1024.jpg\" alt=\"Tv\u00e5 bes\u00f6kare st\u00e5r och tittar p\u00e5 ett konstverk som \" class=\"wp-image-39701\" style=\"width:356px;height:auto\" srcset=\"https:\/\/malmokonsthall.se\/wp-content\/uploads\/2016\/07\/Kunstmuseum-Dusseldorf_IMG_0016-727x1024.jpg 727w, https:\/\/malmokonsthall.se\/wp-content\/uploads\/2016\/07\/Kunstmuseum-Dusseldorf_IMG_0016-213x300.jpg 213w, https:\/\/malmokonsthall.se\/wp-content\/uploads\/2016\/07\/Kunstmuseum-Dusseldorf_IMG_0016-768x1082.jpg 768w, https:\/\/malmokonsthall.se\/wp-content\/uploads\/2016\/07\/Kunstmuseum-Dusseldorf_IMG_0016-1090x1536.jpg 1090w, https:\/\/malmokonsthall.se\/wp-content\/uploads\/2016\/07\/Kunstmuseum-Dusseldorf_IMG_0016-1453x2048.jpg 1453w, https:\/\/malmokonsthall.se\/wp-content\/uploads\/2016\/07\/Kunstmuseum-Dusseldorf_IMG_0016.jpg 1476w\" sizes=\"auto, (max-width: 727px) 100vw, 727px\" \/><figcaption class=\"wp-element-caption\">Kunstmuseum D\u00fcsseldorf. Malm\u00f6 Konsthall, 1980. Photo: Malm\u00f6 Konsthall<\/figcaption><\/figure>\n<\/div><\/div>\n<\/div>\n<\/div><\/div>\n\n\n\n<div class=\"wp-block-group\"><div class=\"wp-block-group__inner-container is-layout-flow wp-block-group-is-layout-flow\">\n<div class=\"wp-block-columns is-style-left-image-columns is-layout-flex wp-container-core-columns-is-layout-9d6595d7 wp-block-columns-is-layout-flex\">\n<div class=\"wp-block-column is-layout-flow wp-block-column-is-layout-flow\" style=\"flex-basis:33.33%\"><\/div>\n\n\n\n<div class=\"wp-block-column is-layout-flow wp-block-column-is-layout-flow\" style=\"flex-basis:66.66%\"><div class=\"wp-block-image\">\n<figure class=\"aligncenter size-large is-resized\"><img loading=\"lazy\" decoding=\"async\" width=\"1024\" height=\"767\" src=\"https:\/\/malmokonsthall.se\/wp-content\/uploads\/2016\/07\/Kunstmuseum-Dusseldorf_IMG_0001-1024x767.jpg\" alt=\"Tre personer installerar konstverk i en konsthall. En st\u00e5r framf\u00f6r en v\u00e4gg och h\u00e5ller i en hammare. Konsthallen har ljusa v\u00e4ggar och tr\u00e4golv. \" class=\"wp-image-39689\" style=\"width:672px;height:auto\" srcset=\"https:\/\/malmokonsthall.se\/wp-content\/uploads\/2016\/07\/Kunstmuseum-Dusseldorf_IMG_0001-1024x767.jpg 1024w, https:\/\/malmokonsthall.se\/wp-content\/uploads\/2016\/07\/Kunstmuseum-Dusseldorf_IMG_0001-300x225.jpg 300w, https:\/\/malmokonsthall.se\/wp-content\/uploads\/2016\/07\/Kunstmuseum-Dusseldorf_IMG_0001-768x575.jpg 768w, https:\/\/malmokonsthall.se\/wp-content\/uploads\/2016\/07\/Kunstmuseum-Dusseldorf_IMG_0001-1536x1151.jpg 1536w, https:\/\/malmokonsthall.se\/wp-content\/uploads\/2016\/07\/Kunstmuseum-Dusseldorf_IMG_0001-2048x1535.jpg 2048w\" sizes=\"auto, (max-width: 1024px) 100vw, 1024px\" \/><figcaption class=\"wp-element-caption\">Kunstmuseum D\u00fcsseldorf. Malm\u00f6 Konsthall, 1980. Photo: Laszlo Bogardy<\/figcaption><\/figure>\n<\/div><\/div>\n<\/div>\n\n\n\n<div class=\"wp-block-columns is-layout-flex wp-container-core-columns-is-layout-9d6595d7 wp-block-columns-is-layout-flex\">\n<div class=\"wp-block-column is-layout-flow wp-block-column-is-layout-flow\" style=\"flex-basis:66.66%\"><div class=\"wp-block-image\">\n<figure class=\"aligncenter size-large is-resized\"><img loading=\"lazy\" decoding=\"async\" width=\"1024\" height=\"811\" src=\"https:\/\/malmokonsthall.se\/wp-content\/uploads\/2016\/07\/Kunstmuseum-Dusseldorf_IMG_0015-1024x811.jpg\" alt=\"En kvinna st\u00e5r i en konsthall och \" class=\"wp-image-39715\" style=\"width:720px;height:auto\" srcset=\"https:\/\/malmokonsthall.se\/wp-content\/uploads\/2016\/07\/Kunstmuseum-Dusseldorf_IMG_0015-1024x811.jpg 1024w, https:\/\/malmokonsthall.se\/wp-content\/uploads\/2016\/07\/Kunstmuseum-Dusseldorf_IMG_0015-300x238.jpg 300w, https:\/\/malmokonsthall.se\/wp-content\/uploads\/2016\/07\/Kunstmuseum-Dusseldorf_IMG_0015-768x608.jpg 768w, https:\/\/malmokonsthall.se\/wp-content\/uploads\/2016\/07\/Kunstmuseum-Dusseldorf_IMG_0015-1536x1217.jpg 1536w, https:\/\/malmokonsthall.se\/wp-content\/uploads\/2016\/07\/Kunstmuseum-Dusseldorf_IMG_0015-2048x1622.jpg 2048w\" sizes=\"auto, (max-width: 1024px) 100vw, 1024px\" \/><figcaption class=\"wp-element-caption\">Kunstmuseum D\u00fcsseldorf. Malm\u00f6 Konsthall, 1980. Photo: Laszlo Bogardy<\/figcaption><\/figure>\n<\/div><\/div>\n\n\n\n<div class=\"wp-block-column is-layout-flow wp-block-column-is-layout-flow\" style=\"flex-basis:33.33%\"><\/div>\n<\/div>\n\n\n\n<div style=\"height:38px\" aria-hidden=\"true\" class=\"wp-block-spacer\"><\/div>\n\n\n\n<div class=\"wp-block-columns is-layout-flex wp-container-core-columns-is-layout-9d6595d7 wp-block-columns-is-layout-flex\">\n<div class=\"wp-block-column is-layout-flow wp-block-column-is-layout-flow\" style=\"flex-basis:33.33%\"><div class=\"wp-block-image\">\n<figure class=\"alignright size-large is-resized\"><img loading=\"lazy\" decoding=\"async\" width=\"1024\" height=\"764\" src=\"https:\/\/malmokonsthall.se\/wp-content\/uploads\/2016\/07\/Kunstmuseum-Dusseldorf_IMG_0014-1-1024x764.jpg\" alt=\"En stor publik sitter i en konsthall och lyssnar till en man som st\u00e5r och talar vid ett podium. Hallen har ljust tr\u00e4golv och vita v\u00e4ggar, d\u00e4r flera konstverk \u00e4r placerade.\" class=\"wp-image-39705\" style=\"width:366px;height:auto\" srcset=\"https:\/\/malmokonsthall.se\/wp-content\/uploads\/2016\/07\/Kunstmuseum-Dusseldorf_IMG_0014-1-1024x764.jpg 1024w, https:\/\/malmokonsthall.se\/wp-content\/uploads\/2016\/07\/Kunstmuseum-Dusseldorf_IMG_0014-1-300x224.jpg 300w, https:\/\/malmokonsthall.se\/wp-content\/uploads\/2016\/07\/Kunstmuseum-Dusseldorf_IMG_0014-1-768x573.jpg 768w, https:\/\/malmokonsthall.se\/wp-content\/uploads\/2016\/07\/Kunstmuseum-Dusseldorf_IMG_0014-1-1536x1145.jpg 1536w, https:\/\/malmokonsthall.se\/wp-content\/uploads\/2016\/07\/Kunstmuseum-Dusseldorf_IMG_0014-1-2048x1527.jpg 2048w\" sizes=\"auto, (max-width: 1024px) 100vw, 1024px\" \/><figcaption class=\"wp-element-caption\">Kunstmuseum D\u00fcsseldorf. Malm\u00f6 Konsthall, 1980. Photo: Laszlo Bogardy<\/figcaption><\/figure>\n<\/div><\/div>\n\n\n\n<div class=\"wp-block-column is-layout-flow wp-block-column-is-layout-flow\" style=\"flex-basis:66.66%\"><div class=\"wp-block-image\">\n<figure class=\"aligncenter size-large is-resized\"><img loading=\"lazy\" decoding=\"async\" width=\"1024\" height=\"683\" src=\"https:\/\/malmokonsthall.se\/wp-content\/uploads\/2016\/07\/Kunstmuseum-Dusseldorf_1980_1_0098_BW_P08_F04_IMG_19-1024x683.jpeg\" alt=\"Ett svartvitt foto av en stor publik som sitter i en konsthall och lyssnar till en man som st\u00e5r och talar vid ett podium. Hallen har ljust tr\u00e4golv och vita v\u00e4ggar, d\u00e4r flera konstverk \u00e4r placerade.\" class=\"wp-image-39691\" style=\"width:702px;height:auto\" srcset=\"https:\/\/malmokonsthall.se\/wp-content\/uploads\/2016\/07\/Kunstmuseum-Dusseldorf_1980_1_0098_BW_P08_F04_IMG_19-1024x683.jpeg 1024w, https:\/\/malmokonsthall.se\/wp-content\/uploads\/2016\/07\/Kunstmuseum-Dusseldorf_1980_1_0098_BW_P08_F04_IMG_19-300x200.jpeg 300w, https:\/\/malmokonsthall.se\/wp-content\/uploads\/2016\/07\/Kunstmuseum-Dusseldorf_1980_1_0098_BW_P08_F04_IMG_19-768x512.jpeg 768w, https:\/\/malmokonsthall.se\/wp-content\/uploads\/2016\/07\/Kunstmuseum-Dusseldorf_1980_1_0098_BW_P08_F04_IMG_19-1536x1025.jpeg 1536w, https:\/\/malmokonsthall.se\/wp-content\/uploads\/2016\/07\/Kunstmuseum-Dusseldorf_1980_1_0098_BW_P08_F04_IMG_19-2048x1366.jpeg 2048w\" sizes=\"auto, (max-width: 1024px) 100vw, 1024px\" \/><figcaption class=\"wp-element-caption\">Kunstmuseum D\u00fcsseldorf. Malm\u00f6 Konsthall, 1980. Photo: Laszlo Bogardy<\/figcaption><\/figure>\n<\/div><\/div>\n<\/div>\n\n\n\n<div style=\"height:38px\" aria-hidden=\"true\" class=\"wp-block-spacer\"><\/div>\n\n\n\n<div class=\"wp-block-columns is-layout-flex wp-container-core-columns-is-layout-9d6595d7 wp-block-columns-is-layout-flex\">\n<div class=\"wp-block-column is-layout-flow wp-block-column-is-layout-flow\" style=\"flex-basis:66.66%\"><div class=\"wp-block-image\">\n<figure class=\"aligncenter size-large is-resized\"><img loading=\"lazy\" decoding=\"async\" width=\"1024\" height=\"671\" src=\"https:\/\/malmokonsthall.se\/wp-content\/uploads\/2016\/07\/Kunstmuseum-Dusseldorf_IMG_0008-1024x671.jpg\" alt=\"En grupp m\u00e4n st\u00e5r och samtalar i en konsthall. I bakgrunden r\u00f6r sig bes\u00f6kare som \" class=\"wp-image-39697\" style=\"width:752px;height:auto\" srcset=\"https:\/\/malmokonsthall.se\/wp-content\/uploads\/2016\/07\/Kunstmuseum-Dusseldorf_IMG_0008-1024x671.jpg 1024w, https:\/\/malmokonsthall.se\/wp-content\/uploads\/2016\/07\/Kunstmuseum-Dusseldorf_IMG_0008-300x197.jpg 300w, https:\/\/malmokonsthall.se\/wp-content\/uploads\/2016\/07\/Kunstmuseum-Dusseldorf_IMG_0008-768x503.jpg 768w, https:\/\/malmokonsthall.se\/wp-content\/uploads\/2016\/07\/Kunstmuseum-Dusseldorf_IMG_0008-1536x1006.jpg 1536w, https:\/\/malmokonsthall.se\/wp-content\/uploads\/2016\/07\/Kunstmuseum-Dusseldorf_IMG_0008-2048x1342.jpg 2048w\" sizes=\"auto, (max-width: 1024px) 100vw, 1024px\" \/><figcaption class=\"wp-element-caption\">Kunstmuseum D\u00fcsseldorf. Malm\u00f6 Konsthall, 1980. Photo: Laszlo Bogardy<\/figcaption><\/figure>\n<\/div><\/div>\n\n\n\n<div class=\"wp-block-column is-layout-flow wp-block-column-is-layout-flow\" style=\"flex-basis:33.33%\"><\/div>\n<\/div>\n\n\n\n<div style=\"height:38px\" aria-hidden=\"true\" class=\"wp-block-spacer\"><\/div>\n\n\n\n<div class=\"wp-block-columns is-layout-flex wp-container-core-columns-is-layout-9d6595d7 wp-block-columns-is-layout-flex\">\n<div class=\"wp-block-column is-layout-flow wp-block-column-is-layout-flow\"><div class=\"wp-block-image\">\n<figure class=\"aligncenter size-large is-resized\"><img loading=\"lazy\" decoding=\"async\" width=\"691\" height=\"1024\" src=\"https:\/\/malmokonsthall.se\/wp-content\/uploads\/2025\/03\/1980_1_0098_C_P12_F14_IMG_37-691x1024.jpeg\" alt=\"Konstverk \" class=\"wp-image-38605\" style=\"width:428px;height:auto\" srcset=\"https:\/\/malmokonsthall.se\/wp-content\/uploads\/2025\/03\/1980_1_0098_C_P12_F14_IMG_37-691x1024.jpeg 691w, https:\/\/malmokonsthall.se\/wp-content\/uploads\/2025\/03\/1980_1_0098_C_P12_F14_IMG_37-203x300.jpeg 203w, https:\/\/malmokonsthall.se\/wp-content\/uploads\/2025\/03\/1980_1_0098_C_P12_F14_IMG_37-768x1137.jpeg 768w, https:\/\/malmokonsthall.se\/wp-content\/uploads\/2025\/03\/1980_1_0098_C_P12_F14_IMG_37.jpeg 1000w\" sizes=\"auto, (max-width: 691px) 100vw, 691px\" \/><figcaption class=\"wp-element-caption\">Kunstmuseum D\u00fcsseldorf. Malm\u00f6 Konsthall, 1980. Photo: Malm\u00f6 Konsthall<\/figcaption><\/figure>\n<\/div><\/div>\n\n\n\n<div class=\"wp-block-column is-layout-flow wp-block-column-is-layout-flow\"><div class=\"wp-block-image\">\n<figure class=\"aligncenter size-full is-resized\"><img loading=\"lazy\" decoding=\"async\" width=\"1000\" height=\"675\" src=\"https:\/\/malmokonsthall.se\/wp-content\/uploads\/2025\/03\/1980_1_0098_C_P12_F15_IMG_26.jpeg\" alt=\"Ett ljust rum i en konsthall med ljusa v\u00e4ggar och tr\u00e4golv. P\u00e5 v\u00e4ggarna h\u00e4nger flera konstverk i olika storlek och former. I mitten av rummet ligger en skulptur placerad p\u00e5 golvet. \" class=\"wp-image-38621\" style=\"width:641px;height:auto\" srcset=\"https:\/\/malmokonsthall.se\/wp-content\/uploads\/2025\/03\/1980_1_0098_C_P12_F15_IMG_26.jpeg 1000w, https:\/\/malmokonsthall.se\/wp-content\/uploads\/2025\/03\/1980_1_0098_C_P12_F15_IMG_26-300x203.jpeg 300w, https:\/\/malmokonsthall.se\/wp-content\/uploads\/2025\/03\/1980_1_0098_C_P12_F15_IMG_26-768x518.jpeg 768w\" sizes=\"auto, (max-width: 1000px) 100vw, 1000px\" \/><figcaption class=\"wp-element-caption\">Kunstmuseum D\u00fcsseldorf. Malm\u00f6 Konsthall, 1980. Photo: Malm\u00f6 Konsthall<\/figcaption><\/figure>\n<\/div><\/div>\n<\/div>\n\n\n\n<div style=\"height:38px\" aria-hidden=\"true\" class=\"wp-block-spacer\"><\/div>\n\n\n\n<div class=\"wp-block-columns is-layout-flex wp-container-core-columns-is-layout-9d6595d7 wp-block-columns-is-layout-flex\">\n<div class=\"wp-block-column is-layout-flow wp-block-column-is-layout-flow\" style=\"flex-basis:66.66%\"><div class=\"wp-block-image\">\n<figure class=\"aligncenter size-large is-resized\"><img loading=\"lazy\" decoding=\"async\" width=\"1024\" height=\"767\" src=\"https:\/\/malmokonsthall.se\/wp-content\/uploads\/2016\/07\/Kunstmuseum-Dusseldorf_IMG_0007-1-1024x767.jpg\" alt=\"En grupp \" class=\"wp-image-39713\" style=\"width:738px;height:auto\" srcset=\"https:\/\/malmokonsthall.se\/wp-content\/uploads\/2016\/07\/Kunstmuseum-Dusseldorf_IMG_0007-1-1024x767.jpg 1024w, https:\/\/malmokonsthall.se\/wp-content\/uploads\/2016\/07\/Kunstmuseum-Dusseldorf_IMG_0007-1-300x225.jpg 300w, https:\/\/malmokonsthall.se\/wp-content\/uploads\/2016\/07\/Kunstmuseum-Dusseldorf_IMG_0007-1-768x575.jpg 768w, https:\/\/malmokonsthall.se\/wp-content\/uploads\/2016\/07\/Kunstmuseum-Dusseldorf_IMG_0007-1-1536x1151.jpg 1536w, https:\/\/malmokonsthall.se\/wp-content\/uploads\/2016\/07\/Kunstmuseum-Dusseldorf_IMG_0007-1-2048x1534.jpg 2048w\" sizes=\"auto, (max-width: 1024px) 100vw, 1024px\" \/><figcaption class=\"wp-element-caption\">Kunstmuseum D\u00fcsseldorf. Malm\u00f6 Konsthall, 1980. Photo: Laszlo Bogardy<\/figcaption><\/figure>\n<\/div><\/div>\n\n\n\n<div class=\"wp-block-column is-layout-flow wp-block-column-is-layout-flow\" style=\"flex-basis:33.33%\"><\/div>\n<\/div>\n<\/div><\/div>\n","protected":false},"excerpt":{"rendered":"<p>Kunstmuseum D\u00fcsseldorf visits Malm\u00f6 Konsthall 30.8 \u2013 2.11 1980 In the autumn of 1980, Malm\u00f6 Konsthall reached a historic milestone when Kunstmuseum D\u00fcsseldorf presented the&#8230;<\/p>\n","protected":false},"featured_media":39708,"menu_order":10,"template":"","format":"standard","class_list":["post-3278","utstallningar","type-utstallningar","status-publish","format-standard","has-post-thumbnail","hentry"],"acf":[],"yoast_head":"<!-- This site is optimized with the Yoast SEO Premium plugin v23.3 (Yoast SEO v27.4) - https:\/\/yoast.com\/product\/yoast-seo-premium-wordpress\/ -->\n<title>Kunstmuseum D\u00fcsseldorf visits Malm\u00f6 Konsthall<\/title>\n<meta name=\"description\" content=\"Kunstmuseum D\u00fcsseldorf. Malm\u00f6 Konsthall, 1980. Photo: Malm\u00f6 Konsthall Kunstmuseum D\u00fcsseldorf visits Malm\u00f6 Konsthall 30.8 \u2013 2.11 1980 In the autumn of\" \/>\n<meta name=\"robots\" content=\"index, follow, max-snippet:-1, max-image-preview:large, max-video-preview:-1\" \/>\n<link rel=\"canonical\" href=\"https:\/\/malmokonsthall.se\/en\/utstallningar\/the-dusseldorf-museum-of-art-malmo-konsthall\/\" \/>\n<meta property=\"og:locale\" content=\"en_US\" \/>\n<meta property=\"og:type\" content=\"article\" \/>\n<meta property=\"og:title\" content=\"Kunstmuseum D\u00fcsseldorf visits Malm\u00f6 Konsthall\" \/>\n<meta property=\"og:description\" content=\"Kunstmuseum D\u00fcsseldorf. Malm\u00f6 Konsthall, 1980. Photo: Malm\u00f6 Konsthall Kunstmuseum D\u00fcsseldorf visits Malm\u00f6 Konsthall 30.8 \u2013 2.11 1980 In the autumn of\" \/>\n<meta property=\"og:url\" content=\"https:\/\/malmokonsthall.se\/en\/utstallningar\/the-dusseldorf-museum-of-art-malmo-konsthall\/\" \/>\n<meta property=\"og:site_name\" content=\"Malm\u00f6 Konsthall\" \/>\n<meta property=\"article:modified_time\" content=\"2025-05-19T14:35:46+00:00\" \/>\n<meta property=\"og:image\" content=\"https:\/\/malmokonsthall.se\/wp-content\/uploads\/2016\/07\/Kunstmuseum-Dusseldorf.jpg\" \/>\n\t<meta property=\"og:image:width\" content=\"3262\" \/>\n\t<meta property=\"og:image:height\" content=\"2205\" \/>\n\t<meta property=\"og:image:type\" content=\"image\/jpeg\" \/>\n<meta name=\"twitter:card\" content=\"summary_large_image\" \/>\n<script type=\"application\/ld+json\" class=\"yoast-schema-graph\">{\"@context\":\"https:\\\/\\\/schema.org\",\"@graph\":[{\"@type\":\"WebPage\",\"@id\":\"https:\\\/\\\/malmokonsthall.se\\\/en\\\/utstallningar\\\/the-dusseldorf-museum-of-art-malmo-konsthall\\\/\",\"url\":\"https:\\\/\\\/malmokonsthall.se\\\/en\\\/utstallningar\\\/the-dusseldorf-museum-of-art-malmo-konsthall\\\/\",\"name\":\"Kunstmuseum D\u00fcsseldorf visits Malm\u00f6 Konsthall\",\"isPartOf\":{\"@id\":\"https:\\\/\\\/malmokonsthall.se\\\/en\\\/#website\"},\"primaryImageOfPage\":{\"@id\":\"https:\\\/\\\/malmokonsthall.se\\\/en\\\/utstallningar\\\/the-dusseldorf-museum-of-art-malmo-konsthall\\\/#primaryimage\"},\"image\":{\"@id\":\"https:\\\/\\\/malmokonsthall.se\\\/en\\\/utstallningar\\\/the-dusseldorf-museum-of-art-malmo-konsthall\\\/#primaryimage\"},\"thumbnailUrl\":\"https:\\\/\\\/malmokonsthall.se\\\/wp-content\\\/uploads\\\/2016\\\/07\\\/Kunstmuseum-Dusseldorf.jpg\",\"datePublished\":\"2016-07-19T07:57:36+00:00\",\"dateModified\":\"2025-05-19T14:35:46+00:00\",\"description\":\"Kunstmuseum D\u00fcsseldorf. Malm\u00f6 Konsthall, 1980. Photo: Malm\u00f6 Konsthall Kunstmuseum D\u00fcsseldorf visits Malm\u00f6 Konsthall 30.8 \u2013 2.11 1980 In the autumn of\",\"breadcrumb\":{\"@id\":\"https:\\\/\\\/malmokonsthall.se\\\/en\\\/utstallningar\\\/the-dusseldorf-museum-of-art-malmo-konsthall\\\/#breadcrumb\"},\"inLanguage\":\"en-US\",\"potentialAction\":[{\"@type\":\"ReadAction\",\"target\":[\"https:\\\/\\\/malmokonsthall.se\\\/en\\\/utstallningar\\\/the-dusseldorf-museum-of-art-malmo-konsthall\\\/\"]}]},{\"@type\":\"ImageObject\",\"inLanguage\":\"en-US\",\"@id\":\"https:\\\/\\\/malmokonsthall.se\\\/en\\\/utstallningar\\\/the-dusseldorf-museum-of-art-malmo-konsthall\\\/#primaryimage\",\"url\":\"https:\\\/\\\/malmokonsthall.se\\\/wp-content\\\/uploads\\\/2016\\\/07\\\/Kunstmuseum-Dusseldorf.jpg\",\"contentUrl\":\"https:\\\/\\\/malmokonsthall.se\\\/wp-content\\\/uploads\\\/2016\\\/07\\\/Kunstmuseum-Dusseldorf.jpg\",\"width\":3262,\"height\":2205,\"caption\":\"Kunstmuseum D\u00fcsseldorf. Malm\u00f6 Konsthall, 1980. Foto: Laszlo Bogardy\"},{\"@type\":\"BreadcrumbList\",\"@id\":\"https:\\\/\\\/malmokonsthall.se\\\/en\\\/utstallningar\\\/the-dusseldorf-museum-of-art-malmo-konsthall\\\/#breadcrumb\",\"itemListElement\":[{\"@type\":\"ListItem\",\"position\":1,\"name\":\"Hem\",\"item\":\"https:\\\/\\\/malmokonsthall.se\\\/en\\\/\"},{\"@type\":\"ListItem\",\"position\":2,\"name\":\"Kunstmuseum D\u00fcsseldorf visits Malm\u00f6 Konsthall\"}]},{\"@type\":\"WebSite\",\"@id\":\"https:\\\/\\\/malmokonsthall.se\\\/en\\\/#website\",\"url\":\"https:\\\/\\\/malmokonsthall.se\\\/en\\\/\",\"name\":\"Malm\u00f6 Konsthall\",\"description\":\"\",\"publisher\":{\"@id\":\"https:\\\/\\\/malmokonsthall.se\\\/en\\\/#organization\"},\"potentialAction\":[{\"@type\":\"SearchAction\",\"target\":{\"@type\":\"EntryPoint\",\"urlTemplate\":\"https:\\\/\\\/malmokonsthall.se\\\/en\\\/?s={search_term_string}\"},\"query-input\":{\"@type\":\"PropertyValueSpecification\",\"valueRequired\":true,\"valueName\":\"search_term_string\"}}],\"inLanguage\":\"en-US\"},{\"@type\":\"Organization\",\"@id\":\"https:\\\/\\\/malmokonsthall.se\\\/en\\\/#organization\",\"name\":\"Malm\u00f6 Konsthall\",\"url\":\"https:\\\/\\\/malmokonsthall.se\\\/en\\\/\",\"logo\":{\"@type\":\"ImageObject\",\"inLanguage\":\"en-US\",\"@id\":\"https:\\\/\\\/malmokonsthall.se\\\/en\\\/#\\\/schema\\\/logo\\\/image\\\/\",\"url\":\"https:\\\/\\\/malmokonsthall.se\\\/wp-content\\\/uploads\\\/2021\\\/09\\\/MK-logga-red.png\",\"contentUrl\":\"https:\\\/\\\/malmokonsthall.se\\\/wp-content\\\/uploads\\\/2021\\\/09\\\/MK-logga-red.png\",\"width\":672,\"height\":60,\"caption\":\"Malm\u00f6 Konsthall\"},\"image\":{\"@id\":\"https:\\\/\\\/malmokonsthall.se\\\/en\\\/#\\\/schema\\\/logo\\\/image\\\/\"}}]}<\/script>\n<!-- \/ Yoast SEO Premium plugin. -->","yoast_head_json":{"title":"Kunstmuseum D\u00fcsseldorf visits Malm\u00f6 Konsthall","description":"Kunstmuseum D\u00fcsseldorf. Malm\u00f6 Konsthall, 1980. Photo: Malm\u00f6 Konsthall Kunstmuseum D\u00fcsseldorf visits Malm\u00f6 Konsthall 30.8 \u2013 2.11 1980 In the autumn of","robots":{"index":"index","follow":"follow","max-snippet":"max-snippet:-1","max-image-preview":"max-image-preview:large","max-video-preview":"max-video-preview:-1"},"canonical":"https:\/\/malmokonsthall.se\/en\/utstallningar\/the-dusseldorf-museum-of-art-malmo-konsthall\/","og_locale":"en_US","og_type":"article","og_title":"Kunstmuseum D\u00fcsseldorf visits Malm\u00f6 Konsthall","og_description":"Kunstmuseum D\u00fcsseldorf. Malm\u00f6 Konsthall, 1980. Photo: Malm\u00f6 Konsthall Kunstmuseum D\u00fcsseldorf visits Malm\u00f6 Konsthall 30.8 \u2013 2.11 1980 In the autumn of","og_url":"https:\/\/malmokonsthall.se\/en\/utstallningar\/the-dusseldorf-museum-of-art-malmo-konsthall\/","og_site_name":"Malm\u00f6 Konsthall","article_modified_time":"2025-05-19T14:35:46+00:00","og_image":[{"width":3262,"height":2205,"url":"https:\/\/malmokonsthall.se\/wp-content\/uploads\/2016\/07\/Kunstmuseum-Dusseldorf.jpg","type":"image\/jpeg"}],"twitter_card":"summary_large_image","schema":{"@context":"https:\/\/schema.org","@graph":[{"@type":"WebPage","@id":"https:\/\/malmokonsthall.se\/en\/utstallningar\/the-dusseldorf-museum-of-art-malmo-konsthall\/","url":"https:\/\/malmokonsthall.se\/en\/utstallningar\/the-dusseldorf-museum-of-art-malmo-konsthall\/","name":"Kunstmuseum D\u00fcsseldorf visits Malm\u00f6 Konsthall","isPartOf":{"@id":"https:\/\/malmokonsthall.se\/en\/#website"},"primaryImageOfPage":{"@id":"https:\/\/malmokonsthall.se\/en\/utstallningar\/the-dusseldorf-museum-of-art-malmo-konsthall\/#primaryimage"},"image":{"@id":"https:\/\/malmokonsthall.se\/en\/utstallningar\/the-dusseldorf-museum-of-art-malmo-konsthall\/#primaryimage"},"thumbnailUrl":"https:\/\/malmokonsthall.se\/wp-content\/uploads\/2016\/07\/Kunstmuseum-Dusseldorf.jpg","datePublished":"2016-07-19T07:57:36+00:00","dateModified":"2025-05-19T14:35:46+00:00","description":"Kunstmuseum D\u00fcsseldorf. Malm\u00f6 Konsthall, 1980. Photo: Malm\u00f6 Konsthall Kunstmuseum D\u00fcsseldorf visits Malm\u00f6 Konsthall 30.8 \u2013 2.11 1980 In the autumn of","breadcrumb":{"@id":"https:\/\/malmokonsthall.se\/en\/utstallningar\/the-dusseldorf-museum-of-art-malmo-konsthall\/#breadcrumb"},"inLanguage":"en-US","potentialAction":[{"@type":"ReadAction","target":["https:\/\/malmokonsthall.se\/en\/utstallningar\/the-dusseldorf-museum-of-art-malmo-konsthall\/"]}]},{"@type":"ImageObject","inLanguage":"en-US","@id":"https:\/\/malmokonsthall.se\/en\/utstallningar\/the-dusseldorf-museum-of-art-malmo-konsthall\/#primaryimage","url":"https:\/\/malmokonsthall.se\/wp-content\/uploads\/2016\/07\/Kunstmuseum-Dusseldorf.jpg","contentUrl":"https:\/\/malmokonsthall.se\/wp-content\/uploads\/2016\/07\/Kunstmuseum-Dusseldorf.jpg","width":3262,"height":2205,"caption":"Kunstmuseum D\u00fcsseldorf. Malm\u00f6 Konsthall, 1980. Foto: Laszlo Bogardy"},{"@type":"BreadcrumbList","@id":"https:\/\/malmokonsthall.se\/en\/utstallningar\/the-dusseldorf-museum-of-art-malmo-konsthall\/#breadcrumb","itemListElement":[{"@type":"ListItem","position":1,"name":"Hem","item":"https:\/\/malmokonsthall.se\/en\/"},{"@type":"ListItem","position":2,"name":"Kunstmuseum D\u00fcsseldorf visits Malm\u00f6 Konsthall"}]},{"@type":"WebSite","@id":"https:\/\/malmokonsthall.se\/en\/#website","url":"https:\/\/malmokonsthall.se\/en\/","name":"Malm\u00f6 Konsthall","description":"","publisher":{"@id":"https:\/\/malmokonsthall.se\/en\/#organization"},"potentialAction":[{"@type":"SearchAction","target":{"@type":"EntryPoint","urlTemplate":"https:\/\/malmokonsthall.se\/en\/?s={search_term_string}"},"query-input":{"@type":"PropertyValueSpecification","valueRequired":true,"valueName":"search_term_string"}}],"inLanguage":"en-US"},{"@type":"Organization","@id":"https:\/\/malmokonsthall.se\/en\/#organization","name":"Malm\u00f6 Konsthall","url":"https:\/\/malmokonsthall.se\/en\/","logo":{"@type":"ImageObject","inLanguage":"en-US","@id":"https:\/\/malmokonsthall.se\/en\/#\/schema\/logo\/image\/","url":"https:\/\/malmokonsthall.se\/wp-content\/uploads\/2021\/09\/MK-logga-red.png","contentUrl":"https:\/\/malmokonsthall.se\/wp-content\/uploads\/2021\/09\/MK-logga-red.png","width":672,"height":60,"caption":"Malm\u00f6 Konsthall"},"image":{"@id":"https:\/\/malmokonsthall.se\/en\/#\/schema\/logo\/image\/"}}]}},"_links":{"self":[{"href":"https:\/\/malmokonsthall.se\/en\/wp-json\/wp\/v2\/utstallningar\/3278","targetHints":{"allow":["GET"]}}],"collection":[{"href":"https:\/\/malmokonsthall.se\/en\/wp-json\/wp\/v2\/utstallningar"}],"about":[{"href":"https:\/\/malmokonsthall.se\/en\/wp-json\/wp\/v2\/types\/utstallningar"}],"version-history":[{"count":1,"href":"https:\/\/malmokonsthall.se\/en\/wp-json\/wp\/v2\/utstallningar\/3278\/revisions"}],"predecessor-version":[{"id":40105,"href":"https:\/\/malmokonsthall.se\/en\/wp-json\/wp\/v2\/utstallningar\/3278\/revisions\/40105"}],"wp:featuredmedia":[{"embeddable":true,"href":"https:\/\/malmokonsthall.se\/en\/wp-json\/wp\/v2\/media\/39708"}],"wp:attachment":[{"href":"https:\/\/malmokonsthall.se\/en\/wp-json\/wp\/v2\/media?parent=3278"}],"curies":[{"name":"wp","href":"https:\/\/api.w.org\/{rel}","templated":true}]}}