{"id":3111,"date":"2019-10-03T16:39:30","date_gmt":"2019-10-03T14:39:30","guid":{"rendered":"https:\/\/malmokonsthall.se\/utstallningar\/svsamizdat\/"},"modified":"2023-11-08T12:07:57","modified_gmt":"2023-11-08T11:07:57","slug":"svsamizdat","status":"publish","type":"utstallningar","link":"https:\/\/malmokonsthall.se\/en\/utstallningar\/svsamizdat\/","title":{"rendered":"Samizdat"},"content":{"rendered":"  <nav aria-label=\"Breadcrumb navigation\" class=\"breadcrumbs\" typeof=\"BreadcrumbList\" vocab=\"https:\/\/schema.org\/\">\n      <ol>\n          <li class=\"home\"><span property=\"itemListElement\" typeof=\"ListItem\"><a property=\"item\" typeof=\"WebPage\" title=\"G\u00e5 till Startsidan\" href=\"https:\/\/malmokonsthall.se\/en\/\" class=\"home\" aria-current=\"page\"><span property=\"name\">Start<\/span><\/a><\/span><\/li>\n\n      <\/ol>\n  <\/nav>\n\n<figure class=\"wp-block-image size-full is-style-Margin-right is-style-margin-right\"><img loading=\"lazy\" decoding=\"async\" width=\"589\" height=\"420\" src=\"https:\/\/malmokonsthall.se\/wp-content\/uploads\/2019\/10\/Samizdat_Libri_Prohibiti-13-e1639489649109.jpg\" alt=\"Graphic image of letters in black, gray, and white.\" class=\"wp-image-10598\" srcset=\"https:\/\/malmokonsthall.se\/wp-content\/uploads\/2019\/10\/Samizdat_Libri_Prohibiti-13-e1639489649109.jpg 589w, https:\/\/malmokonsthall.se\/wp-content\/uploads\/2019\/10\/Samizdat_Libri_Prohibiti-13-e1639489649109-300x214.jpg 300w\" sizes=\"auto, (max-width: 589px) 100vw, 589px\" \/><figcaption class=\"wp-element-caption\">Close-up image of a book cover from one of the exhibition&#8217;s books. Photo unknown.<\/figcaption><\/figure>\n\n<div class=\"wp-block-group is-style-page-margin\"><div class=\"wp-block-group__inner-container is-layout-flow wp-block-group-is-layout-flow\">\n\n\n\n<h1 class=\"wp-block-heading is-style-heading-article\" id=\"h-samizdat\">Samizdat<\/h1>\n\n\n\n<h2 class=\"wp-block-heading\" id=\"h-6-11-nbsp-8-12-2019\">6.11 \u2013\u00a08.12 2019<\/h2>\n\n\n\n<div class=\"wp-block-columns is-style-information-column is-layout-flex wp-container-core-columns-is-layout-9d6595d7 wp-block-columns-is-layout-flex\">\n<div class=\"wp-block-column is-layout-flow wp-block-column-is-layout-flow\" style=\"flex-basis:50%\">\n<p>This autumn marks 30 years since the rattling of keys echoed across Wenceslas Square in Prague during the Velvet Revolution. The new era in Czechoslovakia would be led by the intellectual voices, with playwright V\u00e1clav Havel leading the Civic Forum at the Laterna Magica theater and eventually becoming the country&#8217;s new president. However, during the communist era, writers like Ivan Kl\u00edma, Milan Kundera, Jaroslav Seifert, Franz Kafka, Bohumil Hrabal, and, for that matter, Astrid Lindgren, were banned from being published. Now Malm\u00f6 Konsthall shows an exhibition featuring samizdat books, smuggled books from exile publishers.<\/p>\n\n\n\n<h3 class=\"wp-block-heading is-style-body-heading\" id=\"h-forbjuden-litteratur\">Forbidden literature<\/h3>\n\n\n\n<p>Nevertheless, the forbidden literature managed to depict life under oppression, its machinery, and the hopelessness of not being able to express oneself &#8211; or to find ways to do so. One way was by publishing the books in samizdat. Books that were written on carbon paper on a typewriter and then passed from hand to hand. For four decades, this was the publishing format, starting with religious texts and Catholic poems, evolving into political tracts, Havel&#8217;s plays, J\u00e1chym Topol&#8217;s poems, Josef \u0160kvoreck\u00fd&#8217;s novels, &#8220;Br\u00f6derna Lejonhj\u00e4rta,&#8221; 1984, and literary classics.<\/p>\n\n\n\n<h3 class=\"wp-block-heading is-style-body-heading\" id=\"h-bocker-som-ansags-hota-makten\">Books that were considered a threat to the regime<\/h3>\n\n\n\n<p>In collaboration with the samizdat library Libri Prohibiti in Prague, Malm\u00f6 Konsthall and the City Library are organizing an exhibition featuring samizdat books, smuggled books from exile publishers, and production materials from a time in our recent history when books were a constant threat to the authorities. This serves as a reminder that the freedom of speech should never be taken for granted.<\/p>\n\n\n\n<p class=\"is-style-body-text\">The exhibition is presented in conjunction with Michael Rakowitz&#8217;s exhibition &#8220;The Invisible Enemy Should Not Exist (Room G)&#8221;.<\/p>\n\n\n\n<p class=\"is-style-body-text\"><\/p>\n\n\n\n<p><\/p>\n\n\n\n<p><\/p>\n<\/div>\n\n\n\n<div class=\"wp-block-column is-style-information-column is-layout-flow wp-block-column-is-layout-flow\" style=\"flex-basis:33%\">\n<div class=\"wp-block-group\"><div class=\"wp-block-group__inner-container is-layout-flow wp-block-group-is-layout-flow\">\n<div class=\"wp-block-malmo-konsthall-accordion block-accordion-container active\"><button class=\"block-accordion\" type=\"button\" onclick=\"handleAccordianClick(this)\" aria-controls=\"accordion_content_90ca8d30-bc7d-44e6-9da9-3ba04fed17c3\" aria-expanded=\"false\" id=\"accordion_content-container_90ca8d30-bc7d-44e6-9da9-3ba04fed17c3\" tabindex=\"0\"><span class=\"accordion__title\">Collaborative partners<\/span><svg width=\"14\" height=\"14\" viewBox=\"0 0 14 14\" fill=\"none\" xmlns=\"http:\/\/www.w3.org\/2000\/svg\" class=\"accordion__icon acc_plus\"><path d=\"M14 8H8H6H0V6H6H8H14V8Z\" fill=\"black\" class=\"stroke\"><\/path><path d=\"M6 14L6 8L6 6L6 -8.74228e-08L8 0L8 6L8 8L8 14L6 14Z\" fill=\"black\" class=\"stroke-minus\"><\/path><\/svg><\/button><div class=\"accordion__content\" role=\"region\" id=\"accordion_content_90ca8d30-bc7d-44e6-9da9-3ba04fed17c3\" tabindex=\"0\" aria-labelledby=\"accordion_content-container_90ca8d30-bc7d-44e6-9da9-3ba04fed17c3\"><div class=\"accordion__text\">\n<p>In collaboration with the city library in Malm\u00f6, the Czech Embassy in Stockholm and Czech Literary Centre in Prag.<\/p>\n<\/div><\/div><\/div>\n\n\n\n<div class=\"wp-block-malmo-konsthall-accordion block-accordion-container active\"><button class=\"block-accordion\" type=\"button\" onclick=\"handleAccordianClick(this)\" aria-controls=\"accordion_content_90ca8d30-bc7d-44e6-9da9-3ba04fed17c3\" aria-expanded=\"false\" id=\"accordion_content-container_90ca8d30-bc7d-44e6-9da9-3ba04fed17c3\" tabindex=\"0\"><span class=\"accordion__title\">Related lectures<\/span><svg width=\"14\" height=\"14\" viewBox=\"0 0 14 14\" fill=\"none\" xmlns=\"http:\/\/www.w3.org\/2000\/svg\" class=\"accordion__icon acc_plus\"><path d=\"M14 8H8H6H0V6H6H8H14V8Z\" fill=\"black\" class=\"stroke\"><\/path><path d=\"M6 14L6 8L6 6L6 -8.74228e-08L8 0L8 6L8 8L8 14L6 14Z\" fill=\"black\" class=\"stroke-minus\"><\/path><\/svg><\/button><div class=\"accordion__content\" role=\"region\" id=\"accordion_content_90ca8d30-bc7d-44e6-9da9-3ba04fed17c3\" tabindex=\"0\" aria-labelledby=\"accordion_content-container_90ca8d30-bc7d-44e6-9da9-3ba04fed17c3\"><div class=\"accordion__text\">\n<p class=\"is-style-default\">The exhibition is followed by a lecture titled &#8220;Samizdat &#8211; When the Free Word Passes from Hand to Hand&#8221;, by Martin Machovec, editor, literary critic, and translator. Machovec was active as a samizdat publisher in communist Czechoslovakia.<\/p>\n\n\n\n<p class=\"is-style-default\">In collaboration with Stadsbiblioteket and ABF Malm\u00f6.<\/p>\n<\/div><\/div><\/div>\n<\/div><\/div>\n<\/div>\n<\/div>\n<\/div><\/div>\n\n<div class=\"wp-block-group\"><div class=\"wp-block-group__inner-container is-layout-flow wp-block-group-is-layout-flow\">\n<div class=\"wp-block-columns is-style-right-image-columns is-layout-flex wp-container-core-columns-is-layout-9d6595d7 wp-block-columns-is-layout-flex\">\n<div class=\"wp-block-column is-layout-flow wp-block-column-is-layout-flow\"><\/div>\n\n\n\n<div class=\"wp-block-column is-layout-flow wp-block-column-is-layout-flow\"><\/div>\n<\/div>\n\n\n\n<div class=\"wp-block-columns is-style-left-image-columns is-layout-flex wp-container-core-columns-is-layout-9d6595d7 wp-block-columns-is-layout-flex\">\n<div class=\"wp-block-column is-layout-flow wp-block-column-is-layout-flow\" style=\"flex-basis:33.33%\"><\/div>\n\n\n\n<div class=\"wp-block-column is-layout-flow wp-block-column-is-layout-flow\" style=\"flex-basis:66.66%\"><\/div>\n<\/div>\n<\/div><\/div>\n","protected":false},"excerpt":{"rendered":"<p>Samizdat 6.11 \u2013\u00a08.12 2019 This autumn marks 30 years since the rattling of keys echoed across Wenceslas Square in Prague during the Velvet Revolution. The&#8230;<\/p>\n","protected":false},"featured_media":10599,"menu_order":10,"template":"","format":"standard","class_list":["post-3111","utstallningar","type-utstallningar","status-publish","format-standard","has-post-thumbnail","hentry"],"acf":[],"yoast_head":"<!-- This site is optimized with the Yoast SEO Premium plugin v23.3 (Yoast SEO v27.4) - https:\/\/yoast.com\/product\/yoast-seo-premium-wordpress\/ -->\n<title>Samizdat<\/title>\n<meta name=\"description\" content=\"Close-up image of a book cover from one of the exhibition&#039;s books. Photo unknown. Samizdat 6.11 \u2013\u00a08.12 2019 This autumn marks 30 years since the rattling\" \/>\n<meta name=\"robots\" content=\"index, follow, max-snippet:-1, max-image-preview:large, max-video-preview:-1\" \/>\n<link rel=\"canonical\" href=\"https:\/\/malmokonsthall.se\/en\/utstallningar\/svsamizdat\/\" \/>\n<meta property=\"og:locale\" content=\"en_US\" \/>\n<meta property=\"og:type\" content=\"article\" \/>\n<meta property=\"og:title\" content=\"Samizdat\" \/>\n<meta property=\"og:description\" content=\"Close-up image of a book cover from one of the exhibition&#039;s books. Photo unknown. Samizdat 6.11 \u2013\u00a08.12 2019 This autumn marks 30 years since the rattling\" \/>\n<meta property=\"og:url\" content=\"https:\/\/malmokonsthall.se\/en\/utstallningar\/svsamizdat\/\" \/>\n<meta property=\"og:site_name\" content=\"Malm\u00f6 Konsthall\" \/>\n<meta property=\"article:modified_time\" content=\"2023-11-08T11:07:57+00:00\" \/>\n<meta property=\"og:image\" content=\"https:\/\/malmokonsthall.se\/wp-content\/uploads\/2019\/10\/Samizdat_Libri_Prohibiti-13-e1639489649109.jpg\" \/>\n\t<meta property=\"og:image:width\" content=\"420\" \/>\n\t<meta property=\"og:image:height\" content=\"589\" \/>\n\t<meta property=\"og:image:type\" content=\"image\/jpeg\" \/>\n<meta name=\"twitter:card\" content=\"summary_large_image\" \/>\n<script type=\"application\/ld+json\" class=\"yoast-schema-graph\">{\"@context\":\"https:\\\/\\\/schema.org\",\"@graph\":[{\"@type\":\"WebPage\",\"@id\":\"https:\\\/\\\/malmokonsthall.se\\\/en\\\/utstallningar\\\/svsamizdat\\\/\",\"url\":\"https:\\\/\\\/malmokonsthall.se\\\/en\\\/utstallningar\\\/svsamizdat\\\/\",\"name\":\"Samizdat\",\"isPartOf\":{\"@id\":\"https:\\\/\\\/malmokonsthall.se\\\/en\\\/#website\"},\"primaryImageOfPage\":{\"@id\":\"https:\\\/\\\/malmokonsthall.se\\\/en\\\/utstallningar\\\/svsamizdat\\\/#primaryimage\"},\"image\":{\"@id\":\"https:\\\/\\\/malmokonsthall.se\\\/en\\\/utstallningar\\\/svsamizdat\\\/#primaryimage\"},\"thumbnailUrl\":\"https:\\\/\\\/malmokonsthall.se\\\/wp-content\\\/uploads\\\/2019\\\/10\\\/Samizdat_Libri_Prohibiti-13-e1639489649109.jpg\",\"datePublished\":\"2019-10-03T14:39:30+00:00\",\"dateModified\":\"2023-11-08T11:07:57+00:00\",\"description\":\"Close-up image of a book cover from one of the exhibition's books. Photo unknown. Samizdat 6.11 \u2013\u00a08.12 2019 This autumn marks 30 years since the rattling\",\"breadcrumb\":{\"@id\":\"https:\\\/\\\/malmokonsthall.se\\\/en\\\/utstallningar\\\/svsamizdat\\\/#breadcrumb\"},\"inLanguage\":\"en-US\",\"potentialAction\":[{\"@type\":\"ReadAction\",\"target\":[\"https:\\\/\\\/malmokonsthall.se\\\/en\\\/utstallningar\\\/svsamizdat\\\/\"]}]},{\"@type\":\"ImageObject\",\"inLanguage\":\"en-US\",\"@id\":\"https:\\\/\\\/malmokonsthall.se\\\/en\\\/utstallningar\\\/svsamizdat\\\/#primaryimage\",\"url\":\"https:\\\/\\\/malmokonsthall.se\\\/wp-content\\\/uploads\\\/2019\\\/10\\\/Samizdat_Libri_Prohibiti-13-e1639489649109.jpg\",\"contentUrl\":\"https:\\\/\\\/malmokonsthall.se\\\/wp-content\\\/uploads\\\/2019\\\/10\\\/Samizdat_Libri_Prohibiti-13-e1639489649109.jpg\",\"width\":420,\"height\":589,\"caption\":\"A graphic image of letters in black, grey, and white.\"},{\"@type\":\"BreadcrumbList\",\"@id\":\"https:\\\/\\\/malmokonsthall.se\\\/en\\\/utstallningar\\\/svsamizdat\\\/#breadcrumb\",\"itemListElement\":[{\"@type\":\"ListItem\",\"position\":1,\"name\":\"Hem\",\"item\":\"https:\\\/\\\/malmokonsthall.se\\\/en\\\/\"},{\"@type\":\"ListItem\",\"position\":2,\"name\":\"Samizdat\"}]},{\"@type\":\"WebSite\",\"@id\":\"https:\\\/\\\/malmokonsthall.se\\\/en\\\/#website\",\"url\":\"https:\\\/\\\/malmokonsthall.se\\\/en\\\/\",\"name\":\"Malm\u00f6 Konsthall\",\"description\":\"\",\"publisher\":{\"@id\":\"https:\\\/\\\/malmokonsthall.se\\\/en\\\/#organization\"},\"potentialAction\":[{\"@type\":\"SearchAction\",\"target\":{\"@type\":\"EntryPoint\",\"urlTemplate\":\"https:\\\/\\\/malmokonsthall.se\\\/en\\\/?s={search_term_string}\"},\"query-input\":{\"@type\":\"PropertyValueSpecification\",\"valueRequired\":true,\"valueName\":\"search_term_string\"}}],\"inLanguage\":\"en-US\"},{\"@type\":\"Organization\",\"@id\":\"https:\\\/\\\/malmokonsthall.se\\\/en\\\/#organization\",\"name\":\"Malm\u00f6 Konsthall\",\"url\":\"https:\\\/\\\/malmokonsthall.se\\\/en\\\/\",\"logo\":{\"@type\":\"ImageObject\",\"inLanguage\":\"en-US\",\"@id\":\"https:\\\/\\\/malmokonsthall.se\\\/en\\\/#\\\/schema\\\/logo\\\/image\\\/\",\"url\":\"https:\\\/\\\/malmokonsthall.se\\\/wp-content\\\/uploads\\\/2021\\\/09\\\/MK-logga-red.png\",\"contentUrl\":\"https:\\\/\\\/malmokonsthall.se\\\/wp-content\\\/uploads\\\/2021\\\/09\\\/MK-logga-red.png\",\"width\":672,\"height\":60,\"caption\":\"Malm\u00f6 Konsthall\"},\"image\":{\"@id\":\"https:\\\/\\\/malmokonsthall.se\\\/en\\\/#\\\/schema\\\/logo\\\/image\\\/\"}}]}<\/script>\n<!-- \/ Yoast SEO Premium plugin. -->","yoast_head_json":{"title":"Samizdat","description":"Close-up image of a book cover from one of the exhibition's books. Photo unknown. Samizdat 6.11 \u2013\u00a08.12 2019 This autumn marks 30 years since the rattling","robots":{"index":"index","follow":"follow","max-snippet":"max-snippet:-1","max-image-preview":"max-image-preview:large","max-video-preview":"max-video-preview:-1"},"canonical":"https:\/\/malmokonsthall.se\/en\/utstallningar\/svsamizdat\/","og_locale":"en_US","og_type":"article","og_title":"Samizdat","og_description":"Close-up image of a book cover from one of the exhibition's books. Photo unknown. Samizdat 6.11 \u2013\u00a08.12 2019 This autumn marks 30 years since the rattling","og_url":"https:\/\/malmokonsthall.se\/en\/utstallningar\/svsamizdat\/","og_site_name":"Malm\u00f6 Konsthall","article_modified_time":"2023-11-08T11:07:57+00:00","og_image":[{"width":420,"height":589,"url":"https:\/\/malmokonsthall.se\/wp-content\/uploads\/2019\/10\/Samizdat_Libri_Prohibiti-13-e1639489649109.jpg","type":"image\/jpeg"}],"twitter_card":"summary_large_image","schema":{"@context":"https:\/\/schema.org","@graph":[{"@type":"WebPage","@id":"https:\/\/malmokonsthall.se\/en\/utstallningar\/svsamizdat\/","url":"https:\/\/malmokonsthall.se\/en\/utstallningar\/svsamizdat\/","name":"Samizdat","isPartOf":{"@id":"https:\/\/malmokonsthall.se\/en\/#website"},"primaryImageOfPage":{"@id":"https:\/\/malmokonsthall.se\/en\/utstallningar\/svsamizdat\/#primaryimage"},"image":{"@id":"https:\/\/malmokonsthall.se\/en\/utstallningar\/svsamizdat\/#primaryimage"},"thumbnailUrl":"https:\/\/malmokonsthall.se\/wp-content\/uploads\/2019\/10\/Samizdat_Libri_Prohibiti-13-e1639489649109.jpg","datePublished":"2019-10-03T14:39:30+00:00","dateModified":"2023-11-08T11:07:57+00:00","description":"Close-up image of a book cover from one of the exhibition's books. Photo unknown. Samizdat 6.11 \u2013\u00a08.12 2019 This autumn marks 30 years since the rattling","breadcrumb":{"@id":"https:\/\/malmokonsthall.se\/en\/utstallningar\/svsamizdat\/#breadcrumb"},"inLanguage":"en-US","potentialAction":[{"@type":"ReadAction","target":["https:\/\/malmokonsthall.se\/en\/utstallningar\/svsamizdat\/"]}]},{"@type":"ImageObject","inLanguage":"en-US","@id":"https:\/\/malmokonsthall.se\/en\/utstallningar\/svsamizdat\/#primaryimage","url":"https:\/\/malmokonsthall.se\/wp-content\/uploads\/2019\/10\/Samizdat_Libri_Prohibiti-13-e1639489649109.jpg","contentUrl":"https:\/\/malmokonsthall.se\/wp-content\/uploads\/2019\/10\/Samizdat_Libri_Prohibiti-13-e1639489649109.jpg","width":420,"height":589,"caption":"A graphic image of letters in black, grey, and white."},{"@type":"BreadcrumbList","@id":"https:\/\/malmokonsthall.se\/en\/utstallningar\/svsamizdat\/#breadcrumb","itemListElement":[{"@type":"ListItem","position":1,"name":"Hem","item":"https:\/\/malmokonsthall.se\/en\/"},{"@type":"ListItem","position":2,"name":"Samizdat"}]},{"@type":"WebSite","@id":"https:\/\/malmokonsthall.se\/en\/#website","url":"https:\/\/malmokonsthall.se\/en\/","name":"Malm\u00f6 Konsthall","description":"","publisher":{"@id":"https:\/\/malmokonsthall.se\/en\/#organization"},"potentialAction":[{"@type":"SearchAction","target":{"@type":"EntryPoint","urlTemplate":"https:\/\/malmokonsthall.se\/en\/?s={search_term_string}"},"query-input":{"@type":"PropertyValueSpecification","valueRequired":true,"valueName":"search_term_string"}}],"inLanguage":"en-US"},{"@type":"Organization","@id":"https:\/\/malmokonsthall.se\/en\/#organization","name":"Malm\u00f6 Konsthall","url":"https:\/\/malmokonsthall.se\/en\/","logo":{"@type":"ImageObject","inLanguage":"en-US","@id":"https:\/\/malmokonsthall.se\/en\/#\/schema\/logo\/image\/","url":"https:\/\/malmokonsthall.se\/wp-content\/uploads\/2021\/09\/MK-logga-red.png","contentUrl":"https:\/\/malmokonsthall.se\/wp-content\/uploads\/2021\/09\/MK-logga-red.png","width":672,"height":60,"caption":"Malm\u00f6 Konsthall"},"image":{"@id":"https:\/\/malmokonsthall.se\/en\/#\/schema\/logo\/image\/"}}]}},"_links":{"self":[{"href":"https:\/\/malmokonsthall.se\/en\/wp-json\/wp\/v2\/utstallningar\/3111","targetHints":{"allow":["GET"]}}],"collection":[{"href":"https:\/\/malmokonsthall.se\/en\/wp-json\/wp\/v2\/utstallningar"}],"about":[{"href":"https:\/\/malmokonsthall.se\/en\/wp-json\/wp\/v2\/types\/utstallningar"}],"version-history":[{"count":0,"href":"https:\/\/malmokonsthall.se\/en\/wp-json\/wp\/v2\/utstallningar\/3111\/revisions"}],"wp:featuredmedia":[{"embeddable":true,"href":"https:\/\/malmokonsthall.se\/en\/wp-json\/wp\/v2\/media\/10599"}],"wp:attachment":[{"href":"https:\/\/malmokonsthall.se\/en\/wp-json\/wp\/v2\/media?parent=3111"}],"curies":[{"name":"wp","href":"https:\/\/api.w.org\/{rel}","templated":true}]}}