{"id":3109,"date":"2019-11-28T15:06:32","date_gmt":"2019-11-28T14:06:32","guid":{"rendered":"https:\/\/malmokonsthall.se\/utstallningar\/sun-sea\/"},"modified":"2019-11-28T15:06:32","modified_gmt":"2019-11-28T14:06:32","slug":"sun-sea","status":"publish","type":"utstallningar","link":"https:\/\/malmokonsthall.se\/en\/utstallningar\/sun-sea\/","title":{"rendered":"Sun &#038; Sea"},"content":{"rendered":"<p class=\"p1\"><span class=\"s1\">Imagine a beach \u2013 you within it, or better: watching from above \u2013 the burning sun, sunscreen, bright bathing suits, sweaty palms and legs. Tired limbs sprawled lazily across a mosaic of towels. Imagine the occasional squeal of children, laughter, the sound of an ice cream van in the distance. The musical rhythm of waves on the surf, a soothing sound (on this particular beach, not elsewhere). The crinkling of plastic bags whirling in the air. Their silent floating, jellyfish-like, below the waterline. The rumble of a volcano, or of an airplane, or a speedboat. Then a chorus of songs: everyday songs, songs of worry and of boredom, songs of almost nothing. <\/span><\/p>\n<p class=\"p1\"><span class=\"s1\">An ecological work at its very core, <em>Sun &amp; Sea<\/em> takes place on an artificial beach composed through light, architecture and music. In the heat of the midday sun, vacationers sings their stories, unfold their thoughts. As these multiply, everyday micro-events slowly give rise to broader, more distributed anxieties on planetary-scale, anthropogenic climate change. The setting \u2013 a crowded beach in summer \u2013 paints an image of laziness and lightness. In this context, the message follows suit: contemporary crises unfold easily, softly \u2013 like a pop song on the very last day on Earth.<\/span><\/p>\n<p class=\"p1\"><span class=\"s1\"><em>Sun &amp; Sea<\/em> is a critically acclaimed Lithuanian opera-performance created by\u00a0Rugil\u0117 Barzd\u017eiukait\u0117, Vaiva Grainyt\u0117 and Lina Lapelyt\u0117. The Curator of the project is Lucia Pietroiusti, Curator of General Ecology, Serpentine Gallery, London. <em>Sun &amp; Sea<\/em> was awarded with the Golden Lion for best contribution at the Venice Biennale 2019. The premiere at Malm\u00f6 Konsthall is set for the 2nd of November 2021 and the work will be shown at Malm\u00f6 Konsthall from the 2nd to the 14th of November\u00a0 (postponed from Spring 2020 due to the spread of the coronavirus).\u00a0<em>Sun &amp; Sea<\/em> is a live installation without beginning or end. Each performance runs for four hours where the audience can come and leave as they please. <\/span><\/p>\n<p class=\"p1\"><span class=\"s1\">Malm\u00f6 Konsthall will be the first art institution to show the work in Sweden, after its international success.\u00a0<\/span><span class=\"s1\">The performance at Malm\u00f6 Konsthall is part of a Nordic tour. At each location, local performers together with amateur singers will be recruited to join the original ensemble, which means that the performance is shaped by the place where it is displayed.<\/span><\/p>\n<p><span style=\"font-weight: 400;\">Of <em>Sun &amp; Se<\/em>a, the artists have written:\u00a0<\/span><\/p>\n<p><em><span style=\"font-weight: 400;\">Sun and Sea started from the quirky image: vacationers are lying on sandy beach and singing, their half-naked bodies observed from above, from the sun\u2019s perspective, as if humankind were insects. It took 4 years or so after that, until the exposed fragility of human bodies allowed us to find a parallel with the temporality of the colossal body \u2013 the body of the Earth. Even though we realized the piece would somehow tackle the topic of climate change, we were hesitant how such a big and pressing subject could be approached in a subtle and non alarmingly didactic way. The libretto of the piece is set as a mosaic of stories, inner monologues, dreams and thoughts, sung in solos and as a chorus by the beachgoers. This \u2018soup\u2019 of stories might sound like a mundane and carefree buzz, however, in this both liturgical, poppy and synthetic ocean of songs one can feel an impending threat. The picture of enjoyable holidays belies the consequences of this inertia \u2013 planetary resources being extracted as if sipping fizzy Pi\u00f1a Colada.\u00a0<\/span><\/em><\/p>\n<p>Project partner: The\u00a0Libraries\u00a0of Malm\u00f6 (Biblioteken i Malm\u00f6). With support from: The\u00a0Sweden-Lithuania Cooperation Fund, Swedish Arts Council, Nordic Culture Fund, The Society for the Preservation of Cultural Heritage and Green Parks in Malm\u00f6 (Plantan), the Culture Department of Malm\u00f6 and the Environment Department of Malm\u00f6. We also want to thank the Embassy of the Republic of Lithuania.<\/p>\n<p><strong>Bookings<\/strong><\/p>\n<p>Drop in \/ no bookings in advance. If the restrictions for Covid-19 require a different solution, we will inform about this here, in our social media and in our newsletter in September.<\/p>\n<p>&nbsp;<\/p>\n<p><span style=\"color: #808080;\"><em>Sun &amp; Sea<\/em><\/span><br \/>\n<span style=\"color: #808080;\">An opera-performance by Rugil\u0117 Barzd\u017eiukait\u0117, Vaiva Grainyt\u0117 and Lina Lapelyt\u0117<\/span><\/p>\n<p><span style=\"color: #808080;\">Concept and development: Rugil\u0117 Barzd\u017eiukait\u0117, Vaiva Grainyt\u0117 and Lina Lapelyt\u0117<\/span><br \/>\n<span style=\"color: #808080;\">Director and Set Designer: Rugil\u0117 Barzd\u017eiukait\u0117<\/span><br \/>\n<span style=\"color: #808080;\">Librettist: Vaiva Grainyt\u0117<\/span><br \/>\n<span style=\"color: #808080;\">Composer and Music Director: Lina Lapelyt\u0117<\/span><br \/>\n<span style=\"color: #808080;\">Curator: Lucia Pietroiusti<\/span><br \/>\n<span style=\"color: #808080;\">Tour Coordinator \/ Stage Manager: Erika Urbelevi\u010d<br \/>\nProducer:\u00a0Au\u0161ra Simanavi\u010di\u016bt\u0117<\/span><\/p>\n<p><span style=\"color: #808080;\">Performed by: Svetlana Bagdonait\u0117, Egl\u0117 Pa\u0161kevi\u010dien\u0117, Marco Cisco, Lucas Lopes Pereira, Art\u016bras Miknaitis, Kalliopi Petrou, Nabila Dandara Vieira Santos, Ieva Skorubskait\u0117, Yates Norton, Elisabetta Trevenzuoli, Annapaola Trevenzuoli, Jonas Statkevi\u010dius, Vincentas Korba, Jeronimas Petraitis, Juozas Petraitis, Pranas Petraitis.<\/span><\/p>\n<p><span style=\"color: #808080;\">Sound Engineer: Tautvydas Navikas<\/span><br \/>\n<span style=\"color: #808080;\">Producer: TBC [not yet appointed]<\/span><\/p>\n<p><span style=\"color: #808080;\">Founding Producers: Neon Realism<\/span><br \/>\n<span style=\"color: #808080;\">Co-Producers: Akademie Schloss Solitude; Goethe-Institut; JCDecaux; M\u00fcnchner Kammerspiele; National Gallery of Art, Vilnius; Nida Art Colony of Vilnius Academy of Arts; Staatsschauspiel Dresden; The Momentary, Arkansas.<\/span><\/p>\n<p><span style=\"color: #808080;\">Commissioner (<em>Sun &amp; Sea (Marina)<\/em>, Venice, 2019): Rasa Antanaviciute<\/span><\/p>\n<p><span style=\"color: #808080;\">Founding Patrons (<em>Sun &amp; Sea (Marina)<\/em>, Venice, 2019): Lithuanian Council for Culture; Ministry of Culture of the Republic of Lithuania; Laurenz Foundation, Basel; Vilnius City Municipality.<\/span><\/p>\n<p>&nbsp;<\/p>\n<p><a href=\"https:\/\/malmokonsthall.se\/wp-content\/uploads\/2019\/11\/logos_sunsea-1.jpg\"><img loading=\"lazy\" decoding=\"async\" class=\"aligncenter wp-image-5187 \" src=\"https:\/\/malmokonsthall.se\/wp-content\/uploads\/2019\/11\/logos_sunsea-1-1024x240.jpg\" alt=\"\" width=\"462\" height=\"108\" \/><\/a><\/p>\n<p>&nbsp;<\/p>\n<p><a href=\"https:\/\/malmokonsthall.se\/sunsea-marina-pressbilder\/\">Pressbilder<\/a><\/p>\n<p>&nbsp;<\/p>\n<p><em>Image: Sun&amp;Sea (Marina), opera-performance\u00a0by Rugil\u0117 Barzd\u017eiukait\u0117, Vaiva Grainyt\u0117 and Lina Lapelyt\u0117 at Biennale Arte 2019 Venice. \u00a9 Andrej Vasilenko<\/em><\/p>\n","protected":false},"excerpt":{"rendered":"<p>Imagine a beach \u2013 you within it, or better: watching from above \u2013 the burning sun, sunscreen, bright bathing suits, sweaty palms and legs. Tired&#8230;<\/p>\n","protected":false},"featured_media":2481,"menu_order":10,"template":"old-editor-page.php","format":"standard","class_list":["post-3109","utstallningar","type-utstallningar","status-publish","format-standard","has-post-thumbnail","hentry"],"acf":[],"yoast_head":"<!-- This site is optimized with the Yoast SEO Premium plugin v23.3 (Yoast SEO v27.4) - https:\/\/yoast.com\/product\/yoast-seo-premium-wordpress\/ -->\n<title>Sun &amp; Sea<\/title>\n<meta name=\"description\" content=\"Imagine a beach \u2013 you within it, or better: watching from above \u2013 the burning sun, sunscreen, bright bathing suits, sweaty palms and legs. Tired limbs\" \/>\n<meta name=\"robots\" content=\"index, follow, max-snippet:-1, max-image-preview:large, max-video-preview:-1\" \/>\n<link rel=\"canonical\" href=\"https:\/\/malmokonsthall.se\/en\/utstallningar\/sun-sea\/\" \/>\n<meta property=\"og:locale\" content=\"en_US\" \/>\n<meta property=\"og:type\" content=\"article\" \/>\n<meta property=\"og:title\" content=\"Sun &amp; Sea\" \/>\n<meta property=\"og:description\" content=\"Imagine a beach \u2013 you within it, or better: watching from above \u2013 the burning sun, sunscreen, bright bathing suits, sweaty palms and legs. Tired limbs\" \/>\n<meta property=\"og:url\" content=\"https:\/\/malmokonsthall.se\/en\/utstallningar\/sun-sea\/\" \/>\n<meta property=\"og:site_name\" content=\"Malm\u00f6 Konsthall\" \/>\n<meta property=\"og:image\" content=\"https:\/\/malmokonsthall.se\/wp-content\/uploads\/2019\/11\/5_SunSea_Marina_opera_performance_by_Rugile_Barzdziukaite_Vaiva-Grainyte_Lina-Lapelyte-at-Biennale-Arte-2019_Venice_-Andrej-Vasilenko_liten.jpg\" \/>\n\t<meta property=\"og:image:width\" content=\"1772\" \/>\n\t<meta property=\"og:image:height\" content=\"1166\" \/>\n\t<meta property=\"og:image:type\" content=\"image\/jpeg\" \/>\n<meta name=\"twitter:card\" content=\"summary_large_image\" \/>\n<script type=\"application\/ld+json\" class=\"yoast-schema-graph\">{\"@context\":\"https:\\\/\\\/schema.org\",\"@graph\":[{\"@type\":\"WebPage\",\"@id\":\"https:\\\/\\\/malmokonsthall.se\\\/en\\\/utstallningar\\\/sun-sea\\\/\",\"url\":\"https:\\\/\\\/malmokonsthall.se\\\/en\\\/utstallningar\\\/sun-sea\\\/\",\"name\":\"Sun & Sea\",\"isPartOf\":{\"@id\":\"https:\\\/\\\/malmokonsthall.se\\\/en\\\/#website\"},\"primaryImageOfPage\":{\"@id\":\"https:\\\/\\\/malmokonsthall.se\\\/en\\\/utstallningar\\\/sun-sea\\\/#primaryimage\"},\"image\":{\"@id\":\"https:\\\/\\\/malmokonsthall.se\\\/en\\\/utstallningar\\\/sun-sea\\\/#primaryimage\"},\"thumbnailUrl\":\"https:\\\/\\\/malmokonsthall.se\\\/wp-content\\\/uploads\\\/2019\\\/11\\\/5_SunSea_Marina_opera_performance_by_Rugile_Barzdziukaite_Vaiva-Grainyte_Lina-Lapelyte-at-Biennale-Arte-2019_Venice_-Andrej-Vasilenko_liten.jpg\",\"datePublished\":\"2019-11-28T14:06:32+00:00\",\"description\":\"Imagine a beach \u2013 you within it, or better: watching from above \u2013 the burning sun, sunscreen, bright bathing suits, sweaty palms and legs. Tired limbs\",\"breadcrumb\":{\"@id\":\"https:\\\/\\\/malmokonsthall.se\\\/en\\\/utstallningar\\\/sun-sea\\\/#breadcrumb\"},\"inLanguage\":\"en-US\",\"potentialAction\":[{\"@type\":\"ReadAction\",\"target\":[\"https:\\\/\\\/malmokonsthall.se\\\/en\\\/utstallningar\\\/sun-sea\\\/\"]}]},{\"@type\":\"ImageObject\",\"inLanguage\":\"en-US\",\"@id\":\"https:\\\/\\\/malmokonsthall.se\\\/en\\\/utstallningar\\\/sun-sea\\\/#primaryimage\",\"url\":\"https:\\\/\\\/malmokonsthall.se\\\/wp-content\\\/uploads\\\/2019\\\/11\\\/5_SunSea_Marina_opera_performance_by_Rugile_Barzdziukaite_Vaiva-Grainyte_Lina-Lapelyte-at-Biennale-Arte-2019_Venice_-Andrej-Vasilenko_liten.jpg\",\"contentUrl\":\"https:\\\/\\\/malmokonsthall.se\\\/wp-content\\\/uploads\\\/2019\\\/11\\\/5_SunSea_Marina_opera_performance_by_Rugile_Barzdziukaite_Vaiva-Grainyte_Lina-Lapelyte-at-Biennale-Arte-2019_Venice_-Andrej-Vasilenko_liten.jpg\",\"width\":1772,\"height\":1166,\"caption\":\"Kristine Kemp, Hysteria in the White Cube.\"},{\"@type\":\"BreadcrumbList\",\"@id\":\"https:\\\/\\\/malmokonsthall.se\\\/en\\\/utstallningar\\\/sun-sea\\\/#breadcrumb\",\"itemListElement\":[{\"@type\":\"ListItem\",\"position\":1,\"name\":\"Hem\",\"item\":\"https:\\\/\\\/malmokonsthall.se\\\/en\\\/\"},{\"@type\":\"ListItem\",\"position\":2,\"name\":\"Sun &#038; Sea\"}]},{\"@type\":\"WebSite\",\"@id\":\"https:\\\/\\\/malmokonsthall.se\\\/en\\\/#website\",\"url\":\"https:\\\/\\\/malmokonsthall.se\\\/en\\\/\",\"name\":\"Malm\u00f6 Konsthall\",\"description\":\"\",\"publisher\":{\"@id\":\"https:\\\/\\\/malmokonsthall.se\\\/en\\\/#organization\"},\"potentialAction\":[{\"@type\":\"SearchAction\",\"target\":{\"@type\":\"EntryPoint\",\"urlTemplate\":\"https:\\\/\\\/malmokonsthall.se\\\/en\\\/?s={search_term_string}\"},\"query-input\":{\"@type\":\"PropertyValueSpecification\",\"valueRequired\":true,\"valueName\":\"search_term_string\"}}],\"inLanguage\":\"en-US\"},{\"@type\":\"Organization\",\"@id\":\"https:\\\/\\\/malmokonsthall.se\\\/en\\\/#organization\",\"name\":\"Malm\u00f6 Konsthall\",\"url\":\"https:\\\/\\\/malmokonsthall.se\\\/en\\\/\",\"logo\":{\"@type\":\"ImageObject\",\"inLanguage\":\"en-US\",\"@id\":\"https:\\\/\\\/malmokonsthall.se\\\/en\\\/#\\\/schema\\\/logo\\\/image\\\/\",\"url\":\"https:\\\/\\\/malmokonsthall.se\\\/wp-content\\\/uploads\\\/2021\\\/09\\\/MK-logga-red.png\",\"contentUrl\":\"https:\\\/\\\/malmokonsthall.se\\\/wp-content\\\/uploads\\\/2021\\\/09\\\/MK-logga-red.png\",\"width\":672,\"height\":60,\"caption\":\"Malm\u00f6 Konsthall\"},\"image\":{\"@id\":\"https:\\\/\\\/malmokonsthall.se\\\/en\\\/#\\\/schema\\\/logo\\\/image\\\/\"}}]}<\/script>\n<!-- \/ Yoast SEO Premium plugin. -->","yoast_head_json":{"title":"Sun & Sea","description":"Imagine a beach \u2013 you within it, or better: watching from above \u2013 the burning sun, sunscreen, bright bathing suits, sweaty palms and legs. Tired limbs","robots":{"index":"index","follow":"follow","max-snippet":"max-snippet:-1","max-image-preview":"max-image-preview:large","max-video-preview":"max-video-preview:-1"},"canonical":"https:\/\/malmokonsthall.se\/en\/utstallningar\/sun-sea\/","og_locale":"en_US","og_type":"article","og_title":"Sun & Sea","og_description":"Imagine a beach \u2013 you within it, or better: watching from above \u2013 the burning sun, sunscreen, bright bathing suits, sweaty palms and legs. Tired limbs","og_url":"https:\/\/malmokonsthall.se\/en\/utstallningar\/sun-sea\/","og_site_name":"Malm\u00f6 Konsthall","og_image":[{"width":1772,"height":1166,"url":"https:\/\/malmokonsthall.se\/wp-content\/uploads\/2019\/11\/5_SunSea_Marina_opera_performance_by_Rugile_Barzdziukaite_Vaiva-Grainyte_Lina-Lapelyte-at-Biennale-Arte-2019_Venice_-Andrej-Vasilenko_liten.jpg","type":"image\/jpeg"}],"twitter_card":"summary_large_image","schema":{"@context":"https:\/\/schema.org","@graph":[{"@type":"WebPage","@id":"https:\/\/malmokonsthall.se\/en\/utstallningar\/sun-sea\/","url":"https:\/\/malmokonsthall.se\/en\/utstallningar\/sun-sea\/","name":"Sun & Sea","isPartOf":{"@id":"https:\/\/malmokonsthall.se\/en\/#website"},"primaryImageOfPage":{"@id":"https:\/\/malmokonsthall.se\/en\/utstallningar\/sun-sea\/#primaryimage"},"image":{"@id":"https:\/\/malmokonsthall.se\/en\/utstallningar\/sun-sea\/#primaryimage"},"thumbnailUrl":"https:\/\/malmokonsthall.se\/wp-content\/uploads\/2019\/11\/5_SunSea_Marina_opera_performance_by_Rugile_Barzdziukaite_Vaiva-Grainyte_Lina-Lapelyte-at-Biennale-Arte-2019_Venice_-Andrej-Vasilenko_liten.jpg","datePublished":"2019-11-28T14:06:32+00:00","description":"Imagine a beach \u2013 you within it, or better: watching from above \u2013 the burning sun, sunscreen, bright bathing suits, sweaty palms and legs. Tired limbs","breadcrumb":{"@id":"https:\/\/malmokonsthall.se\/en\/utstallningar\/sun-sea\/#breadcrumb"},"inLanguage":"en-US","potentialAction":[{"@type":"ReadAction","target":["https:\/\/malmokonsthall.se\/en\/utstallningar\/sun-sea\/"]}]},{"@type":"ImageObject","inLanguage":"en-US","@id":"https:\/\/malmokonsthall.se\/en\/utstallningar\/sun-sea\/#primaryimage","url":"https:\/\/malmokonsthall.se\/wp-content\/uploads\/2019\/11\/5_SunSea_Marina_opera_performance_by_Rugile_Barzdziukaite_Vaiva-Grainyte_Lina-Lapelyte-at-Biennale-Arte-2019_Venice_-Andrej-Vasilenko_liten.jpg","contentUrl":"https:\/\/malmokonsthall.se\/wp-content\/uploads\/2019\/11\/5_SunSea_Marina_opera_performance_by_Rugile_Barzdziukaite_Vaiva-Grainyte_Lina-Lapelyte-at-Biennale-Arte-2019_Venice_-Andrej-Vasilenko_liten.jpg","width":1772,"height":1166,"caption":"Kristine Kemp, Hysteria in the White Cube."},{"@type":"BreadcrumbList","@id":"https:\/\/malmokonsthall.se\/en\/utstallningar\/sun-sea\/#breadcrumb","itemListElement":[{"@type":"ListItem","position":1,"name":"Hem","item":"https:\/\/malmokonsthall.se\/en\/"},{"@type":"ListItem","position":2,"name":"Sun &#038; Sea"}]},{"@type":"WebSite","@id":"https:\/\/malmokonsthall.se\/en\/#website","url":"https:\/\/malmokonsthall.se\/en\/","name":"Malm\u00f6 Konsthall","description":"","publisher":{"@id":"https:\/\/malmokonsthall.se\/en\/#organization"},"potentialAction":[{"@type":"SearchAction","target":{"@type":"EntryPoint","urlTemplate":"https:\/\/malmokonsthall.se\/en\/?s={search_term_string}"},"query-input":{"@type":"PropertyValueSpecification","valueRequired":true,"valueName":"search_term_string"}}],"inLanguage":"en-US"},{"@type":"Organization","@id":"https:\/\/malmokonsthall.se\/en\/#organization","name":"Malm\u00f6 Konsthall","url":"https:\/\/malmokonsthall.se\/en\/","logo":{"@type":"ImageObject","inLanguage":"en-US","@id":"https:\/\/malmokonsthall.se\/en\/#\/schema\/logo\/image\/","url":"https:\/\/malmokonsthall.se\/wp-content\/uploads\/2021\/09\/MK-logga-red.png","contentUrl":"https:\/\/malmokonsthall.se\/wp-content\/uploads\/2021\/09\/MK-logga-red.png","width":672,"height":60,"caption":"Malm\u00f6 Konsthall"},"image":{"@id":"https:\/\/malmokonsthall.se\/en\/#\/schema\/logo\/image\/"}}]}},"_links":{"self":[{"href":"https:\/\/malmokonsthall.se\/en\/wp-json\/wp\/v2\/utstallningar\/3109","targetHints":{"allow":["GET"]}}],"collection":[{"href":"https:\/\/malmokonsthall.se\/en\/wp-json\/wp\/v2\/utstallningar"}],"about":[{"href":"https:\/\/malmokonsthall.se\/en\/wp-json\/wp\/v2\/types\/utstallningar"}],"version-history":[{"count":0,"href":"https:\/\/malmokonsthall.se\/en\/wp-json\/wp\/v2\/utstallningar\/3109\/revisions"}],"wp:featuredmedia":[{"embeddable":true,"href":"https:\/\/malmokonsthall.se\/en\/wp-json\/wp\/v2\/media\/2481"}],"wp:attachment":[{"href":"https:\/\/malmokonsthall.se\/en\/wp-json\/wp\/v2\/media?parent=3109"}],"curies":[{"name":"wp","href":"https:\/\/api.w.org\/{rel}","templated":true}]}}