{"id":45451,"date":"2026-03-25T10:42:56","date_gmt":"2026-03-25T09:42:56","guid":{"rendered":"https:\/\/malmokonsthall.se\/evenemangs\/malmo-konsthall-u-sewing-circle-ung-kultur-malmo\/"},"modified":"2026-03-25T10:42:56","modified_gmt":"2026-03-25T09:42:56","slug":"malmo-konsthall-u-sewing-circle-ung-kultur-malmo","status":"publish","type":"tribe_events","link":"https:\/\/malmokonsthall.se\/en\/evenemangs\/malmo-konsthall-u-sewing-circle-ung-kultur-malmo\/","title":{"rendered":"Malm\u00f6 Konsthall U: Sewing circle + Ung Kultur Malm\u00f6"},"content":{"rendered":"  <nav aria-label=\"Breadcrumb navigation\" class=\"breadcrumbs\" typeof=\"BreadcrumbList\" vocab=\"https:\/\/schema.org\/\">\n      <ol>\n          <li class=\"home\"><span property=\"itemListElement\" typeof=\"ListItem\"><a property=\"item\" typeof=\"WebPage\" title=\"G\u00e5 till Startsidan\" href=\"https:\/\/malmokonsthall.se\/en\/\" class=\"home\" aria-current=\"page\"><span property=\"name\">Start<\/span><\/a><\/span><\/li>\n\n      <\/ol>\n  <\/nav>\n\n<figure class=\"wp-block-image size-full is-style-Margin-right is-style-margin-right\"><img loading=\"lazy\" decoding=\"async\" width=\"1353\" height=\"1010\" src=\"https:\/\/malmokonsthall.se\/wp-content\/uploads\/2025\/09\/hemsidaingetdatum.jpg\" alt=\"Digital drawing of the inside of a room with a black, a white, and a grey wall. Bubbles in the air and ones and zeros on one of the walls.\" class=\"wp-image-41490\" srcset=\"https:\/\/malmokonsthall.se\/wp-content\/uploads\/2025\/09\/hemsidaingetdatum.jpg 1353w, https:\/\/malmokonsthall.se\/wp-content\/uploads\/2025\/09\/hemsidaingetdatum-300x224.jpg 300w, https:\/\/malmokonsthall.se\/wp-content\/uploads\/2025\/09\/hemsidaingetdatum-1024x764.jpg 1024w, https:\/\/malmokonsthall.se\/wp-content\/uploads\/2025\/09\/hemsidaingetdatum-768x573.jpg 768w\" sizes=\"auto, (max-width: 1353px) 100vw, 1353px\" \/><\/figure>\n\n<div class=\"wp-block-group is-style-page-margin\"><div class=\"wp-block-group__inner-container is-layout-flow wp-block-group-is-layout-flow\">\n<h1 class=\"wp-block-heading is-style-heading-article\" id=\"huvudrubrik\">Malm\u00f6 Konsthall U: Sewing circle + Ung Kultur Malm\u00f6<\/h1>\n\n\n<div class=\"tribe-events-schedule tribe-clearfix\">\n\t<h2 class=\"tribe-events-schedule__datetime\">\n\t\t<span class=\"tribe-events-schedule__date tribe-events-schedule__date--start\">\n\t\t\t<time datetime=\"2026-04-08T16:00:00+02:00\">\n\t\t\t\t8.4\t\t\t<\/time>\n\t\t<\/span>\n\n\t\t\t\t\t<span class=\"tribe-events-schedule__separator tribe-events-schedule__separator--date\">\n\t\t\t\t \t\t\t<\/span>\n\t\t\t<span class=\"tribe-events-schedule__time tribe-events-schedule__time--start\">\n\t\t\t\tat <time datetime=\"2026-04-08T16:00:00+02:00\">16:00<\/time>\n\t\t\t<\/span>\n\t\t\n\t\t\t\t\t\t\t\t\t<span class=\"tribe-events-schedule__separator tribe-events-schedule__separator--time\">\n\t\t\t\t\t &#8211; \t\t\t\t<\/span>\n\t\t\t\n\t\t\t\t\t\t\t<span class=\"tribe-events-schedule__time tribe-events-schedule__time--end\">\n\t\t\t\t\t<time datetime=\"2026-04-08T19:00:00+02:00\">19:00<\/time>\n\t\t\t\t<\/span>\n\t\t\t\n\t\t\t\t\t\t<\/h2>\n<\/div>\n\n\n\n<div class=\"wp-block-columns is-style-information-column is-layout-flex wp-container-core-columns-is-layout-9d6595d7 wp-block-columns-is-layout-flex\">\n<div class=\"wp-block-column is-layout-flow wp-block-column-is-layout-flow\" style=\"flex-basis:50%\">\n<p class=\"is-style-default\">Come by and join our sewing circle \u2013 you can screen print, knit, embroider, crochet, use our sewing machines or a little bit of everything.<\/p>\n\n\n\n<p>We will have skilled crafts people available to help and inspire you and all the material you can need. No prior experience needed, but some things take time to learn.<\/p>\n\n\n\n<p>Focus on what your needs are \u2013 learning the basics, getting past a part you\u2019re stuck at, some time to work on your own project or just experimenting with fabrics and yarns and colour \u2013 everything is possible, but maybe not at the same time.<\/p>\n\n\n\n<p>The evening will also feature Ung Kultur Malm\u00f6, who will talk about their grant. The Ung Kultur Malm\u00f6 grant is aimed at young people in Malm\u00f6 aged 18\u201325 who want to carry out a small cultural project. During the evening you will receive more information about what it involves, and you can also get help with your application.<\/p>\n\n\n\n<p>Malm\u00f6 Konsthall U is a meeting place for people aged 13\u201325. As always, no booking required, it\u2019s always free and you get unlimited amounts of fika!<\/p>\n\n\n\n<p><\/p>\n<\/div>\n\n\n\n<div class=\"wp-block-column is-style-information-column is-layout-flow wp-block-column-is-layout-flow\" style=\"flex-basis:33%\">\n<div class=\"wp-block-group\"><div class=\"wp-block-group__inner-container is-layout-flow wp-block-group-is-layout-flow\">\n<h3 class=\"wp-block-heading is-style-body-heading\" id=\"h-information\">Information<\/h3>\n\n\n\n<p class=\"is-style-default\"><strong>What:<\/strong> Workshop<br\/><strong>When:<\/strong> Wednesday 8 April, 4\u20137 pm<br\/><strong>Where:<\/strong> The Workshop<\/p>\n\n\n\n<p><\/p>\n\n\n\n<p>Admission free, drop in<\/p>\n<\/div><\/div>\n<\/div>\n<\/div>\n\n\n<h2 class=\"tribe-block__related-events__title\">Related Events<\/h2>\n\n<ul  class=\"tribe-related-events tribe-clearfix\" >\n\t\t\t<li>\n\t\n<div class=\"tribe-related-events-thumbnail\">\n\t<a href=\"https:\/\/malmokonsthall.se\/en\/evenemangs\/workshop-hennix-lacan-and-the-real-in-swedish\/\" class=\"url\" rel=\"bookmark\" tabindex=\"-1\" aria-hidden=\"true\"><img loading=\"lazy\" decoding=\"async\" width=\"1024\" height=\"727\" src=\"https:\/\/malmokonsthall.se\/wp-content\/uploads\/2026\/04\/BF_CCH_2122_crop_1-1024x727.jpg\" class=\"attachment-large size-large wp-post-image\" alt=\"Image with formula. By the artist CC Hennix.\" \/><\/a>\n<\/div>\n\t<div class=\"tribe-related-event-info\">\n\t<h3 class=\"tribe-related-events-title\">\n\t\t<a href=\"https:\/\/malmokonsthall.se\/en\/evenemangs\/workshop-hennix-lacan-and-the-real-in-swedish\/\" class=\"tribe-event-url\" rel=\"bookmark\">\n\t\t\tWorkshop: Hennix, Lacan and the Real (in Swedish)\t\t<\/a>\n\t<\/h3>\n\t<span class=\"tribe-event-date-start\">13.5 17:30<\/span> &#8211; <span class=\"tribe-event-time\">19:00<\/span><\/div>\n<\/li>\n\t\t\t<li>\n\t\n<div class=\"tribe-related-events-thumbnail\">\n\t<a href=\"https:\/\/malmokonsthall.se\/en\/evenemangs\/opening-bouchra-khalili\/\" class=\"url\" rel=\"bookmark\" tabindex=\"-1\" aria-hidden=\"true\"><img loading=\"lazy\" decoding=\"async\" width=\"1024\" height=\"762\" src=\"https:\/\/malmokonsthall.se\/wp-content\/uploads\/2026\/04\/KHALILI_THE-PUBLIC-STORYTELLER_Still_1-1024x762.jpg\" class=\"attachment-large size-large wp-post-image\" alt=\"A man stands in a dark room wearing a white shirt. He holds one hand in the shape of a circle in front of one eye, and the other hand covering the other eye.\" \/><\/a>\n<\/div>\n\t<div class=\"tribe-related-event-info\">\n\t<h3 class=\"tribe-related-events-title\">\n\t\t<a href=\"https:\/\/malmokonsthall.se\/en\/evenemangs\/opening-bouchra-khalili\/\" class=\"tribe-event-url\" rel=\"bookmark\">\n\t\t\tOpening Bouchra Khalili\t\t<\/a>\n\t<\/h3>\n\t<span class=\"tribe-event-date-start\">5.6 19:00<\/span> &#8211; <span class=\"tribe-event-time\">23:55<\/span><\/div>\n<\/li>\n\t<\/ul>\n<\/div><\/div>\n","protected":false},"excerpt":{"rendered":"<p>Come by and join our sewing circle \u2013 you can screen print, knit, embroider, crochet, use our sewing machines or a little bit of everything.<\/p>\n","protected":false},"author":28,"featured_media":41491,"template":"","meta":{"_acf_changed":false,"_tec_requires_first_save":false,"inline_featured_image":false,"_price":"","_stock":"","_tribe_ticket_header":"","_tribe_default_ticket_provider":"","_tribe_ticket_capacity":"0","_ticket_start_date":"","_ticket_end_date":"","_tribe_ticket_show_description":"","_tribe_ticket_show_not_going":false,"_tribe_ticket_use_global_stock":"","_tribe_ticket_global_stock_level":"","_global_stock_mode":"","_global_stock_cap":"","_tribe_rsvp_for_event":"","_tribe_ticket_going_count":"","_tribe_ticket_not_going_count":"","_tribe_tickets_list":"[]","_tribe_ticket_has_attendee_info_fields":false,"_EventAllDay":false,"_EventTimezone":"Europe\/Stockholm","_EventStartDate":"2026-04-08 16:00:00","_EventEndDate":"2026-04-08 19:00:00","_EventStartDateUTC":"2026-04-08 14:00:00","_EventEndDateUTC":"2026-04-08 17:00:00","_EventShowMap":false,"_EventShowMapLink":false,"_EventURL":"","_EventCost":"","_EventCostDescription":"","_EventCurrencySymbol":"SEK","_EventCurrencyCode":"","_EventCurrencyPosition":"","_EventDateTimeSeparator":"","_EventTimeRangeSeparator":"","_EventOrganizerID":[],"_EventVenueID":[],"_OrganizerEmail":"","_OrganizerPhone":"","_OrganizerWebsite":"","_VenueAddress":"","_VenueCity":"","_VenueCountry":"","_VenueProvince":"","_VenueState":"","_VenueZip":"","_VenuePhone":"","_VenueURL":"","_VenueStateProvince":"","_VenueLat":"","_VenueLng":"","_VenueShowMap":false,"_VenueShowMapLink":false,"_tribe_blocks_recurrence_rules":"","_tribe_blocks_recurrence_description":"","_tribe_blocks_recurrence_exclusions":"","_tribe_events_status":"","_tribe_events_status_reason":"","_tribe_events_is_hybrid":"","_tribe_events_is_virtual":"","_tribe_events_virtual_video_source":"","_tribe_events_virtual_embed_video":"","_tribe_events_virtual_linked_button_text":"","_tribe_events_virtual_linked_button":"","_tribe_events_virtual_show_embed_at":"","_tribe_events_virtual_show_embed_to":[],"_tribe_events_virtual_show_on_event":"","_tribe_events_virtual_show_on_views":"","_tribe_events_virtual_url":"","footnotes":"","_tec_slr_enabled":"","_tec_slr_layout":""},"tags":[146,128],"tribe_events_cat":[88],"class_list":["post-45451","tribe_events","type-tribe_events","status-publish","has-post-thumbnail","hentry","tag-create","tag-konst-en","tribe_events_cat-youth","cat_youth"],"acf":[],"yoast_head":"<!-- This site is optimized with the Yoast SEO Premium plugin v23.3 (Yoast SEO v27.4) - https:\/\/yoast.com\/product\/yoast-seo-premium-wordpress\/ -->\n<title>Malm\u00f6 Konsthall U: Sewing circle + Ung Kultur Malm\u00f6 - Malm\u00f6 Konsthall<\/title>\n<meta name=\"robots\" content=\"index, follow, max-snippet:-1, max-image-preview:large, max-video-preview:-1\" \/>\n<link rel=\"canonical\" href=\"https:\/\/malmokonsthall.se\/en\/evenemangs\/malmo-konsthall-u-sewing-circle-ung-kultur-malmo\/\" \/>\n<meta property=\"og:locale\" content=\"en_US\" \/>\n<meta property=\"og:type\" content=\"article\" \/>\n<meta property=\"og:title\" content=\"Malm\u00f6 Konsthall U: Sewing circle + Ung Kultur Malm\u00f6\" \/>\n<meta property=\"og:description\" content=\"Come by and join our sewing circle \u2013 you can screen print, knit, embroider, crochet, use our sewing machines or a little bit of everything.\" \/>\n<meta property=\"og:url\" content=\"https:\/\/malmokonsthall.se\/en\/evenemangs\/malmo-konsthall-u-sewing-circle-ung-kultur-malmo\/\" \/>\n<meta property=\"og:site_name\" content=\"Malm\u00f6 Konsthall\" \/>\n<meta property=\"og:image\" content=\"https:\/\/malmokonsthall.se\/wp-content\/uploads\/2025\/09\/hemsidaingetdatum.jpg\" \/>\n\t<meta property=\"og:image:width\" content=\"1353\" \/>\n\t<meta property=\"og:image:height\" content=\"1010\" \/>\n\t<meta property=\"og:image:type\" content=\"image\/jpeg\" \/>\n<meta name=\"twitter:card\" content=\"summary_large_image\" \/>\n<script type=\"application\/ld+json\" class=\"yoast-schema-graph\">{\"@context\":\"https:\\\/\\\/schema.org\",\"@graph\":[{\"@type\":\"WebPage\",\"@id\":\"https:\\\/\\\/malmokonsthall.se\\\/en\\\/evenemangs\\\/malmo-konsthall-u-sewing-circle-ung-kultur-malmo\\\/\",\"url\":\"https:\\\/\\\/malmokonsthall.se\\\/en\\\/evenemangs\\\/malmo-konsthall-u-sewing-circle-ung-kultur-malmo\\\/\",\"name\":\"Malm\u00f6 Konsthall U: Sewing circle + Ung Kultur Malm\u00f6 - Malm\u00f6 Konsthall\",\"isPartOf\":{\"@id\":\"https:\\\/\\\/malmokonsthall.se\\\/en\\\/#website\"},\"primaryImageOfPage\":{\"@id\":\"https:\\\/\\\/malmokonsthall.se\\\/en\\\/evenemangs\\\/malmo-konsthall-u-sewing-circle-ung-kultur-malmo\\\/#primaryimage\"},\"image\":{\"@id\":\"https:\\\/\\\/malmokonsthall.se\\\/en\\\/evenemangs\\\/malmo-konsthall-u-sewing-circle-ung-kultur-malmo\\\/#primaryimage\"},\"thumbnailUrl\":\"https:\\\/\\\/malmokonsthall.se\\\/wp-content\\\/uploads\\\/2025\\\/09\\\/hemsidaingetdatum.jpg\",\"datePublished\":\"2026-03-25T09:42:56+00:00\",\"breadcrumb\":{\"@id\":\"https:\\\/\\\/malmokonsthall.se\\\/en\\\/evenemangs\\\/malmo-konsthall-u-sewing-circle-ung-kultur-malmo\\\/#breadcrumb\"},\"inLanguage\":\"en-US\",\"potentialAction\":[{\"@type\":\"ReadAction\",\"target\":[\"https:\\\/\\\/malmokonsthall.se\\\/en\\\/evenemangs\\\/malmo-konsthall-u-sewing-circle-ung-kultur-malmo\\\/\"]}]},{\"@type\":\"ImageObject\",\"inLanguage\":\"en-US\",\"@id\":\"https:\\\/\\\/malmokonsthall.se\\\/en\\\/evenemangs\\\/malmo-konsthall-u-sewing-circle-ung-kultur-malmo\\\/#primaryimage\",\"url\":\"https:\\\/\\\/malmokonsthall.se\\\/wp-content\\\/uploads\\\/2025\\\/09\\\/hemsidaingetdatum.jpg\",\"contentUrl\":\"https:\\\/\\\/malmokonsthall.se\\\/wp-content\\\/uploads\\\/2025\\\/09\\\/hemsidaingetdatum.jpg\",\"width\":1353,\"height\":1010,\"caption\":\"A bold, rounded \u201cU\u201d with white outlines set against a black-white-orange background.\"},{\"@type\":\"BreadcrumbList\",\"@id\":\"https:\\\/\\\/malmokonsthall.se\\\/en\\\/evenemangs\\\/malmo-konsthall-u-sewing-circle-ung-kultur-malmo\\\/#breadcrumb\",\"itemListElement\":[{\"@type\":\"ListItem\",\"position\":1,\"name\":\"Hem\",\"item\":\"https:\\\/\\\/malmokonsthall.se\\\/en\\\/\"},{\"@type\":\"ListItem\",\"position\":2,\"name\":\"Events\",\"item\":\"https:\\\/\\\/malmokonsthall.se\\\/en\\\/evenemang\\\/\"},{\"@type\":\"ListItem\",\"position\":3,\"name\":\"Malm\u00f6 Konsthall U: Sewing circle + Ung Kultur Malm\u00f6\"}]},{\"@type\":\"WebSite\",\"@id\":\"https:\\\/\\\/malmokonsthall.se\\\/en\\\/#website\",\"url\":\"https:\\\/\\\/malmokonsthall.se\\\/en\\\/\",\"name\":\"Malm\u00f6 Konsthall\",\"description\":\"\",\"publisher\":{\"@id\":\"https:\\\/\\\/malmokonsthall.se\\\/en\\\/#organization\"},\"potentialAction\":[{\"@type\":\"SearchAction\",\"target\":{\"@type\":\"EntryPoint\",\"urlTemplate\":\"https:\\\/\\\/malmokonsthall.se\\\/en\\\/?s={search_term_string}\"},\"query-input\":{\"@type\":\"PropertyValueSpecification\",\"valueRequired\":true,\"valueName\":\"search_term_string\"}}],\"inLanguage\":\"en-US\"},{\"@type\":\"Organization\",\"@id\":\"https:\\\/\\\/malmokonsthall.se\\\/en\\\/#organization\",\"name\":\"Malm\u00f6 Konsthall\",\"url\":\"https:\\\/\\\/malmokonsthall.se\\\/en\\\/\",\"logo\":{\"@type\":\"ImageObject\",\"inLanguage\":\"en-US\",\"@id\":\"https:\\\/\\\/malmokonsthall.se\\\/en\\\/#\\\/schema\\\/logo\\\/image\\\/\",\"url\":\"https:\\\/\\\/malmokonsthall.se\\\/wp-content\\\/uploads\\\/2021\\\/09\\\/MK-logga-red.png\",\"contentUrl\":\"https:\\\/\\\/malmokonsthall.se\\\/wp-content\\\/uploads\\\/2021\\\/09\\\/MK-logga-red.png\",\"width\":672,\"height\":60,\"caption\":\"Malm\u00f6 Konsthall\"},\"image\":{\"@id\":\"https:\\\/\\\/malmokonsthall.se\\\/en\\\/#\\\/schema\\\/logo\\\/image\\\/\"}}]}<\/script>\n<!-- \/ Yoast SEO Premium plugin. -->","yoast_head_json":{"title":"Malm\u00f6 Konsthall U: Sewing circle + Ung Kultur Malm\u00f6 - Malm\u00f6 Konsthall","robots":{"index":"index","follow":"follow","max-snippet":"max-snippet:-1","max-image-preview":"max-image-preview:large","max-video-preview":"max-video-preview:-1"},"canonical":"https:\/\/malmokonsthall.se\/en\/evenemangs\/malmo-konsthall-u-sewing-circle-ung-kultur-malmo\/","og_locale":"en_US","og_type":"article","og_title":"Malm\u00f6 Konsthall U: Sewing circle + Ung Kultur Malm\u00f6","og_description":"Come by and join our sewing circle \u2013 you can screen print, knit, embroider, crochet, use our sewing machines or a little bit of everything.","og_url":"https:\/\/malmokonsthall.se\/en\/evenemangs\/malmo-konsthall-u-sewing-circle-ung-kultur-malmo\/","og_site_name":"Malm\u00f6 Konsthall","og_image":[{"width":1353,"height":1010,"url":"https:\/\/malmokonsthall.se\/wp-content\/uploads\/2025\/09\/hemsidaingetdatum.jpg","type":"image\/jpeg"}],"twitter_card":"summary_large_image","schema":{"@context":"https:\/\/schema.org","@graph":[{"@type":"WebPage","@id":"https:\/\/malmokonsthall.se\/en\/evenemangs\/malmo-konsthall-u-sewing-circle-ung-kultur-malmo\/","url":"https:\/\/malmokonsthall.se\/en\/evenemangs\/malmo-konsthall-u-sewing-circle-ung-kultur-malmo\/","name":"Malm\u00f6 Konsthall U: Sewing circle + Ung Kultur Malm\u00f6 - Malm\u00f6 Konsthall","isPartOf":{"@id":"https:\/\/malmokonsthall.se\/en\/#website"},"primaryImageOfPage":{"@id":"https:\/\/malmokonsthall.se\/en\/evenemangs\/malmo-konsthall-u-sewing-circle-ung-kultur-malmo\/#primaryimage"},"image":{"@id":"https:\/\/malmokonsthall.se\/en\/evenemangs\/malmo-konsthall-u-sewing-circle-ung-kultur-malmo\/#primaryimage"},"thumbnailUrl":"https:\/\/malmokonsthall.se\/wp-content\/uploads\/2025\/09\/hemsidaingetdatum.jpg","datePublished":"2026-03-25T09:42:56+00:00","breadcrumb":{"@id":"https:\/\/malmokonsthall.se\/en\/evenemangs\/malmo-konsthall-u-sewing-circle-ung-kultur-malmo\/#breadcrumb"},"inLanguage":"en-US","potentialAction":[{"@type":"ReadAction","target":["https:\/\/malmokonsthall.se\/en\/evenemangs\/malmo-konsthall-u-sewing-circle-ung-kultur-malmo\/"]}]},{"@type":"ImageObject","inLanguage":"en-US","@id":"https:\/\/malmokonsthall.se\/en\/evenemangs\/malmo-konsthall-u-sewing-circle-ung-kultur-malmo\/#primaryimage","url":"https:\/\/malmokonsthall.se\/wp-content\/uploads\/2025\/09\/hemsidaingetdatum.jpg","contentUrl":"https:\/\/malmokonsthall.se\/wp-content\/uploads\/2025\/09\/hemsidaingetdatum.jpg","width":1353,"height":1010,"caption":"A bold, rounded \u201cU\u201d with white outlines set against a black-white-orange background."},{"@type":"BreadcrumbList","@id":"https:\/\/malmokonsthall.se\/en\/evenemangs\/malmo-konsthall-u-sewing-circle-ung-kultur-malmo\/#breadcrumb","itemListElement":[{"@type":"ListItem","position":1,"name":"Hem","item":"https:\/\/malmokonsthall.se\/en\/"},{"@type":"ListItem","position":2,"name":"Events","item":"https:\/\/malmokonsthall.se\/en\/evenemang\/"},{"@type":"ListItem","position":3,"name":"Malm\u00f6 Konsthall U: Sewing circle + Ung Kultur Malm\u00f6"}]},{"@type":"WebSite","@id":"https:\/\/malmokonsthall.se\/en\/#website","url":"https:\/\/malmokonsthall.se\/en\/","name":"Malm\u00f6 Konsthall","description":"","publisher":{"@id":"https:\/\/malmokonsthall.se\/en\/#organization"},"potentialAction":[{"@type":"SearchAction","target":{"@type":"EntryPoint","urlTemplate":"https:\/\/malmokonsthall.se\/en\/?s={search_term_string}"},"query-input":{"@type":"PropertyValueSpecification","valueRequired":true,"valueName":"search_term_string"}}],"inLanguage":"en-US"},{"@type":"Organization","@id":"https:\/\/malmokonsthall.se\/en\/#organization","name":"Malm\u00f6 Konsthall","url":"https:\/\/malmokonsthall.se\/en\/","logo":{"@type":"ImageObject","inLanguage":"en-US","@id":"https:\/\/malmokonsthall.se\/en\/#\/schema\/logo\/image\/","url":"https:\/\/malmokonsthall.se\/wp-content\/uploads\/2021\/09\/MK-logga-red.png","contentUrl":"https:\/\/malmokonsthall.se\/wp-content\/uploads\/2021\/09\/MK-logga-red.png","width":672,"height":60,"caption":"Malm\u00f6 Konsthall"},"image":{"@id":"https:\/\/malmokonsthall.se\/en\/#\/schema\/logo\/image\/"}}]}},"ticketed":false,"_links":{"self":[{"href":"https:\/\/malmokonsthall.se\/en\/wp-json\/wp\/v2\/tribe_events\/45451","targetHints":{"allow":["GET"]}}],"collection":[{"href":"https:\/\/malmokonsthall.se\/en\/wp-json\/wp\/v2\/tribe_events"}],"about":[{"href":"https:\/\/malmokonsthall.se\/en\/wp-json\/wp\/v2\/types\/tribe_events"}],"author":[{"embeddable":true,"href":"https:\/\/malmokonsthall.se\/en\/wp-json\/wp\/v2\/users\/28"}],"version-history":[{"count":1,"href":"https:\/\/malmokonsthall.se\/en\/wp-json\/wp\/v2\/tribe_events\/45451\/revisions"}],"predecessor-version":[{"id":45452,"href":"https:\/\/malmokonsthall.se\/en\/wp-json\/wp\/v2\/tribe_events\/45451\/revisions\/45452"}],"wp:featuredmedia":[{"embeddable":true,"href":"https:\/\/malmokonsthall.se\/en\/wp-json\/wp\/v2\/media\/41491"}],"wp:attachment":[{"href":"https:\/\/malmokonsthall.se\/en\/wp-json\/wp\/v2\/media?parent=45451"}],"wp:term":[{"taxonomy":"post_tag","embeddable":true,"href":"https:\/\/malmokonsthall.se\/en\/wp-json\/wp\/v2\/tags?post=45451"},{"taxonomy":"tribe_events_cat","embeddable":true,"href":"https:\/\/malmokonsthall.se\/en\/wp-json\/wp\/v2\/tribe_events_cat?post=45451"}],"curies":[{"name":"wp","href":"https:\/\/api.w.org\/{rel}","templated":true}]}}