{"id":27748,"date":"2023-05-22T14:43:29","date_gmt":"2023-05-22T12:43:29","guid":{"rendered":"https:\/\/malmokonsthall.se\/evenemangs\/award-ceremony-and-artists-talks\/"},"modified":"2023-05-22T14:43:41","modified_gmt":"2023-05-22T12:43:41","slug":"award-ceremony-and-artists-talks","status":"publish","type":"tribe_events","link":"https:\/\/malmokonsthall.se\/en\/evenemangs\/award-ceremony-and-artists-talks\/","title":{"rendered":"Award Ceremony and Artist&#8217;s talks"},"content":{"rendered":"  <nav aria-label=\"Breadcrumb navigation\" class=\"breadcrumbs\" typeof=\"BreadcrumbList\" vocab=\"https:\/\/schema.org\/\">\n      <ol>\n          <li class=\"home\"><span property=\"itemListElement\" typeof=\"ListItem\"><a property=\"item\" typeof=\"WebPage\" title=\"G\u00e5 till Startsidan\" href=\"https:\/\/malmokonsthall.se\/en\/\" class=\"home\" aria-current=\"page\"><span property=\"name\">Start<\/span><\/a><\/span><\/li>\n\n      <\/ol>\n  <\/nav>\n\n<figure class=\"wp-block-image size-large is-style-Margin-right is-style-margin-right\"><img loading=\"lazy\" decoding=\"async\" width=\"1024\" height=\"690\" src=\"https:\/\/malmokonsthall.se\/wp-content\/uploads\/2023\/05\/mall_event_facebook-1024x690.jpg\" alt=\"A white statue of an artist with blue hair sitting and contemplating. A still life where the fruit basket, milk bottle, etc., is created in metal wire instead of painted. Three figures in bright green resembling various types of towers.\" class=\"wp-image-27742\" srcset=\"https:\/\/malmokonsthall.se\/wp-content\/uploads\/2023\/05\/mall_event_facebook-1024x690.jpg 1024w, https:\/\/malmokonsthall.se\/wp-content\/uploads\/2023\/05\/mall_event_facebook-300x202.jpg 300w, https:\/\/malmokonsthall.se\/wp-content\/uploads\/2023\/05\/mall_event_facebook-768x518.jpg 768w, https:\/\/malmokonsthall.se\/wp-content\/uploads\/2023\/05\/mall_event_facebook-1536x1035.jpg 1536w, https:\/\/malmokonsthall.se\/wp-content\/uploads\/2023\/05\/mall_event_facebook.jpg 1810w\" sizes=\"auto, (max-width: 1024px) 100vw, 1024px\" \/><figcaption class=\"wp-element-caption\">The works from left to right: <em>Konstn\u00e4ren<\/em>, Matti Sumari, 2023. Foto: Olof Nimar.<em> Stilleben<\/em>, Jukka V\u00e4rel\u00e4, 2023.<em> Tre gr\u00f6na former<\/em>, Pepe Vi\u00f1oles, 2021.<\/figcaption><\/figure>\n\n<div class=\"wp-block-group is-style-page-margin\"><div class=\"wp-block-group__inner-container is-layout-flow wp-block-group-is-layout-flow\">\n<h1 class=\"wp-block-heading is-style-heading-article\" id=\"huvudrubrik\">Award Ceremony and Artist&#8217;s talks <\/h1>\n\n\n<div class=\"tribe-events-schedule tribe-clearfix\">\n\t<h2 class=\"tribe-events-schedule__datetime\">\n\t\t<span class=\"tribe-events-schedule__date tribe-events-schedule__date--start\">\n\t\t\t<time datetime=\"2023-06-01T18:00:00+02:00\">\n\t\t\t\t1.6 2023\t\t\t<\/time>\n\t\t<\/span>\n\n\t\t\t\t\t<span class=\"tribe-events-schedule__separator tribe-events-schedule__separator--date\">\n\t\t\t\t \t\t\t<\/span>\n\t\t\t<span class=\"tribe-events-schedule__time tribe-events-schedule__time--start\">\n\t\t\t\tat <time datetime=\"2023-06-01T18:00:00+02:00\">18:00<\/time>\n\t\t\t<\/span>\n\t\t\n\t\t\t\t\t\t\t\t\t<span class=\"tribe-events-schedule__separator tribe-events-schedule__separator--time\">\n\t\t\t\t\t &#8211; \t\t\t\t<\/span>\n\t\t\t\n\t\t\t\t\t\t\t<span class=\"tribe-events-schedule__time tribe-events-schedule__time--end\">\n\t\t\t\t\t<time datetime=\"2023-06-01T19:30:00+02:00\">19:30<\/time>\n\t\t\t\t<\/span>\n\t\t\t\n\t\t\t\t\t\t<\/h2>\n<\/div>\n\n\n\n<div class=\"wp-block-columns is-style-information-column is-layout-flex wp-container-core-columns-is-layout-9d6595d7 wp-block-columns-is-layout-flex\">\n<div class=\"wp-block-column is-layout-flow wp-block-column-is-layout-flow\" style=\"flex-basis:50%\">\n<p>The Malm\u00f6 Konsthall Foundation of 1931 awards this year&#8217;s scholarships. This year there are three scholarship holders: Matti Sumari, Pepe Vi\u00f1oles and Jukka V\u00e4rel\u00e4. After the awards, the artists talk about their artistry in an artist talk (in Swedish).<\/p>\n\n\n\n<p>In cooperation with Stiftelsen Malm\u00f6 Konsthall av \u00e5r 1931.<\/p>\n\n\n\n<p><\/p>\n<\/div>\n\n\n\n<div class=\"wp-block-column is-style-information-column is-layout-flow wp-block-column-is-layout-flow\" style=\"flex-basis:33%\">\n<div class=\"wp-block-group\"><div class=\"wp-block-group__inner-container is-layout-flow wp-block-group-is-layout-flow\">\n<h3 class=\"wp-block-heading is-style-body-heading\" id=\"h-information\">Information<\/h3>\n\n\n\n<p class=\"is-style-default\"><strong>What<\/strong>: Award Ceremony &amp; artist talks<br\/><strong>When<\/strong>: Thu 1.6 at 18<br\/><strong>Where<\/strong>: C-salen<\/p>\n\n\n\n<p><\/p>\n\n\n\n<p>Admission free<\/p>\n<\/div><\/div>\n<\/div>\n<\/div>\n<\/div><\/div>\n","protected":false},"excerpt":{"rendered":"<p>Meet the artists Matti Sumari, Pepe Vi\u00f1oles and Jukka V\u00e4rel\u00e4 in an artist talk in connection with the Malm\u00f6 Konsthall Foundation&#8217;s 1931 scholarship award.<\/p>\n","protected":false},"author":5,"featured_media":27743,"template":"","meta":{"_acf_changed":false,"_tec_requires_first_save":false,"inline_featured_image":false,"_price":"","_stock":"","_tribe_ticket_header":"","_tribe_default_ticket_provider":"","_tribe_ticket_capacity":"0","_ticket_start_date":"","_ticket_end_date":"","_tribe_ticket_show_description":"","_tribe_ticket_show_not_going":false,"_tribe_ticket_use_global_stock":"","_tribe_ticket_global_stock_level":"","_global_stock_mode":"","_global_stock_cap":"","_tribe_rsvp_for_event":"","_tribe_ticket_going_count":"","_tribe_ticket_not_going_count":"","_tribe_tickets_list":"[]","_tribe_ticket_has_attendee_info_fields":false,"_EventAllDay":false,"_EventTimezone":"Europe\/Stockholm","_EventStartDate":"2023-06-01 18:00:00","_EventEndDate":"2023-06-01 19:30:00","_EventStartDateUTC":"2023-06-01 16:00:00","_EventEndDateUTC":"2023-06-01 17:30:00","_EventShowMap":false,"_EventShowMapLink":false,"_EventURL":"","_EventCost":"","_EventCostDescription":"","_EventCurrencySymbol":"SEK","_EventCurrencyCode":"","_EventCurrencyPosition":"","_EventDateTimeSeparator":"","_EventTimeRangeSeparator":"","_EventOrganizerID":[],"_EventVenueID":[0],"_OrganizerEmail":"","_OrganizerPhone":"","_OrganizerWebsite":"","_VenueAddress":"","_VenueCity":"","_VenueCountry":"","_VenueProvince":"","_VenueState":"","_VenueZip":"","_VenuePhone":"","_VenueURL":"","_VenueStateProvince":"","_VenueLat":"","_VenueLng":"","_VenueShowMap":false,"_VenueShowMapLink":false,"_tribe_blocks_recurrence_rules":"","_tribe_blocks_recurrence_description":"","_tribe_blocks_recurrence_exclusions":"","_tribe_events_status":"","_tribe_events_status_reason":"","_tribe_events_is_hybrid":"","_tribe_events_is_virtual":"","_tribe_events_virtual_video_source":"","_tribe_events_virtual_embed_video":"","_tribe_events_virtual_linked_button_text":"","_tribe_events_virtual_linked_button":"","_tribe_events_virtual_show_embed_at":"","_tribe_events_virtual_show_embed_to":[],"_tribe_events_virtual_show_on_event":"","_tribe_events_virtual_show_on_views":"","_tribe_events_virtual_url":"","footnotes":"","_tec_slr_enabled":"","_tec_slr_layout":""},"tags":[],"tribe_events_cat":[],"class_list":["post-27748","tribe_events","type-tribe_events","status-publish","has-post-thumbnail","hentry"],"acf":[],"yoast_head":"<!-- This site is optimized with the Yoast SEO Premium plugin v23.3 (Yoast SEO v27.4) - https:\/\/yoast.com\/product\/yoast-seo-premium-wordpress\/ -->\n<title>Award Ceremony and Artist&#039;s talks - Malm\u00f6 Konsthall<\/title>\n<meta name=\"robots\" content=\"index, follow, max-snippet:-1, max-image-preview:large, max-video-preview:-1\" \/>\n<link rel=\"canonical\" href=\"https:\/\/malmokonsthall.se\/en\/evenemangs\/award-ceremony-and-artists-talks\/\" \/>\n<meta property=\"og:locale\" content=\"en_US\" \/>\n<meta property=\"og:type\" content=\"article\" \/>\n<meta property=\"og:title\" content=\"Award Ceremony and Artist&#039;s talks\" \/>\n<meta property=\"og:description\" content=\"Meet the artists Matti Sumari, Pepe Vi\u00f1oles and Jukka V\u00e4rel\u00e4 in an artist talk in connection with the Malm\u00f6 Konsthall Foundation&#039;s 1931 scholarship award.\" \/>\n<meta property=\"og:url\" content=\"https:\/\/malmokonsthall.se\/en\/evenemangs\/award-ceremony-and-artists-talks\/\" \/>\n<meta property=\"og:site_name\" content=\"Malm\u00f6 Konsthall\" \/>\n<meta property=\"article:modified_time\" content=\"2023-05-22T12:43:41+00:00\" \/>\n<meta property=\"og:image\" content=\"https:\/\/malmokonsthall.se\/wp-content\/uploads\/2023\/05\/mall_event_facebook.jpg\" \/>\n\t<meta property=\"og:image:width\" content=\"1810\" \/>\n\t<meta property=\"og:image:height\" content=\"1220\" \/>\n\t<meta property=\"og:image:type\" content=\"image\/jpeg\" \/>\n<meta name=\"twitter:card\" content=\"summary_large_image\" \/>\n<script type=\"application\/ld+json\" class=\"yoast-schema-graph\">{\"@context\":\"https:\\\/\\\/schema.org\",\"@graph\":[{\"@type\":\"WebPage\",\"@id\":\"https:\\\/\\\/malmokonsthall.se\\\/en\\\/evenemangs\\\/award-ceremony-and-artists-talks\\\/\",\"url\":\"https:\\\/\\\/malmokonsthall.se\\\/en\\\/evenemangs\\\/award-ceremony-and-artists-talks\\\/\",\"name\":\"Award Ceremony and Artist's talks - Malm\u00f6 Konsthall\",\"isPartOf\":{\"@id\":\"https:\\\/\\\/malmokonsthall.se\\\/en\\\/#website\"},\"primaryImageOfPage\":{\"@id\":\"https:\\\/\\\/malmokonsthall.se\\\/en\\\/evenemangs\\\/award-ceremony-and-artists-talks\\\/#primaryimage\"},\"image\":{\"@id\":\"https:\\\/\\\/malmokonsthall.se\\\/en\\\/evenemangs\\\/award-ceremony-and-artists-talks\\\/#primaryimage\"},\"thumbnailUrl\":\"https:\\\/\\\/malmokonsthall.se\\\/wp-content\\\/uploads\\\/2023\\\/05\\\/mall_event_facebook.jpg\",\"datePublished\":\"2023-05-22T12:43:29+00:00\",\"dateModified\":\"2023-05-22T12:43:41+00:00\",\"breadcrumb\":{\"@id\":\"https:\\\/\\\/malmokonsthall.se\\\/en\\\/evenemangs\\\/award-ceremony-and-artists-talks\\\/#breadcrumb\"},\"inLanguage\":\"en-US\",\"potentialAction\":[{\"@type\":\"ReadAction\",\"target\":[\"https:\\\/\\\/malmokonsthall.se\\\/en\\\/evenemangs\\\/award-ceremony-and-artists-talks\\\/\"]}]},{\"@type\":\"ImageObject\",\"inLanguage\":\"en-US\",\"@id\":\"https:\\\/\\\/malmokonsthall.se\\\/en\\\/evenemangs\\\/award-ceremony-and-artists-talks\\\/#primaryimage\",\"url\":\"https:\\\/\\\/malmokonsthall.se\\\/wp-content\\\/uploads\\\/2023\\\/05\\\/mall_event_facebook.jpg\",\"contentUrl\":\"https:\\\/\\\/malmokonsthall.se\\\/wp-content\\\/uploads\\\/2023\\\/05\\\/mall_event_facebook.jpg\",\"width\":1810,\"height\":1220,\"caption\":\"Scholarship award ceremony 2023.\"},{\"@type\":\"BreadcrumbList\",\"@id\":\"https:\\\/\\\/malmokonsthall.se\\\/en\\\/evenemangs\\\/award-ceremony-and-artists-talks\\\/#breadcrumb\",\"itemListElement\":[{\"@type\":\"ListItem\",\"position\":1,\"name\":\"Hem\",\"item\":\"https:\\\/\\\/malmokonsthall.se\\\/en\\\/\"},{\"@type\":\"ListItem\",\"position\":2,\"name\":\"Events\",\"item\":\"https:\\\/\\\/malmokonsthall.se\\\/en\\\/evenemang\\\/\"},{\"@type\":\"ListItem\",\"position\":3,\"name\":\"Award Ceremony and Artist&#8217;s talks\"}]},{\"@type\":\"WebSite\",\"@id\":\"https:\\\/\\\/malmokonsthall.se\\\/en\\\/#website\",\"url\":\"https:\\\/\\\/malmokonsthall.se\\\/en\\\/\",\"name\":\"Malm\u00f6 Konsthall\",\"description\":\"\",\"publisher\":{\"@id\":\"https:\\\/\\\/malmokonsthall.se\\\/en\\\/#organization\"},\"potentialAction\":[{\"@type\":\"SearchAction\",\"target\":{\"@type\":\"EntryPoint\",\"urlTemplate\":\"https:\\\/\\\/malmokonsthall.se\\\/en\\\/?s={search_term_string}\"},\"query-input\":{\"@type\":\"PropertyValueSpecification\",\"valueRequired\":true,\"valueName\":\"search_term_string\"}}],\"inLanguage\":\"en-US\"},{\"@type\":\"Organization\",\"@id\":\"https:\\\/\\\/malmokonsthall.se\\\/en\\\/#organization\",\"name\":\"Malm\u00f6 Konsthall\",\"url\":\"https:\\\/\\\/malmokonsthall.se\\\/en\\\/\",\"logo\":{\"@type\":\"ImageObject\",\"inLanguage\":\"en-US\",\"@id\":\"https:\\\/\\\/malmokonsthall.se\\\/en\\\/#\\\/schema\\\/logo\\\/image\\\/\",\"url\":\"https:\\\/\\\/malmokonsthall.se\\\/wp-content\\\/uploads\\\/2021\\\/09\\\/MK-logga-red.png\",\"contentUrl\":\"https:\\\/\\\/malmokonsthall.se\\\/wp-content\\\/uploads\\\/2021\\\/09\\\/MK-logga-red.png\",\"width\":672,\"height\":60,\"caption\":\"Malm\u00f6 Konsthall\"},\"image\":{\"@id\":\"https:\\\/\\\/malmokonsthall.se\\\/en\\\/#\\\/schema\\\/logo\\\/image\\\/\"}}]}<\/script>\n<!-- \/ Yoast SEO Premium plugin. -->","yoast_head_json":{"title":"Award Ceremony and Artist's talks - Malm\u00f6 Konsthall","robots":{"index":"index","follow":"follow","max-snippet":"max-snippet:-1","max-image-preview":"max-image-preview:large","max-video-preview":"max-video-preview:-1"},"canonical":"https:\/\/malmokonsthall.se\/en\/evenemangs\/award-ceremony-and-artists-talks\/","og_locale":"en_US","og_type":"article","og_title":"Award Ceremony and Artist's talks","og_description":"Meet the artists Matti Sumari, Pepe Vi\u00f1oles and Jukka V\u00e4rel\u00e4 in an artist talk in connection with the Malm\u00f6 Konsthall Foundation's 1931 scholarship award.","og_url":"https:\/\/malmokonsthall.se\/en\/evenemangs\/award-ceremony-and-artists-talks\/","og_site_name":"Malm\u00f6 Konsthall","article_modified_time":"2023-05-22T12:43:41+00:00","og_image":[{"width":1810,"height":1220,"url":"https:\/\/malmokonsthall.se\/wp-content\/uploads\/2023\/05\/mall_event_facebook.jpg","type":"image\/jpeg"}],"twitter_card":"summary_large_image","schema":{"@context":"https:\/\/schema.org","@graph":[{"@type":"WebPage","@id":"https:\/\/malmokonsthall.se\/en\/evenemangs\/award-ceremony-and-artists-talks\/","url":"https:\/\/malmokonsthall.se\/en\/evenemangs\/award-ceremony-and-artists-talks\/","name":"Award Ceremony and Artist's talks - Malm\u00f6 Konsthall","isPartOf":{"@id":"https:\/\/malmokonsthall.se\/en\/#website"},"primaryImageOfPage":{"@id":"https:\/\/malmokonsthall.se\/en\/evenemangs\/award-ceremony-and-artists-talks\/#primaryimage"},"image":{"@id":"https:\/\/malmokonsthall.se\/en\/evenemangs\/award-ceremony-and-artists-talks\/#primaryimage"},"thumbnailUrl":"https:\/\/malmokonsthall.se\/wp-content\/uploads\/2023\/05\/mall_event_facebook.jpg","datePublished":"2023-05-22T12:43:29+00:00","dateModified":"2023-05-22T12:43:41+00:00","breadcrumb":{"@id":"https:\/\/malmokonsthall.se\/en\/evenemangs\/award-ceremony-and-artists-talks\/#breadcrumb"},"inLanguage":"en-US","potentialAction":[{"@type":"ReadAction","target":["https:\/\/malmokonsthall.se\/en\/evenemangs\/award-ceremony-and-artists-talks\/"]}]},{"@type":"ImageObject","inLanguage":"en-US","@id":"https:\/\/malmokonsthall.se\/en\/evenemangs\/award-ceremony-and-artists-talks\/#primaryimage","url":"https:\/\/malmokonsthall.se\/wp-content\/uploads\/2023\/05\/mall_event_facebook.jpg","contentUrl":"https:\/\/malmokonsthall.se\/wp-content\/uploads\/2023\/05\/mall_event_facebook.jpg","width":1810,"height":1220,"caption":"Scholarship award ceremony 2023."},{"@type":"BreadcrumbList","@id":"https:\/\/malmokonsthall.se\/en\/evenemangs\/award-ceremony-and-artists-talks\/#breadcrumb","itemListElement":[{"@type":"ListItem","position":1,"name":"Hem","item":"https:\/\/malmokonsthall.se\/en\/"},{"@type":"ListItem","position":2,"name":"Events","item":"https:\/\/malmokonsthall.se\/en\/evenemang\/"},{"@type":"ListItem","position":3,"name":"Award Ceremony and Artist&#8217;s talks"}]},{"@type":"WebSite","@id":"https:\/\/malmokonsthall.se\/en\/#website","url":"https:\/\/malmokonsthall.se\/en\/","name":"Malm\u00f6 Konsthall","description":"","publisher":{"@id":"https:\/\/malmokonsthall.se\/en\/#organization"},"potentialAction":[{"@type":"SearchAction","target":{"@type":"EntryPoint","urlTemplate":"https:\/\/malmokonsthall.se\/en\/?s={search_term_string}"},"query-input":{"@type":"PropertyValueSpecification","valueRequired":true,"valueName":"search_term_string"}}],"inLanguage":"en-US"},{"@type":"Organization","@id":"https:\/\/malmokonsthall.se\/en\/#organization","name":"Malm\u00f6 Konsthall","url":"https:\/\/malmokonsthall.se\/en\/","logo":{"@type":"ImageObject","inLanguage":"en-US","@id":"https:\/\/malmokonsthall.se\/en\/#\/schema\/logo\/image\/","url":"https:\/\/malmokonsthall.se\/wp-content\/uploads\/2021\/09\/MK-logga-red.png","contentUrl":"https:\/\/malmokonsthall.se\/wp-content\/uploads\/2021\/09\/MK-logga-red.png","width":672,"height":60,"caption":"Malm\u00f6 Konsthall"},"image":{"@id":"https:\/\/malmokonsthall.se\/en\/#\/schema\/logo\/image\/"}}]}},"ticketed":false,"_links":{"self":[{"href":"https:\/\/malmokonsthall.se\/en\/wp-json\/wp\/v2\/tribe_events\/27748","targetHints":{"allow":["GET"]}}],"collection":[{"href":"https:\/\/malmokonsthall.se\/en\/wp-json\/wp\/v2\/tribe_events"}],"about":[{"href":"https:\/\/malmokonsthall.se\/en\/wp-json\/wp\/v2\/types\/tribe_events"}],"author":[{"embeddable":true,"href":"https:\/\/malmokonsthall.se\/en\/wp-json\/wp\/v2\/users\/5"}],"version-history":[{"count":0,"href":"https:\/\/malmokonsthall.se\/en\/wp-json\/wp\/v2\/tribe_events\/27748\/revisions"}],"wp:featuredmedia":[{"embeddable":true,"href":"https:\/\/malmokonsthall.se\/en\/wp-json\/wp\/v2\/media\/27743"}],"wp:attachment":[{"href":"https:\/\/malmokonsthall.se\/en\/wp-json\/wp\/v2\/media?parent=27748"}],"wp:term":[{"taxonomy":"post_tag","embeddable":true,"href":"https:\/\/malmokonsthall.se\/en\/wp-json\/wp\/v2\/tags?post=27748"},{"taxonomy":"tribe_events_cat","embeddable":true,"href":"https:\/\/malmokonsthall.se\/en\/wp-json\/wp\/v2\/tribe_events_cat?post=27748"}],"curies":[{"name":"wp","href":"https:\/\/api.w.org\/{rel}","templated":true}]}}