{"id":25924,"date":"2023-03-29T11:54:32","date_gmt":"2023-03-29T09:54:32","guid":{"rendered":"https:\/\/malmokonsthall.se\/public-art-commission-in-sofielund\/"},"modified":"2024-11-14T11:08:41","modified_gmt":"2024-11-14T10:08:41","slug":"public-art-commission-in-sofielund","status":"publish","type":"page","link":"https:\/\/malmokonsthall.se\/en\/public-art-commission-in-sofielund\/","title":{"rendered":"Public art commission in Sofielund"},"content":{"rendered":"  <nav aria-label=\"Breadcrumb navigation\" class=\"breadcrumbs\" typeof=\"BreadcrumbList\" vocab=\"https:\/\/schema.org\/\">\n      <ol>\n          <li class=\"home\"><span property=\"itemListElement\" typeof=\"ListItem\"><a property=\"item\" typeof=\"WebPage\" title=\"G\u00e5 till Startsidan\" href=\"https:\/\/malmokonsthall.se\/en\/\" class=\"home\" aria-current=\"page\"><span property=\"name\">Start<\/span><\/a><\/span><\/li>\n\n      <\/ol>\n  <\/nav>\n\n<figure class=\"wp-block-image size-full is-style-half-width\"><img loading=\"lazy\" decoding=\"async\" width=\"886\" height=\"633\" src=\"https:\/\/malmokonsthall.se\/wp-content\/uploads\/2022\/02\/red-2_2.jpg\" alt=\" \" class=\"wp-image-13512\" srcset=\"https:\/\/malmokonsthall.se\/wp-content\/uploads\/2022\/02\/red-2_2.jpg 886w, https:\/\/malmokonsthall.se\/wp-content\/uploads\/2022\/02\/red-2_2-300x214.jpg 300w, https:\/\/malmokonsthall.se\/wp-content\/uploads\/2022\/02\/red-2_2-768x549.jpg 768w\" sizes=\"auto, (max-width: 886px) 100vw, 886px\" \/><figcaption class=\"wp-element-caption\">From the left: Maxmud Warsame Haji, Uffe Reinholdsson &amp; Anna Jakobsson. Photo: Patricia Hasling<\/figcaption><\/figure>\n\n<div class=\"wp-block-group is-style-page-margin\"><div class=\"wp-block-group__inner-container is-layout-flow wp-block-group-is-layout-flow\">\n<h1 class=\"wp-block-heading is-style-heading-article\" id=\"h-gestaltningsprojekt-sofielund\"><strong>Public art commission in Sofielund <\/strong><\/h1>\n\n\n\n<div class=\"wp-block-columns is-style-information-column is-layout-flex wp-container-core-columns-is-layout-9d6595d7 wp-block-columns-is-layout-flex\">\n<div class=\"wp-block-column is-layout-flow wp-block-column-is-layout-flow\" style=\"flex-basis:50%\">\n<p>The first public commission process to be part of project Konstlyftet took place in 2021. During the spring and summer months, participants from LSS* put together a concept for three public artworks that were inaugurated in the housing block Trevnaden in Sofielund in October. <\/p>\n\n\n\n<p>The work was created by Anna Jakobsson, Uffe Reinholdsson and Maxmud Warsame Haji, participants from Holmg\u00e5ngen\u2019s daily activity centre in Malm\u00f6. The process was led by artists Karin Hasselberg Mang and Cecilia Wendt in collaboration with Malm\u00f6 Konsthall, the Disability Support Office of Malm\u00f6 City and MKB Fastighets AB (real estate company).<\/p>\n\n\n\n<h3 class=\"wp-block-heading is-style-body-heading\" id=\"h-anna-jakobsson\">Anna Jakobsson<\/h3>\n\n\n\n<p class=\"is-style-default\">Anna Jakobsson largely communicates with images and takes her camera with her everywhere she goes. She uses the photographs to talk about her everyday experiences. The images for this piece were selected to mediate a representation of daily life, creating a work that is personal without being overly private. The images have been cropped to a hexagonal shape and the colours have been inspired by architecture. <\/p>\n\n\n\n<h3 class=\"wp-block-heading is-style-body-heading\" id=\"h-maxmud-warsame-haji\">Maxmud Warsame Haji<\/h3>\n\n\n\n<p class=\"is-style-default\">Maxmud Warsame Haji\u2019s work &#8220;Gr\u00f6n gr\u00f6n gr\u00f6n&#8221; (Green Green Green) is a personalised bicycle stand installed by the entrance to Lantmannagatan 25. The bicycle stand is similar to others that are nearby but is painted in the exact same shade as the inner lining of Warsame Haji\u2019s jacket. Through the work, he wishes to spread the colour and joy that he experienced during the Pride festival.<\/p>\n\n\n\n<h3 class=\"wp-block-heading is-style-body-heading\" id=\"h-uffe-reinholdsson\">Uffe Reinholdsson<\/h3>\n\n\n\n<p class=\"is-style-default\">Uffe Reinholdsson\u2019s work is a woven picnic blanket, with additions of tulle and screenprinted details. Reinholdsson wanted to recreate a sense of summer, relaxation and community with his picnic blanket. A sketch was created in natural scale, photographed digitally and then woven at the Swedish School of Textiles in Bor\u00e5s. Reinholdsson often works with text; the poetic stanzas of the title are woven into the blanket. The work can be found by the entrance to Lantmannagatan 25.<\/p>\n\n\n\n<p><\/p>\n<\/div>\n\n\n\n<div class=\"wp-block-column is-style-information-column is-style-body-text is-layout-flow wp-block-column-is-layout-flow\" style=\"flex-basis:33%\">\n<p class=\"is-style-default\"><strong>Information<\/strong><\/p>\n\n\n\n<p class=\"is-style-default\">Go on an art tour with the MKB art app! The app is provided by MKB and guides you through the Konstlyftet-works. Download the app via Google Play.<\/p>\n\n\n\n<p class=\"is-style-default\">*LSS &#8211; The Swedish Act concerning Support and Service for Persons with Certain Functional Impairments.<\/p>\n\n\n\n<div style=\"height:52px\" aria-hidden=\"true\" class=\"wp-block-spacer\"><\/div>\n\n\n\n<figure class=\"wp-block-image size-large is-style-half-width\"><img loading=\"lazy\" decoding=\"async\" width=\"731\" height=\"1024\" src=\"https:\/\/malmokonsthall.se\/wp-content\/uploads\/2023\/03\/Konstlyftet_Anna_2022_Foto-Helena-Pataki--731x1024.jpg\" alt=\"A person in a jacket and hooded sweatshirt, red glasses, and a slight smile. Behind them is a large window with colored sections.\" class=\"wp-image-25569\" srcset=\"https:\/\/malmokonsthall.se\/wp-content\/uploads\/2023\/03\/Konstlyftet_Anna_2022_Foto-Helena-Pataki--731x1024.jpg 731w, https:\/\/malmokonsthall.se\/wp-content\/uploads\/2023\/03\/Konstlyftet_Anna_2022_Foto-Helena-Pataki--214x300.jpg 214w, https:\/\/malmokonsthall.se\/wp-content\/uploads\/2023\/03\/Konstlyftet_Anna_2022_Foto-Helena-Pataki--768x1076.jpg 768w, https:\/\/malmokonsthall.se\/wp-content\/uploads\/2023\/03\/Konstlyftet_Anna_2022_Foto-Helena-Pataki-.jpg 843w\" sizes=\"auto, (max-width: 731px) 100vw, 731px\" \/><figcaption class=\"wp-element-caption\">Anna Jakobsson. Photo: Patricia Hasling<\/figcaption><\/figure>\n\n\n\n<div style=\"height:40px\" aria-hidden=\"true\" class=\"wp-block-spacer\"><\/div>\n\n\n\n<figure class=\"wp-block-image size-large is-style-half-width\"><img loading=\"lazy\" decoding=\"async\" width=\"1024\" height=\"731\" src=\"https:\/\/malmokonsthall.se\/wp-content\/uploads\/2023\/03\/Konstlyftet_2021_Foto-Patricia-Hasling_invigning--1024x731.jpg\" alt=\"A man dressed in black pointing at an enclosed artwork made of brightly colored fabric.\" class=\"wp-image-25572\" srcset=\"https:\/\/malmokonsthall.se\/wp-content\/uploads\/2023\/03\/Konstlyftet_2021_Foto-Patricia-Hasling_invigning--1024x731.jpg 1024w, https:\/\/malmokonsthall.se\/wp-content\/uploads\/2023\/03\/Konstlyftet_2021_Foto-Patricia-Hasling_invigning--300x214.jpg 300w, https:\/\/malmokonsthall.se\/wp-content\/uploads\/2023\/03\/Konstlyftet_2021_Foto-Patricia-Hasling_invigning--768x548.jpg 768w, https:\/\/malmokonsthall.se\/wp-content\/uploads\/2023\/03\/Konstlyftet_2021_Foto-Patricia-Hasling_invigning-.jpg 1181w\" sizes=\"auto, (max-width: 1024px) 100vw, 1024px\" \/><figcaption class=\"wp-element-caption\">Uffe Reinholdsson. Photo: Patricia Hasling<\/figcaption><\/figure>\n<\/div>\n<\/div>\n<\/div><\/div>\n\n<div class=\"wp-block-group\"><div class=\"wp-block-group__inner-container is-layout-constrained wp-block-group-is-layout-constrained\">\n<div class=\"wp-block-columns is-layout-flex wp-container-core-columns-is-layout-9d6595d7 wp-block-columns-is-layout-flex\">\n<div class=\"wp-block-column is-layout-flow wp-block-column-is-layout-flow\" style=\"flex-basis:66.66%\">\n<figure class=\"wp-block-image size-large\"><img loading=\"lazy\" decoding=\"async\" width=\"1024\" height=\"732\" src=\"https:\/\/malmokonsthall.se\/wp-content\/uploads\/2023\/03\/Konstlyftet_2021_Foto-Patricia-Hasling_detalj--1024x732.jpg\" alt=\"Part of a larger artwork made of vibrant fabric with embroidered text.\" class=\"wp-image-25576\" srcset=\"https:\/\/malmokonsthall.se\/wp-content\/uploads\/2023\/03\/Konstlyftet_2021_Foto-Patricia-Hasling_detalj--1024x732.jpg 1024w, https:\/\/malmokonsthall.se\/wp-content\/uploads\/2023\/03\/Konstlyftet_2021_Foto-Patricia-Hasling_detalj--300x214.jpg 300w, https:\/\/malmokonsthall.se\/wp-content\/uploads\/2023\/03\/Konstlyftet_2021_Foto-Patricia-Hasling_detalj--768x549.jpg 768w, https:\/\/malmokonsthall.se\/wp-content\/uploads\/2023\/03\/Konstlyftet_2021_Foto-Patricia-Hasling_detalj-.jpg 1181w\" sizes=\"auto, (max-width: 1024px) 100vw, 1024px\" \/><figcaption class=\"wp-element-caption\">Photo: Patricia Hasling<\/figcaption><\/figure>\n<\/div>\n\n\n\n<div class=\"wp-block-column is-layout-flow wp-block-column-is-layout-flow\" style=\"flex-basis:33.33%\"><\/div>\n<\/div>\n<\/div><\/div>\n\n<p><\/p>\n\n","protected":false},"excerpt":{"rendered":"<p>The first public design project within Konstlyftet was carried out in 2021 in Sofielund<\/p>\n","protected":false},"author":11,"featured_media":13513,"parent":0,"menu_order":0,"comment_status":"closed","ping_status":"closed","template":"","meta":{"_acf_changed":false,"_tec_requires_first_save":true,"inline_featured_image":false,"_price":"","_stock":"","_tribe_ticket_header":"","_tribe_default_ticket_provider":"","_tribe_ticket_capacity":"0","_ticket_start_date":"","_ticket_end_date":"","_tribe_ticket_show_description":"","_tribe_ticket_show_not_going":false,"_tribe_ticket_use_global_stock":"","_tribe_ticket_global_stock_level":"","_global_stock_mode":"","_global_stock_cap":"","_tribe_rsvp_for_event":"","_tribe_ticket_going_count":"","_tribe_ticket_not_going_count":"","_tribe_tickets_list":"[]","_tribe_ticket_has_attendee_info_fields":false,"_EventAllDay":false,"_EventTimezone":"","_EventStartDate":"","_EventEndDate":"","_EventStartDateUTC":"","_EventEndDateUTC":"","_EventShowMap":false,"_EventShowMapLink":false,"_EventURL":"","_EventCost":"","_EventCostDescription":"","_EventCurrencySymbol":"","_EventCurrencyCode":"","_EventCurrencyPosition":"","_EventDateTimeSeparator":"","_EventTimeRangeSeparator":"","_EventOrganizerID":[],"_EventVenueID":[],"_OrganizerEmail":"","_OrganizerPhone":"","_OrganizerWebsite":"","_VenueAddress":"","_VenueCity":"","_VenueCountry":"","_VenueProvince":"","_VenueState":"","_VenueZip":"","_VenuePhone":"","_VenueURL":"","_VenueStateProvince":"","_VenueLat":"","_VenueLng":"","_VenueShowMap":false,"_VenueShowMapLink":false,"_tribe_blocks_recurrence_rules":"","_tribe_blocks_recurrence_description":"","_tribe_blocks_recurrence_exclusions":"","footnotes":"","_tec_slr_enabled":"","_tec_slr_layout":""},"class_list":["post-25924","page","type-page","status-publish","has-post-thumbnail","hentry"],"acf":[],"yoast_head":"<!-- This site is optimized with the Yoast SEO Premium plugin v23.3 (Yoast SEO v27.4) - https:\/\/yoast.com\/product\/yoast-seo-premium-wordpress\/ -->\n<title>Public art commission in Sofielund - Malm\u00f6 Konsthall<\/title>\n<meta name=\"description\" content=\"The first public design project within Konstlyftet was carried out in 2021 in Sofielund\" \/>\n<meta name=\"robots\" content=\"index, follow, max-snippet:-1, max-image-preview:large, max-video-preview:-1\" \/>\n<link rel=\"canonical\" href=\"https:\/\/malmokonsthall.se\/en\/public-art-commission-in-sofielund\/\" \/>\n<meta property=\"og:locale\" content=\"en_US\" \/>\n<meta property=\"og:type\" content=\"article\" \/>\n<meta property=\"og:title\" content=\"Public art commission in Sofielund - Malm\u00f6 Konsthall\" \/>\n<meta property=\"og:description\" content=\"The first public design project within Konstlyftet was carried out in 2021 in Sofielund\" \/>\n<meta property=\"og:url\" content=\"https:\/\/malmokonsthall.se\/en\/public-art-commission-in-sofielund\/\" \/>\n<meta property=\"og:site_name\" content=\"Malm\u00f6 Konsthall\" \/>\n<meta property=\"article:modified_time\" content=\"2024-11-14T10:08:41+00:00\" \/>\n<meta property=\"og:image\" content=\"https:\/\/malmokonsthall.se\/wp-content\/uploads\/2022\/02\/red-2_2.jpg\" \/>\n\t<meta property=\"og:image:width\" content=\"886\" \/>\n\t<meta property=\"og:image:height\" content=\"633\" \/>\n\t<meta property=\"og:image:type\" content=\"image\/jpeg\" \/>\n<meta name=\"twitter:card\" content=\"summary_large_image\" \/>\n<script type=\"application\/ld+json\" class=\"yoast-schema-graph\">{\"@context\":\"https:\\\/\\\/schema.org\",\"@graph\":[{\"@type\":\"WebPage\",\"@id\":\"https:\\\/\\\/malmokonsthall.se\\\/en\\\/public-art-commission-in-sofielund\\\/\",\"url\":\"https:\\\/\\\/malmokonsthall.se\\\/en\\\/public-art-commission-in-sofielund\\\/\",\"name\":\"Public art commission in Sofielund - Malm\u00f6 Konsthall\",\"isPartOf\":{\"@id\":\"https:\\\/\\\/malmokonsthall.se\\\/en\\\/#website\"},\"primaryImageOfPage\":{\"@id\":\"https:\\\/\\\/malmokonsthall.se\\\/en\\\/public-art-commission-in-sofielund\\\/#primaryimage\"},\"image\":{\"@id\":\"https:\\\/\\\/malmokonsthall.se\\\/en\\\/public-art-commission-in-sofielund\\\/#primaryimage\"},\"thumbnailUrl\":\"https:\\\/\\\/malmokonsthall.se\\\/wp-content\\\/uploads\\\/2022\\\/02\\\/red-2_2.jpg\",\"datePublished\":\"2023-03-29T09:54:32+00:00\",\"dateModified\":\"2024-11-14T10:08:41+00:00\",\"description\":\"The first public design project within Konstlyftet was carried out in 2021 in Sofielund\",\"breadcrumb\":{\"@id\":\"https:\\\/\\\/malmokonsthall.se\\\/en\\\/public-art-commission-in-sofielund\\\/#breadcrumb\"},\"inLanguage\":\"en-US\",\"potentialAction\":[{\"@type\":\"ReadAction\",\"target\":[\"https:\\\/\\\/malmokonsthall.se\\\/en\\\/public-art-commission-in-sofielund\\\/\"]}]},{\"@type\":\"ImageObject\",\"inLanguage\":\"en-US\",\"@id\":\"https:\\\/\\\/malmokonsthall.se\\\/en\\\/public-art-commission-in-sofielund\\\/#primaryimage\",\"url\":\"https:\\\/\\\/malmokonsthall.se\\\/wp-content\\\/uploads\\\/2022\\\/02\\\/red-2_2.jpg\",\"contentUrl\":\"https:\\\/\\\/malmokonsthall.se\\\/wp-content\\\/uploads\\\/2022\\\/02\\\/red-2_2.jpg\",\"width\":886,\"height\":633,\"caption\":\"Deltagarna i Konstlyftets gestaltningsprojekt 2021 i Sofielund.\"},{\"@type\":\"BreadcrumbList\",\"@id\":\"https:\\\/\\\/malmokonsthall.se\\\/en\\\/public-art-commission-in-sofielund\\\/#breadcrumb\",\"itemListElement\":[{\"@type\":\"ListItem\",\"position\":1,\"name\":\"Hem\",\"item\":\"https:\\\/\\\/malmokonsthall.se\\\/en\\\/\"},{\"@type\":\"ListItem\",\"position\":2,\"name\":\"Public art commission in Sofielund\"}]},{\"@type\":\"WebSite\",\"@id\":\"https:\\\/\\\/malmokonsthall.se\\\/en\\\/#website\",\"url\":\"https:\\\/\\\/malmokonsthall.se\\\/en\\\/\",\"name\":\"Malm\u00f6 Konsthall\",\"description\":\"\",\"publisher\":{\"@id\":\"https:\\\/\\\/malmokonsthall.se\\\/en\\\/#organization\"},\"potentialAction\":[{\"@type\":\"SearchAction\",\"target\":{\"@type\":\"EntryPoint\",\"urlTemplate\":\"https:\\\/\\\/malmokonsthall.se\\\/en\\\/?s={search_term_string}\"},\"query-input\":{\"@type\":\"PropertyValueSpecification\",\"valueRequired\":true,\"valueName\":\"search_term_string\"}}],\"inLanguage\":\"en-US\"},{\"@type\":\"Organization\",\"@id\":\"https:\\\/\\\/malmokonsthall.se\\\/en\\\/#organization\",\"name\":\"Malm\u00f6 Konsthall\",\"url\":\"https:\\\/\\\/malmokonsthall.se\\\/en\\\/\",\"logo\":{\"@type\":\"ImageObject\",\"inLanguage\":\"en-US\",\"@id\":\"https:\\\/\\\/malmokonsthall.se\\\/en\\\/#\\\/schema\\\/logo\\\/image\\\/\",\"url\":\"https:\\\/\\\/malmokonsthall.se\\\/wp-content\\\/uploads\\\/2021\\\/09\\\/MK-logga-red.png\",\"contentUrl\":\"https:\\\/\\\/malmokonsthall.se\\\/wp-content\\\/uploads\\\/2021\\\/09\\\/MK-logga-red.png\",\"width\":672,\"height\":60,\"caption\":\"Malm\u00f6 Konsthall\"},\"image\":{\"@id\":\"https:\\\/\\\/malmokonsthall.se\\\/en\\\/#\\\/schema\\\/logo\\\/image\\\/\"}}]}<\/script>\n<!-- \/ Yoast SEO Premium plugin. -->","yoast_head_json":{"title":"Public art commission in Sofielund - Malm\u00f6 Konsthall","description":"The first public design project within Konstlyftet was carried out in 2021 in Sofielund","robots":{"index":"index","follow":"follow","max-snippet":"max-snippet:-1","max-image-preview":"max-image-preview:large","max-video-preview":"max-video-preview:-1"},"canonical":"https:\/\/malmokonsthall.se\/en\/public-art-commission-in-sofielund\/","og_locale":"en_US","og_type":"article","og_title":"Public art commission in Sofielund - Malm\u00f6 Konsthall","og_description":"The first public design project within Konstlyftet was carried out in 2021 in Sofielund","og_url":"https:\/\/malmokonsthall.se\/en\/public-art-commission-in-sofielund\/","og_site_name":"Malm\u00f6 Konsthall","article_modified_time":"2024-11-14T10:08:41+00:00","og_image":[{"width":886,"height":633,"url":"https:\/\/malmokonsthall.se\/wp-content\/uploads\/2022\/02\/red-2_2.jpg","type":"image\/jpeg"}],"twitter_card":"summary_large_image","schema":{"@context":"https:\/\/schema.org","@graph":[{"@type":"WebPage","@id":"https:\/\/malmokonsthall.se\/en\/public-art-commission-in-sofielund\/","url":"https:\/\/malmokonsthall.se\/en\/public-art-commission-in-sofielund\/","name":"Public art commission in Sofielund - Malm\u00f6 Konsthall","isPartOf":{"@id":"https:\/\/malmokonsthall.se\/en\/#website"},"primaryImageOfPage":{"@id":"https:\/\/malmokonsthall.se\/en\/public-art-commission-in-sofielund\/#primaryimage"},"image":{"@id":"https:\/\/malmokonsthall.se\/en\/public-art-commission-in-sofielund\/#primaryimage"},"thumbnailUrl":"https:\/\/malmokonsthall.se\/wp-content\/uploads\/2022\/02\/red-2_2.jpg","datePublished":"2023-03-29T09:54:32+00:00","dateModified":"2024-11-14T10:08:41+00:00","description":"The first public design project within Konstlyftet was carried out in 2021 in Sofielund","breadcrumb":{"@id":"https:\/\/malmokonsthall.se\/en\/public-art-commission-in-sofielund\/#breadcrumb"},"inLanguage":"en-US","potentialAction":[{"@type":"ReadAction","target":["https:\/\/malmokonsthall.se\/en\/public-art-commission-in-sofielund\/"]}]},{"@type":"ImageObject","inLanguage":"en-US","@id":"https:\/\/malmokonsthall.se\/en\/public-art-commission-in-sofielund\/#primaryimage","url":"https:\/\/malmokonsthall.se\/wp-content\/uploads\/2022\/02\/red-2_2.jpg","contentUrl":"https:\/\/malmokonsthall.se\/wp-content\/uploads\/2022\/02\/red-2_2.jpg","width":886,"height":633,"caption":"Deltagarna i Konstlyftets gestaltningsprojekt 2021 i Sofielund."},{"@type":"BreadcrumbList","@id":"https:\/\/malmokonsthall.se\/en\/public-art-commission-in-sofielund\/#breadcrumb","itemListElement":[{"@type":"ListItem","position":1,"name":"Hem","item":"https:\/\/malmokonsthall.se\/en\/"},{"@type":"ListItem","position":2,"name":"Public art commission in Sofielund"}]},{"@type":"WebSite","@id":"https:\/\/malmokonsthall.se\/en\/#website","url":"https:\/\/malmokonsthall.se\/en\/","name":"Malm\u00f6 Konsthall","description":"","publisher":{"@id":"https:\/\/malmokonsthall.se\/en\/#organization"},"potentialAction":[{"@type":"SearchAction","target":{"@type":"EntryPoint","urlTemplate":"https:\/\/malmokonsthall.se\/en\/?s={search_term_string}"},"query-input":{"@type":"PropertyValueSpecification","valueRequired":true,"valueName":"search_term_string"}}],"inLanguage":"en-US"},{"@type":"Organization","@id":"https:\/\/malmokonsthall.se\/en\/#organization","name":"Malm\u00f6 Konsthall","url":"https:\/\/malmokonsthall.se\/en\/","logo":{"@type":"ImageObject","inLanguage":"en-US","@id":"https:\/\/malmokonsthall.se\/en\/#\/schema\/logo\/image\/","url":"https:\/\/malmokonsthall.se\/wp-content\/uploads\/2021\/09\/MK-logga-red.png","contentUrl":"https:\/\/malmokonsthall.se\/wp-content\/uploads\/2021\/09\/MK-logga-red.png","width":672,"height":60,"caption":"Malm\u00f6 Konsthall"},"image":{"@id":"https:\/\/malmokonsthall.se\/en\/#\/schema\/logo\/image\/"}}]}},"ticketed":false,"_links":{"self":[{"href":"https:\/\/malmokonsthall.se\/en\/wp-json\/wp\/v2\/pages\/25924","targetHints":{"allow":["GET"]}}],"collection":[{"href":"https:\/\/malmokonsthall.se\/en\/wp-json\/wp\/v2\/pages"}],"about":[{"href":"https:\/\/malmokonsthall.se\/en\/wp-json\/wp\/v2\/types\/page"}],"author":[{"embeddable":true,"href":"https:\/\/malmokonsthall.se\/en\/wp-json\/wp\/v2\/users\/11"}],"replies":[{"embeddable":true,"href":"https:\/\/malmokonsthall.se\/en\/wp-json\/wp\/v2\/comments?post=25924"}],"version-history":[{"count":2,"href":"https:\/\/malmokonsthall.se\/en\/wp-json\/wp\/v2\/pages\/25924\/revisions"}],"predecessor-version":[{"id":37095,"href":"https:\/\/malmokonsthall.se\/en\/wp-json\/wp\/v2\/pages\/25924\/revisions\/37095"}],"wp:featuredmedia":[{"embeddable":true,"href":"https:\/\/malmokonsthall.se\/en\/wp-json\/wp\/v2\/media\/13513"}],"wp:attachment":[{"href":"https:\/\/malmokonsthall.se\/en\/wp-json\/wp\/v2\/media?parent=25924"}],"curies":[{"name":"wp","href":"https:\/\/api.w.org\/{rel}","templated":true}]}}