{"id":22907,"date":"2022-11-25T18:10:55","date_gmt":"2022-11-25T16:10:55","guid":{"rendered":"https:\/\/malmokonsthall.se\/project-listen\/"},"modified":"2024-11-14T11:45:54","modified_gmt":"2024-11-14T10:45:54","slug":"project-listen","status":"publish","type":"page","link":"https:\/\/malmokonsthall.se\/en\/project-listen\/","title":{"rendered":"Projekt: Lyssna &#8220;Listen&#8221;"},"content":{"rendered":"  <nav aria-label=\"Breadcrumb navigation\" class=\"breadcrumbs\" typeof=\"BreadcrumbList\" vocab=\"https:\/\/schema.org\/\">\n      <ol>\n          <li class=\"home\"><span property=\"itemListElement\" typeof=\"ListItem\"><a property=\"item\" typeof=\"WebPage\" title=\"G\u00e5 till Startsidan\" href=\"https:\/\/malmokonsthall.se\/en\/\" class=\"home\" aria-current=\"page\"><span property=\"name\">Start<\/span><\/a><\/span><\/li>\n\n      <\/ol>\n  <\/nav>\n\n<div class=\"wp-block-group is-style-page-margin has-background\" style=\"background-color:#e6fffb\"><div class=\"wp-block-group__inner-container is-layout-constrained wp-block-group-is-layout-constrained\">\n<div class=\"wp-block-columns is-layout-flex wp-container-core-columns-is-layout-9d6595d7 wp-block-columns-is-layout-flex\">\n<div class=\"wp-block-column is-layout-flow wp-block-column-is-layout-flow\" style=\"flex-basis:66.66%\">\n<div style=\"height:59px\" aria-hidden=\"true\" class=\"wp-block-spacer\"><\/div>\n\n\n\n<h1 class=\"wp-block-heading\" id=\"h-projekt-lyssna-nbsp\">Project: Lyssna &#8220;Listen&#8221;<\/h1>\n\n\n\n<p>&#8220;Lyssna&#8221; (Listen) was a participatory arts project that explored how we can create platforms for people with disabilities who are curious about art and how to work with art. Here you can see documentation of the project. The goal of the project was to make visible the target group&#8217;s stories and creative resources within the field of art for a broader audience. The project ran from May 2022 \u2013 February 2023.<\/p>\n\n\n\n<p>On this page, you can access documentation of the project carried out by: Kirseberg&#8217;s Daily Activity Centre Redaktionen, Podd-gruppen, AntennenFilm and Terabyte.<\/p>\n\n\n\n<div class=\"wp-block-malmo-konsthall-accordion block-accordion-container active\"><button class=\"block-accordion\" type=\"button\" onclick=\"handleAccordianClick(this)\" aria-controls=\"accordion_content_575f6ced-2c58-4f2a-8261-46c946ca2325\" aria-expanded=\"false\" id=\"accordion_content-container_575f6ced-2c58-4f2a-8261-46c946ca2325\" tabindex=\"0\"><span class=\"accordion__title\">Workshops with established artists<\/span><svg width=\"14\" height=\"14\" viewBox=\"0 0 14 14\" fill=\"none\" xmlns=\"http:\/\/www.w3.org\/2000\/svg\" class=\"accordion__icon acc_plus\"><path d=\"M14 8H8H6H0V6H6H8H14V8Z\" fill=\"black\" class=\"stroke\"><\/path><path d=\"M6 14L6 8L6 6L6 -8.74228e-08L8 0L8 6L8 8L8 14L6 14Z\" fill=\"black\" class=\"stroke-minus\"><\/path><\/svg><\/button><div class=\"accordion__content\" role=\"region\" id=\"accordion_content_575f6ced-2c58-4f2a-8261-46c946ca2325\" tabindex=\"0\" aria-labelledby=\"accordion_content-container_575f6ced-2c58-4f2a-8261-46c946ca2325\"><div class=\"accordion__text\">\n\n<p> While the project \u201dKonstlyftet\u201d focused solely on residents of Malm\u00f6, \u201dLyssna\u201d included LSS residences and Daily Activity centres throughout Sk\u00e5ne. During the project, nine established artists were invited to run individual workshops in their respective techniques, spanning from painting and sculpture to installations and textile design. The participating artists were Tom Di Maria, Viktor Rosdahl, Sofia Zwahlen, Sigrid Holmwood, Ellinor Lager, Linnea Carlsson, Selma Sj\u00f6stedt, Kim Dem\u00e5ne, and Sergio Augusto. In total, several hundred people from across Sk\u00e5ne participated in these workshops. All the artworks created during the project were showcased in a digital exhibition that opened in December 2022. The exhibition, featuring around 200 pieces, was accessible at Malm\u00f6 Konsthall, on the Konsthall&#8217;s website, and on Malm\u00f6 city&#8217;s billboards across various locations in the city.<\/p>\n\n<\/div><\/div><\/div>\n<\/div>\n\n\n\n<div class=\"wp-block-column is-layout-flow wp-block-column-is-layout-flow\" style=\"flex-basis:33.33%\"><\/div>\n<\/div>\n<\/div><\/div>\n\n<div class=\"wp-block-group\"><div class=\"wp-block-group__inner-container is-layout-constrained wp-block-group-is-layout-constrained\">\n<div class=\"wp-block-media-text alignwide is-stacked-on-mobile is-style-text-align-center has-background\" style=\"background-color:#ffc2e9b0\"><figure class=\"wp-block-media-text__media\"><img decoding=\"async\" src=\"https:\/\/malmokonsthall.se\/wp-content\/uploads\/2023\/11\/omslag_kim-1024x492.jpg\" alt=\"\" class=\"wp-image-31558 size-full\"\/><\/figure><div class=\"wp-block-media-text__content\">\n<h2 class=\"wp-block-heading is-style-body-heading\" id=\"h-animation-med-konstnaren-kim-demane-nbsp\">Animation with the artist Kim Dem\u00e5ne \u00a0<\/h2>\n\n\n\n<p>The outcome of artist Kim Dem\u00e5ne&#8217;s animation workshop was a short film. The vibrant character is made up of several paintings made during the workshop by participants from LSS residences and daily activity centres in Sk\u00e5ne.<\/p>\n<\/div><\/div>\n\n\n\n<div class=\"wp-block-media-text alignwide has-media-on-the-right is-stacked-on-mobile is-style-text-align-center has-background\" style=\"background-color:#f5ffd8\"><div class=\"wp-block-media-text__content\">\n<h2 class=\"wp-block-heading is-style-body-heading\">Interview video featuring artist Sergio Augusto<\/h2>\n\n\n\n<p>Documentation and interview with artist Sergio Augusto during the his workshop at Malm\u00f6 Konsthall. The film was made by AntennenFilm at Kirsebergs DV.<\/p>\n\n\n\n<p><a href=\"https:\/\/www.youtube.com\/watch?v=vwUJLweflG0\">See the film<\/a><\/p>\n\n\n\n<div style=\"height:45px\" aria-hidden=\"true\" class=\"wp-block-spacer\"><\/div>\n<\/div><figure class=\"wp-block-media-text__media\"><img loading=\"lazy\" decoding=\"async\" width=\"1012\" height=\"567\" src=\"https:\/\/malmokonsthall.se\/wp-content\/uploads\/2023\/11\/sergio_lyssna.png\" alt=\"Image of artist Sergio Augusto in a fantasy costume being interviewed by a person extending a microphone towards them.\" class=\"wp-image-31906 size-full\" srcset=\"https:\/\/malmokonsthall.se\/wp-content\/uploads\/2023\/11\/sergio_lyssna.png 1012w, https:\/\/malmokonsthall.se\/wp-content\/uploads\/2023\/11\/sergio_lyssna-300x168.png 300w, https:\/\/malmokonsthall.se\/wp-content\/uploads\/2023\/11\/sergio_lyssna-768x430.png 768w\" sizes=\"auto, (max-width: 1012px) 100vw, 1012px\" \/><\/figure><\/div>\n\n\n\n<div class=\"wp-block-group is-style-page-margin has-white-background-color has-background\"><div class=\"wp-block-group__inner-container is-layout-constrained wp-block-group-is-layout-constrained\">\n<div style=\"height:26px\" aria-hidden=\"true\" class=\"wp-block-spacer\"><\/div>\n\n\n\n<h2 class=\"wp-block-heading is-style-body-heading\" id=\"h-bilder-fran-workshop-med-kim-demane\">Images from workshop with Kim Dem\u00e5ne <\/h2>\n\n\n\n<p>Together, we sketched each other on large sheets of paper and painted the figures.&#13;\nThe drawings eventually turned into an animated film.<\/p>\n\n\n\n<div style=\"height:51px\" aria-hidden=\"true\" class=\"wp-block-spacer\"><\/div>\n\n\n\n<figure class=\"wp-block-gallery alignwide has-nested-images columns-4 has-white-background-color has-background wp-block-gallery-1 is-layout-flex wp-block-gallery-is-layout-flex\">\n<figure class=\"wp-block-image size-large\"><img loading=\"lazy\" decoding=\"async\" width=\"763\" height=\"1024\" data-id=\"30400\" src=\"https:\/\/malmokonsthall.se\/wp-content\/uploads\/2023\/10\/IMG_4284-1-763x1024.jpg\" alt=\"A person is creating art in the workshop at Malm&#xF6; Konsthall.\" class=\"wp-image-30400\" srcset=\"https:\/\/malmokonsthall.se\/wp-content\/uploads\/2023\/10\/IMG_4284-1-763x1024.jpg 763w, https:\/\/malmokonsthall.se\/wp-content\/uploads\/2023\/10\/IMG_4284-1-223x300.jpg 223w, https:\/\/malmokonsthall.se\/wp-content\/uploads\/2023\/10\/IMG_4284-1-768x1031.jpg 768w, https:\/\/malmokonsthall.se\/wp-content\/uploads\/2023\/10\/IMG_4284-1-1144x1536.jpg 1144w, https:\/\/malmokonsthall.se\/wp-content\/uploads\/2023\/10\/IMG_4284-1-1525x2048.jpg 1525w, https:\/\/malmokonsthall.se\/wp-content\/uploads\/2023\/10\/IMG_4284-1.jpg 1952w\" sizes=\"auto, (max-width: 763px) 100vw, 763px\" \/><\/figure>\n\n\n\n<figure class=\"wp-block-image size-large\"><img loading=\"lazy\" decoding=\"async\" width=\"763\" height=\"1024\" data-id=\"30394\" src=\"https:\/\/malmokonsthall.se\/wp-content\/uploads\/2023\/10\/IMG_4274-1-763x1024.jpg\" alt=\"A person is creating art in the workshop at Malm&#xF6; Konsthall.\" class=\"wp-image-30394\" srcset=\"https:\/\/malmokonsthall.se\/wp-content\/uploads\/2023\/10\/IMG_4274-1-763x1024.jpg 763w, https:\/\/malmokonsthall.se\/wp-content\/uploads\/2023\/10\/IMG_4274-1-223x300.jpg 223w, https:\/\/malmokonsthall.se\/wp-content\/uploads\/2023\/10\/IMG_4274-1-768x1031.jpg 768w, https:\/\/malmokonsthall.se\/wp-content\/uploads\/2023\/10\/IMG_4274-1-1144x1536.jpg 1144w, https:\/\/malmokonsthall.se\/wp-content\/uploads\/2023\/10\/IMG_4274-1-1525x2048.jpg 1525w, https:\/\/malmokonsthall.se\/wp-content\/uploads\/2023\/10\/IMG_4274-1.jpg 1952w\" sizes=\"auto, (max-width: 763px) 100vw, 763px\" \/><\/figure>\n\n\n\n<figure class=\"wp-block-image size-large\"><img loading=\"lazy\" decoding=\"async\" width=\"766\" height=\"1024\" data-id=\"30392\" src=\"https:\/\/malmokonsthall.se\/wp-content\/uploads\/2023\/10\/IMG_4272-1-766x1024.jpg\" alt=\"Kim Dem&#xE5;ne is painting a silhouette of a person in a wheelchair.\" class=\"wp-image-30392\" srcset=\"https:\/\/malmokonsthall.se\/wp-content\/uploads\/2023\/10\/IMG_4272-1-766x1024.jpg 766w, https:\/\/malmokonsthall.se\/wp-content\/uploads\/2023\/10\/IMG_4272-1-224x300.jpg 224w, https:\/\/malmokonsthall.se\/wp-content\/uploads\/2023\/10\/IMG_4272-1-768x1027.jpg 768w, https:\/\/malmokonsthall.se\/wp-content\/uploads\/2023\/10\/IMG_4272-1-1149x1536.jpg 1149w, https:\/\/malmokonsthall.se\/wp-content\/uploads\/2023\/10\/IMG_4272-1-1532x2048.jpg 1532w\" sizes=\"auto, (max-width: 766px) 100vw, 766px\" \/><\/figure>\n\n\n\n<figure class=\"wp-block-image size-large\"><img loading=\"lazy\" decoding=\"async\" width=\"766\" height=\"1024\" data-id=\"30390\" src=\"https:\/\/malmokonsthall.se\/wp-content\/uploads\/2023\/10\/IMG_4268-1-766x1024.jpg\" alt=\"Kim Dem&#xE5;ne is drawing a silhouette around a person standing against a wall.\" class=\"wp-image-30390\" srcset=\"https:\/\/malmokonsthall.se\/wp-content\/uploads\/2023\/10\/IMG_4268-1-766x1024.jpg 766w, https:\/\/malmokonsthall.se\/wp-content\/uploads\/2023\/10\/IMG_4268-1-224x300.jpg 224w, https:\/\/malmokonsthall.se\/wp-content\/uploads\/2023\/10\/IMG_4268-1-768x1027.jpg 768w, https:\/\/malmokonsthall.se\/wp-content\/uploads\/2023\/10\/IMG_4268-1-1149x1536.jpg 1149w, https:\/\/malmokonsthall.se\/wp-content\/uploads\/2023\/10\/IMG_4268-1-1532x2048.jpg 1532w\" sizes=\"auto, (max-width: 766px) 100vw, 766px\" \/><\/figure>\n\n\n\n<figure class=\"wp-block-image size-large\"><img loading=\"lazy\" decoding=\"async\" width=\"767\" height=\"1024\" data-id=\"30378\" src=\"https:\/\/malmokonsthall.se\/wp-content\/uploads\/2023\/10\/IMG_4236-1-767x1024.jpg\" alt=\"A person is creating art in the workshop at Malm&#xF6; Konsthall.\" class=\"wp-image-30378\" srcset=\"https:\/\/malmokonsthall.se\/wp-content\/uploads\/2023\/10\/IMG_4236-1-767x1024.jpg 767w, https:\/\/malmokonsthall.se\/wp-content\/uploads\/2023\/10\/IMG_4236-1-225x300.jpg 225w, https:\/\/malmokonsthall.se\/wp-content\/uploads\/2023\/10\/IMG_4236-1-768x1025.jpg 768w, https:\/\/malmokonsthall.se\/wp-content\/uploads\/2023\/10\/IMG_4236-1-1151x1536.jpg 1151w, https:\/\/malmokonsthall.se\/wp-content\/uploads\/2023\/10\/IMG_4236-1-1534x2048.jpg 1534w\" sizes=\"auto, (max-width: 767px) 100vw, 767px\" \/><\/figure>\n\n\n\n<figure class=\"wp-block-image size-large\"><img loading=\"lazy\" decoding=\"async\" width=\"766\" height=\"1024\" data-id=\"30374\" src=\"https:\/\/malmokonsthall.se\/wp-content\/uploads\/2023\/10\/IMG_4250-1-766x1024.jpg\" alt=\"A person is creating art in the workshop at Malm&#xF6; Konsthall.\" class=\"wp-image-30374\" srcset=\"https:\/\/malmokonsthall.se\/wp-content\/uploads\/2023\/10\/IMG_4250-1-766x1024.jpg 766w, https:\/\/malmokonsthall.se\/wp-content\/uploads\/2023\/10\/IMG_4250-1-224x300.jpg 224w, https:\/\/malmokonsthall.se\/wp-content\/uploads\/2023\/10\/IMG_4250-1-768x1027.jpg 768w, https:\/\/malmokonsthall.se\/wp-content\/uploads\/2023\/10\/IMG_4250-1-1149x1536.jpg 1149w, https:\/\/malmokonsthall.se\/wp-content\/uploads\/2023\/10\/IMG_4250-1-1532x2048.jpg 1532w\" sizes=\"auto, (max-width: 766px) 100vw, 766px\" \/><\/figure>\n\n\n\n<figure class=\"wp-block-image size-large\"><img loading=\"lazy\" decoding=\"async\" width=\"761\" height=\"1024\" data-id=\"30372\" src=\"https:\/\/malmokonsthall.se\/wp-content\/uploads\/2023\/10\/IMG_4245-1-761x1024.jpg\" alt=\"Two people are standing with their artworks in the workshop at Malm&#xF6; Konsthall.\" class=\"wp-image-30372\" srcset=\"https:\/\/malmokonsthall.se\/wp-content\/uploads\/2023\/10\/IMG_4245-1-761x1024.jpg 761w, https:\/\/malmokonsthall.se\/wp-content\/uploads\/2023\/10\/IMG_4245-1-223x300.jpg 223w, https:\/\/malmokonsthall.se\/wp-content\/uploads\/2023\/10\/IMG_4245-1-768x1033.jpg 768w, https:\/\/malmokonsthall.se\/wp-content\/uploads\/2023\/10\/IMG_4245-1-1142x1536.jpg 1142w, https:\/\/malmokonsthall.se\/wp-content\/uploads\/2023\/10\/IMG_4245-1-1522x2048.jpg 1522w, https:\/\/malmokonsthall.se\/wp-content\/uploads\/2023\/10\/IMG_4245-1.jpg 1648w\" sizes=\"auto, (max-width: 761px) 100vw, 761px\" \/><\/figure>\n\n\n\n<figure class=\"wp-block-image size-large\"><img loading=\"lazy\" decoding=\"async\" width=\"761\" height=\"1024\" data-id=\"30370\" src=\"https:\/\/malmokonsthall.se\/wp-content\/uploads\/2023\/10\/IMG_4261-1-761x1024.jpg\" alt=\"Two people are creating together at Malm&#xF6; Konsthall.\" class=\"wp-image-30370\" srcset=\"https:\/\/malmokonsthall.se\/wp-content\/uploads\/2023\/10\/IMG_4261-1-761x1024.jpg 761w, https:\/\/malmokonsthall.se\/wp-content\/uploads\/2023\/10\/IMG_4261-1-223x300.jpg 223w, https:\/\/malmokonsthall.se\/wp-content\/uploads\/2023\/10\/IMG_4261-1-768x1033.jpg 768w, https:\/\/malmokonsthall.se\/wp-content\/uploads\/2023\/10\/IMG_4261-1-1142x1536.jpg 1142w, https:\/\/malmokonsthall.se\/wp-content\/uploads\/2023\/10\/IMG_4261-1-1522x2048.jpg 1522w, https:\/\/malmokonsthall.se\/wp-content\/uploads\/2023\/10\/IMG_4261-1.jpg 1648w\" sizes=\"auto, (max-width: 761px) 100vw, 761px\" \/><\/figure>\n<\/figure>\n<\/div><\/div>\n\n\n\n<div class=\"wp-block-media-text alignwide is-stacked-on-mobile is-style-text-align-center has-background\" style=\"background-color:#ddd5f2\"><figure class=\"wp-block-media-text__media\"><img loading=\"lazy\" decoding=\"async\" width=\"1024\" height=\"705\" src=\"https:\/\/malmokonsthall.se\/wp-content\/uploads\/2022\/04\/Kim-Dema\u030ane-workshop-1024x705-1.jpeg\" alt=\"Image of artist Kim Dem\u00e5ne crouching next to one of their graffiti works.\" class=\"wp-image-14575 size-full\" srcset=\"https:\/\/malmokonsthall.se\/wp-content\/uploads\/2022\/04\/Kim-Dema\u030ane-workshop-1024x705-1.jpeg 1024w, https:\/\/malmokonsthall.se\/wp-content\/uploads\/2022\/04\/Kim-Dema\u030ane-workshop-1024x705-1-300x207.jpeg 300w, https:\/\/malmokonsthall.se\/wp-content\/uploads\/2022\/04\/Kim-Dema\u030ane-workshop-1024x705-1-768x529.jpeg 768w\" sizes=\"auto, (max-width: 1024px) 100vw, 1024px\" \/><\/figure><div class=\"wp-block-media-text__content\">\n<h2 class=\"wp-block-heading wp-embed-aspect-21-9 wp-has-aspect-ratio is-style-body-heading\">Interview with the artist Kim Dem\u00e5ne<\/h2>\n\n\n\n<p class=\"wp-embed-aspect-21-9 wp-has-aspect-ratio\">We at Redaktionen (the Editorial Office) have interviewed an artist at Malm\u00f6 Konsthall. His name is Kim Dem\u00e5ne and he has held a workshop with different Daily Activities Centres in Malm\u00f6.<\/p>\n\n\n\n<div style=\"height:17px\" aria-hidden=\"true\" class=\"wp-block-spacer\"><\/div>\n\n\n\n<div class=\"wp-block-malmo-konsthall-accordion block-accordion-container active\"><button class=\"block-accordion\" type=\"button\" onclick=\"handleAccordianClick(this)\" aria-controls=\"accordion_content_06734c61-4163-40a1-a26e-62411b02904e\" aria-expanded=\"false\" id=\"accordion_content-container_06734c61-4163-40a1-a26e-62411b02904e\" tabindex=\"0\"><span class=\"accordion__title\"> Read the interview<\/span><svg width=\"14\" height=\"14\" viewBox=\"0 0 14 14\" fill=\"none\" xmlns=\"http:\/\/www.w3.org\/2000\/svg\" class=\"accordion__icon acc_plus\"><path d=\"M14 8H8H6H0V6H6H8H14V8Z\" fill=\"black\" class=\"stroke\"><\/path><path d=\"M6 14L6 8L6 6L6 -8.74228e-08L8 0L8 6L8 8L8 14L6 14Z\" fill=\"black\" class=\"stroke-minus\"><\/path><\/svg><\/button><div class=\"accordion__content\" role=\"region\" id=\"accordion_content_06734c61-4163-40a1-a26e-62411b02904e\" tabindex=\"0\" aria-labelledby=\"accordion_content-container_06734c61-4163-40a1-a26e-62411b02904e\"><div class=\"accordion__text\">\n\n<p>Kim says he has been drawing and sketching since he was little. He also shares that he might have been an artist his whole life but has been working as an active artist since 2014. For ten years, he has been trying to live as an artist in various ways.<\/p>\n\n\n<p>Kim shares that his interest in art comes from his mother, who is also an artist.&#13;\n&#13;\n-Both my sister and I used to draw a lot in her studio.<\/p>\n\n\n<p>He mentions that apart from the Konsthall, he has exhibited in his hometown Ronneby and in cities like Copenhagen, Amsterdam, New York, and Paris.&#13;\n&#13;\n-Everywhere I&#8217;ve been, I&#8217;ve always painted, says Kim.<\/p>\n\n\n<p>Kim talks about his art, mentioning that ever since he was a child, he drew comics. His drawings were composed of lines, typical of comics. He also shares his fondness for old paintings from the Renaissance.&#13;\n&#13;\n&#8211; So, a mix of those elements is what I&#8217;d like to achieve someday. Art should always provide an answer; it should also pose a question.<\/p>\n\n\n<p>The best part of his job is that he gets to do what he wants. He mentions turning down a big company that makes a lot of money building ships and weapons.&#13;\n&#13;\n-Then I was reminded again that I can do what I want. The Konsthall asked me if I wanted to do a workshop with them, and I said yes. It&#8217;s not always about money.<\/p>\n\n\n<p>Kim talks a bit about his graffiti paintings on different buildings. He has painted a large dragon on a house for his friend, which was appreciated and featured in newspapers.&#13;\n&#13;\n-That became one of Sweden&#8217;s big summer news stories in 2015, says Kim.<\/p>\n\n\n<p>That led to a woman calling him and wishing for a mural painting on her 81st birthday, which he painted. It also became a fantastic summer news story.<\/p>\n\n\n<p>Today, we&#8217;ve helped Kim create a sequence of images featuring various figures that he will photograph, ultimately resulting in a colourful figure that will move and walk.<\/p>\n\n\n<p>Kim finds inspiration in many different ways, and it has changed over time. He shares that he has &#8216;built&#8217; his own world, Delicious Brains, some kind of personal visual universe with his imagination. He also draws a lot of inspiration from his beloved little daughter, Maxine.<\/p>\n\n\n<p> We at Kirsebergs DV want to thank Kim Dem\u00e5ne for an exciting collaboration.<\/p>\n\n\n<p> The text is written by Christina Dimitriou, Editorial team.<\/p>\n\n\n<p><\/p>\n\n<\/div><\/div><\/div>\n<\/div><\/div>\n\n\n\n<div class=\"wp-block-media-text alignwide has-media-on-the-right is-stacked-on-mobile is-style-text-align-center has-background\" style=\"background-color:#fff2d7\"><div class=\"wp-block-media-text__content\">\n<h2 class=\"wp-block-heading wp-embed-aspect-21-9 wp-has-aspect-ratio is-style-body-heading\">Interview with the artist Sigrid Holmwood <\/h2>\n\n\n\n<p class=\"wp-embed-aspect-21-9 wp-has-aspect-ratio\">Documentation and interview with artist Sigrid Holmwood during her workshop. The film was made by AntennenFilm at Kirsebergs DV.<\/p>\n\n\n\n<p><a href=\"https:\/\/www.youtube.com\/watch?v=e0V7rzMXA4Y&amp;list=PLVJaI0dxvZkX2MvzCQC5PA4qlsyD96BhY&amp;index=1\">See the film<\/a><\/p>\n<\/div><figure class=\"wp-block-media-text__media\"><img loading=\"lazy\" decoding=\"async\" width=\"1015\" height=\"567\" src=\"https:\/\/malmokonsthall.se\/wp-content\/uploads\/2023\/11\/sigrid-holmwood_lyssna.png\" alt=\"Image of artist Sigrid Holmwood being interviewed by a person extending a microphone towards her.\" class=\"wp-image-31903 size-full\" srcset=\"https:\/\/malmokonsthall.se\/wp-content\/uploads\/2023\/11\/sigrid-holmwood_lyssna.png 1015w, https:\/\/malmokonsthall.se\/wp-content\/uploads\/2023\/11\/sigrid-holmwood_lyssna-300x168.png 300w, https:\/\/malmokonsthall.se\/wp-content\/uploads\/2023\/11\/sigrid-holmwood_lyssna-768x429.png 768w\" sizes=\"auto, (max-width: 1015px) 100vw, 1015px\" \/><\/figure><\/div>\n\n\n\n<div class=\"wp-block-media-text alignwide is-stacked-on-mobile is-style-text-align-center has-background\" style=\"background-color:#f6f6f6\"><figure class=\"wp-block-media-text__media\"><img loading=\"lazy\" decoding=\"async\" width=\"794\" height=\"567\" src=\"https:\/\/malmokonsthall.se\/wp-content\/uploads\/2023\/11\/Selma_Sjostedt_Lyssna_2022.jpg\" alt=\"A black and white portrait of the artist Selma Sj\u00f6stedt.\" class=\"wp-image-32021 size-full\" srcset=\"https:\/\/malmokonsthall.se\/wp-content\/uploads\/2023\/11\/Selma_Sjostedt_Lyssna_2022.jpg 794w, https:\/\/malmokonsthall.se\/wp-content\/uploads\/2023\/11\/Selma_Sjostedt_Lyssna_2022-300x214.jpg 300w, https:\/\/malmokonsthall.se\/wp-content\/uploads\/2023\/11\/Selma_Sjostedt_Lyssna_2022-768x548.jpg 768w\" sizes=\"auto, (max-width: 794px) 100vw, 794px\" \/><\/figure><div class=\"wp-block-media-text__content\">\n<h2 class=\"wp-block-heading wp-embed-aspect-21-9 wp-has-aspect-ratio is-style-body-heading\">Interview with the artist Selma Sj\u00f6stedt<\/h2>\n\n\n\n<p class=\"wp-embed-aspect-21-9 wp-has-aspect-ratio\">An interview by the Poddgruppen at Kirsebergs DV after Selma&#8217;s workshop at the konsthall.<\/p>\n\n\n\n<p><a href=\"https:\/\/open.spotify.com\/episode\/4SwTJpNDbLsQXeInPsbzpG\">Listen to the interview<\/a><\/p>\n<\/div><\/div>\n\n\n\n<div class=\"wp-block-group is-style-page-margin has-white-background-color has-background\"><div class=\"wp-block-group__inner-container is-layout-constrained wp-block-group-is-layout-constrained\">\n<div style=\"height:26px\" aria-hidden=\"true\" class=\"wp-block-spacer\"><\/div>\n\n\n\n<h2 class=\"wp-block-heading is-style-body-heading\" id=\"h-bilder-fran-workshop-med-linnea-carlsson\">Images from the workshop with Linnea Carlsson<\/h2>\n\n\n\n<p>The artist Linnea Carlsson showed us examples of various sculptures of men and women in public spaces.&#13;\nWe sketched models and then used those drawings to create our own small sculptures using wire and tape.<\/p>\n\n\n\n<div style=\"height:51px\" aria-hidden=\"true\" class=\"wp-block-spacer\"><\/div>\n\n\n\n<figure class=\"wp-block-gallery has-nested-images columns-4 is-cropped has-white-background-color has-background wp-block-gallery-2 is-layout-flex wp-block-gallery-is-layout-flex\">\n<figure class=\"wp-block-image size-large\"><img loading=\"lazy\" decoding=\"async\" width=\"683\" height=\"1024\" data-id=\"21907\" src=\"https:\/\/malmokonsthall.se\/wp-content\/uploads\/2022\/11\/DSC03578-1-683x1024.jpg\" alt=\"A girl in a red shirt and burgundy pants is modeling for a group of people drawing her.\" class=\"wp-image-21907\" srcset=\"https:\/\/malmokonsthall.se\/wp-content\/uploads\/2022\/11\/DSC03578-1-683x1024.jpg 683w, https:\/\/malmokonsthall.se\/wp-content\/uploads\/2022\/11\/DSC03578-1-200x300.jpg 200w, https:\/\/malmokonsthall.se\/wp-content\/uploads\/2022\/11\/DSC03578-1-768x1152.jpg 768w, https:\/\/malmokonsthall.se\/wp-content\/uploads\/2022\/11\/DSC03578-1-1024x1536.jpg 1024w, https:\/\/malmokonsthall.se\/wp-content\/uploads\/2022\/11\/DSC03578-1-1365x2048.jpg 1365w, https:\/\/malmokonsthall.se\/wp-content\/uploads\/2022\/11\/DSC03578-1-scaled.jpg 1706w\" sizes=\"auto, (max-width: 683px) 100vw, 683px\" \/><\/figure>\n\n\n\n<figure class=\"wp-block-image size-large\"><img loading=\"lazy\" decoding=\"async\" width=\"683\" height=\"1024\" data-id=\"21904\" src=\"https:\/\/malmokonsthall.se\/wp-content\/uploads\/2022\/11\/DSC03636-683x1024.jpg\" alt=\"A group of people sit around a table in the workshop, working. In the background, colourful paintings are hanging on the walls.\" class=\"wp-image-21904\" srcset=\"https:\/\/malmokonsthall.se\/wp-content\/uploads\/2022\/11\/DSC03636-683x1024.jpg 683w, https:\/\/malmokonsthall.se\/wp-content\/uploads\/2022\/11\/DSC03636-200x300.jpg 200w, https:\/\/malmokonsthall.se\/wp-content\/uploads\/2022\/11\/DSC03636-768x1152.jpg 768w, https:\/\/malmokonsthall.se\/wp-content\/uploads\/2022\/11\/DSC03636-scaled.jpg 1706w\" sizes=\"auto, (max-width: 683px) 100vw, 683px\" \/><\/figure>\n\n\n\n<figure class=\"wp-block-image size-large\"><img loading=\"lazy\" decoding=\"async\" width=\"683\" height=\"1024\" data-id=\"21899\" src=\"https:\/\/malmokonsthall.se\/wp-content\/uploads\/2022\/11\/DSC03624-683x1024.jpg\" alt=\"A photo of a man sitting at a table with a small wire sculpture and a cola bottle in front of him.\" class=\"wp-image-21899\" srcset=\"https:\/\/malmokonsthall.se\/wp-content\/uploads\/2022\/11\/DSC03624-683x1024.jpg 683w, https:\/\/malmokonsthall.se\/wp-content\/uploads\/2022\/11\/DSC03624-200x300.jpg 200w, https:\/\/malmokonsthall.se\/wp-content\/uploads\/2022\/11\/DSC03624-768x1152.jpg 768w, https:\/\/malmokonsthall.se\/wp-content\/uploads\/2022\/11\/DSC03624-1024x1536.jpg 1024w, https:\/\/malmokonsthall.se\/wp-content\/uploads\/2022\/11\/DSC03624-1365x2048.jpg 1365w, https:\/\/malmokonsthall.se\/wp-content\/uploads\/2022\/11\/DSC03624-scaled.jpg 1706w\" sizes=\"auto, (max-width: 683px) 100vw, 683px\" \/><\/figure>\n\n\n\n<figure class=\"wp-block-image size-large\"><img loading=\"lazy\" decoding=\"async\" width=\"683\" height=\"1024\" data-id=\"21893\" src=\"https:\/\/malmokonsthall.se\/wp-content\/uploads\/2022\/11\/DSC03585-683x1024.jpg\" alt=\"A man is sitting on a stool, slightly leaning forward with elbows on knees and wearing jeans, a checkered shirt, and glasses.\" class=\"wp-image-21893\" srcset=\"https:\/\/malmokonsthall.se\/wp-content\/uploads\/2022\/11\/DSC03585-683x1024.jpg 683w, https:\/\/malmokonsthall.se\/wp-content\/uploads\/2022\/11\/DSC03585-200x300.jpg 200w, https:\/\/malmokonsthall.se\/wp-content\/uploads\/2022\/11\/DSC03585-768x1152.jpg 768w, https:\/\/malmokonsthall.se\/wp-content\/uploads\/2022\/11\/DSC03585-scaled.jpg 1706w\" sizes=\"auto, (max-width: 683px) 100vw, 683px\" \/><\/figure>\n\n\n\n<figure class=\"wp-block-image size-large\"><img loading=\"lazy\" decoding=\"async\" width=\"683\" height=\"1024\" data-id=\"21891\" src=\"https:\/\/malmokonsthall.se\/wp-content\/uploads\/2022\/11\/DSC03639-683x1024.jpg\" alt=\"Bird's-eye photo of a table with several people are seated around it, working with various tools, wire, and paper.\" class=\"wp-image-21891\" srcset=\"https:\/\/malmokonsthall.se\/wp-content\/uploads\/2022\/11\/DSC03639-683x1024.jpg 683w, https:\/\/malmokonsthall.se\/wp-content\/uploads\/2022\/11\/DSC03639-200x300.jpg 200w, https:\/\/malmokonsthall.se\/wp-content\/uploads\/2022\/11\/DSC03639-768x1152.jpg 768w, https:\/\/malmokonsthall.se\/wp-content\/uploads\/2022\/11\/DSC03639-1024x1536.jpg 1024w, https:\/\/malmokonsthall.se\/wp-content\/uploads\/2022\/11\/DSC03639-1365x2048.jpg 1365w, https:\/\/malmokonsthall.se\/wp-content\/uploads\/2022\/11\/DSC03639-scaled.jpg 1706w\" sizes=\"auto, (max-width: 683px) 100vw, 683px\" \/><\/figure>\n\n\n\n<figure class=\"wp-block-image size-large\"><img loading=\"lazy\" decoding=\"async\" width=\"1024\" height=\"683\" data-id=\"21900\" src=\"https:\/\/malmokonsthall.se\/wp-content\/uploads\/2022\/11\/DSC03593-1024x683.jpg\" alt=\"Three people are sitting at a table in the workshop drawing on large sheets of paper.\" class=\"wp-image-21900\" srcset=\"https:\/\/malmokonsthall.se\/wp-content\/uploads\/2022\/11\/DSC03593-1024x683.jpg 1024w, https:\/\/malmokonsthall.se\/wp-content\/uploads\/2022\/11\/DSC03593-300x200.jpg 300w, https:\/\/malmokonsthall.se\/wp-content\/uploads\/2022\/11\/DSC03593-768x512.jpg 768w, https:\/\/malmokonsthall.se\/wp-content\/uploads\/2022\/11\/DSC03593-1536x1024.jpg 1536w, https:\/\/malmokonsthall.se\/wp-content\/uploads\/2022\/11\/DSC03593-2048x1365.jpg 2048w\" sizes=\"auto, (max-width: 1024px) 100vw, 1024px\" \/><\/figure>\n\n\n\n<figure class=\"wp-block-image size-large\"><img loading=\"lazy\" decoding=\"async\" width=\"1024\" height=\"683\" data-id=\"21895\" src=\"https:\/\/malmokonsthall.se\/wp-content\/uploads\/2022\/11\/DSC03656-1024x683.jpg\" alt=\"A group of people are working around the tables in the workshop. Large paintings are displayed on the wall behind them.\" class=\"wp-image-21895\" srcset=\"https:\/\/malmokonsthall.se\/wp-content\/uploads\/2022\/11\/DSC03656-1024x683.jpg 1024w, https:\/\/malmokonsthall.se\/wp-content\/uploads\/2022\/11\/DSC03656-300x200.jpg 300w, https:\/\/malmokonsthall.se\/wp-content\/uploads\/2022\/11\/DSC03656-768x512.jpg 768w, https:\/\/malmokonsthall.se\/wp-content\/uploads\/2022\/11\/DSC03656-1536x1024.jpg 1536w, https:\/\/malmokonsthall.se\/wp-content\/uploads\/2022\/11\/DSC03656-2048x1365.jpg 2048w\" sizes=\"auto, (max-width: 1024px) 100vw, 1024px\" \/><\/figure>\n\n\n\n<figure class=\"wp-block-image size-large\"><img loading=\"lazy\" decoding=\"async\" width=\"1024\" height=\"683\" data-id=\"21889\" src=\"https:\/\/malmokonsthall.se\/wp-content\/uploads\/2022\/11\/DSC03570-1024x683.jpg\" alt=\"A group of people are looking at a large screen displaying an image of a sculpture. \" class=\"wp-image-21889\" srcset=\"https:\/\/malmokonsthall.se\/wp-content\/uploads\/2022\/11\/DSC03570-1024x683.jpg 1024w, https:\/\/malmokonsthall.se\/wp-content\/uploads\/2022\/11\/DSC03570-300x200.jpg 300w, https:\/\/malmokonsthall.se\/wp-content\/uploads\/2022\/11\/DSC03570-768x512.jpg 768w, https:\/\/malmokonsthall.se\/wp-content\/uploads\/2022\/11\/DSC03570-1536x1024.jpg 1536w, https:\/\/malmokonsthall.se\/wp-content\/uploads\/2022\/11\/DSC03570-2048x1365.jpg 2048w\" sizes=\"auto, (max-width: 1024px) 100vw, 1024px\" \/><\/figure>\n<\/figure>\n<\/div><\/div>\n<\/div><\/div>\n\n<div class=\"wp-block-media-text alignwide has-media-on-the-right is-stacked-on-mobile is-style-text-align-center has-background\" style=\"background-color:#f5ffd8\"><div class=\"wp-block-media-text__content\">\n<h2 class=\"wp-block-heading is-style-body-heading\">Interview with the artist Ellinor Lager.<\/h2>\n\n\n\n<p>We at the Redaktionen have interviewed an artist at Malm\u00f6 Konsthall. Her name is Ellinor Lager, and she has just conducted a workshop with various daily activities centers in Malm\u00f6.<\/p>\n\n\n\n<p class=\"is-style-body-text\"> Image: Redaktionens DV conducting the interview with Ellinor Lager.<\/p>\n\n\n\n<div style=\"height:18px\" aria-hidden=\"true\" class=\"wp-block-spacer\"><\/div>\n\n\n\n<div class=\"wp-block-malmo-konsthall-accordion block-accordion-container active\"><button class=\"block-accordion\" type=\"button\" onclick=\"handleAccordianClick(this)\" aria-controls=\"accordion_content_5c696c1e-b58b-4259-add1-d3e6a16ffd42\" aria-expanded=\"false\" id=\"accordion_content-container_5c696c1e-b58b-4259-add1-d3e6a16ffd42\" tabindex=\"0\"><span class=\"accordion__title\"> Read the interview<\/span><svg width=\"14\" height=\"14\" viewBox=\"0 0 14 14\" fill=\"none\" xmlns=\"http:\/\/www.w3.org\/2000\/svg\" class=\"accordion__icon acc_plus\"><path d=\"M14 8H8H6H0V6H6H8H14V8Z\" fill=\"black\" class=\"stroke\"><\/path><path d=\"M6 14L6 8L6 6L6 -8.74228e-08L8 0L8 6L8 8L8 14L6 14Z\" fill=\"black\" class=\"stroke-minus\"><\/path><\/svg><\/button><div class=\"accordion__content\" role=\"region\" id=\"accordion_content_5c696c1e-b58b-4259-add1-d3e6a16ffd42\" tabindex=\"0\" aria-labelledby=\"accordion_content-container_5c696c1e-b58b-4259-add1-d3e6a16ffd42\"><div class=\"accordion__text\">\n\n<p>&#8220;Sculptures as a language.&#8221;<\/p>\n\n\n<p>When Ellinor was little, she fantasized about becoming an artist. She enjoyed painting and loved crafting and creating things.<\/p>\n\n\n<p>Ellinor explains that she uses materials to create and express her thoughts. When she started doing this, she knew she would become an artist. She felt that it became crucial to work with something visible to progress in what she had in mind.<\/p>\n\n\n<p>Ellinor knew that this was exactly what she wanted to do after completing her art education.<\/p>\n\n\n<ul class=\"wp-block-list\">\n\n<li>&#8220;When I had been in school for a long time, that&#8217;s when I thought, &#8216;Now I probably should go for this,'&#8221; Ellinor shares.<\/li>\n\n<\/ul>\n\n\n<p>When Ellinor works with her art, a lot revolves around the question of what it means to be a mother or to have a woman&#8217;s body. Also, questions about the body and its significance. Ellinor believes that art is a way to express oneself without words.<\/p>\n\n\n<p>When it comes to exhibiting, different artists have different approaches. Ellinor feels that other artists are better at calling galleries to exhibit their work.<\/p>\n\n\n<p>When someone is to have an exhibition, they ask the artists to send a portfolio of their previous artworks.<\/p>\n\n\n<p>At the moment, Ellinor is exhibiting her art at Malm\u00f6 Konsthall. Before that, she had an exhibition at Celsius Projects in Malm\u00f6 and exhibited at an old slaughterhouse in Uppsala called K\u00f6ttinspektionen. Ellinor found it to be a really fun art space. She has even exhibited in London, as well as in Stockholm and Gothenburg.<\/p>\n\n\n<p>Ellinor dreams of exhibiting her art abroad, preferably in Venice, where this year&#8217;s art exhibition revolves around motherhood, the body, and being human.<\/p>\n\n\n<p>Ellinor thinks that the participants in the workshop have done a really good job. She&#8217;s fascinated by everything that has been created during the day. Ellinor mentions that the participants have created shapes and signs using fabric from rag rugs and made sculptures with wax. When the glued fabric from the rag rugs has dried, they can be hung on the wall like a painting.<\/p>\n\n\n<p>We&#8217;ve enjoyed being a part of the workshop. Ellinor has been a great person to collaborate with.<\/p>\n\n\n<p>By Christina Dimitriou and Robert Johansson, Redaktionen DV<\/p>\n\n<\/div><\/div><\/div>\n\n\n\n<div style=\"height:45px\" aria-hidden=\"true\" class=\"wp-block-spacer\"><\/div>\n<\/div><figure class=\"wp-block-media-text__media\"><img loading=\"lazy\" decoding=\"async\" width=\"1024\" height=\"612\" src=\"https:\/\/malmokonsthall.se\/wp-content\/uploads\/2022\/10\/Redaktionen-och-Ellinor-Lager-1024x612.jpg\" alt=\"Several people smiling at the camera.\" class=\"wp-image-19968 size-full\" srcset=\"https:\/\/malmokonsthall.se\/wp-content\/uploads\/2022\/10\/Redaktionen-och-Ellinor-Lager-1024x612.jpg 1024w, https:\/\/malmokonsthall.se\/wp-content\/uploads\/2022\/10\/Redaktionen-och-Ellinor-Lager-300x179.jpg 300w, https:\/\/malmokonsthall.se\/wp-content\/uploads\/2022\/10\/Redaktionen-och-Ellinor-Lager-768x459.jpg 768w, https:\/\/malmokonsthall.se\/wp-content\/uploads\/2022\/10\/Redaktionen-och-Ellinor-Lager.jpg 1388w\" sizes=\"auto, (max-width: 1024px) 100vw, 1024px\" \/><\/figure><\/div>\n\n<div class=\"wp-block-media-text alignwide is-stacked-on-mobile is-style-text-align-center has-background\" style=\"background-color:#c2ffea\"><figure class=\"wp-block-media-text__media\"><img loading=\"lazy\" decoding=\"async\" width=\"1024\" height=\"732\" src=\"https:\/\/malmokonsthall.se\/wp-content\/uploads\/2023\/11\/workshops_konstlyftet-1024x732.jpg\" alt=\"\" class=\"wp-image-31534 size-full\" srcset=\"https:\/\/malmokonsthall.se\/wp-content\/uploads\/2023\/11\/workshops_konstlyftet-1024x732.jpg 1024w, https:\/\/malmokonsthall.se\/wp-content\/uploads\/2023\/11\/workshops_konstlyftet-300x215.jpg 300w, https:\/\/malmokonsthall.se\/wp-content\/uploads\/2023\/11\/workshops_konstlyftet-768x549.jpg 768w, https:\/\/malmokonsthall.se\/wp-content\/uploads\/2023\/11\/workshops_konstlyftet-1536x1099.jpg 1536w, https:\/\/malmokonsthall.se\/wp-content\/uploads\/2023\/11\/workshops_konstlyftet-2048x1465.jpg 2048w\" sizes=\"auto, (max-width: 1024px) 100vw, 1024px\" \/><\/figure><div class=\"wp-block-media-text__content\">\n<h2 class=\"wp-block-heading is-style-body-heading\">The autumn program for Lyssna-workshops.<\/h2>\n\n\n\n<p>A packed program flyer created by our friends at Kirsebergs DV<\/p>\n\n\n\n<div style=\"height:45px\" aria-hidden=\"true\" class=\"wp-block-spacer\"><\/div>\n<\/div><\/div>\n\n<div class=\"wp-block-media-text alignwide has-media-on-the-right is-stacked-on-mobile is-style-text-align-center has-background\" style=\"background-color:#f6f6f6\"><div class=\"wp-block-media-text__content\">\n<h2 class=\"wp-block-heading wp-embed-aspect-21-9 wp-has-aspect-ratio is-style-body-heading\">Interview video with the artist Viktor Rosdahl<\/h2>\n\n\n\n<p>Documentation and interview with Viktor Rosdahl during his workshop. The film was made by AntennenFilm at Kirsebergs DV.<\/p>\n\n\n\n<p><a href=\"https:\/\/www.youtube.com\/watch?v=SoazBG1_DCw&amp;t=1s\">See the film<\/a><\/p>\n<\/div><figure class=\"wp-block-media-text__media\"><img loading=\"lazy\" decoding=\"async\" width=\"758\" height=\"425\" src=\"https:\/\/malmokonsthall.se\/wp-content\/uploads\/2023\/11\/viktor_lyssna_2022.png\" alt=\"\" class=\"wp-image-31895 size-full\" srcset=\"https:\/\/malmokonsthall.se\/wp-content\/uploads\/2023\/11\/viktor_lyssna_2022.png 758w, https:\/\/malmokonsthall.se\/wp-content\/uploads\/2023\/11\/viktor_lyssna_2022-300x168.png 300w\" sizes=\"auto, (max-width: 758px) 100vw, 758px\" \/><\/figure><\/div>\n\n<div class=\"wp-block-media-text alignwide is-stacked-on-mobile is-style-text-align-center has-background\" style=\"background-color:#e3ffeb\"><figure class=\"wp-block-media-text__media\"><img loading=\"lazy\" decoding=\"async\" width=\"1024\" height=\"672\" src=\"https:\/\/malmokonsthall.se\/wp-content\/uploads\/2017\/03\/bla\u030a-1024x672.png\" alt=\"Ljusbl\u00e5 bild med texten bilder saknas.\" class=\"wp-image-21493 size-full\" srcset=\"https:\/\/malmokonsthall.se\/wp-content\/uploads\/2017\/03\/bla\u030a-1024x672.png 1024w, https:\/\/malmokonsthall.se\/wp-content\/uploads\/2017\/03\/bla\u030a-300x197.png 300w, https:\/\/malmokonsthall.se\/wp-content\/uploads\/2017\/03\/bla\u030a-768x504.png 768w, https:\/\/malmokonsthall.se\/wp-content\/uploads\/2017\/03\/bla\u030a.png 1157w\" sizes=\"auto, (max-width: 1024px) 100vw, 1024px\" \/><\/figure><div class=\"wp-block-media-text__content\">\n<h2 class=\"wp-block-heading is-style-body-heading\">Interview with the artist Sofia Zwahlen<\/h2>\n\n\n\n<p>An interview by av Poddgruppen at Kirsebergs DV after Sofias workshop at konsthallen.<\/p>\n\n\n\n<p><a href=\"https:\/\/open.spotify.com\/episode\/7bj2HVY5iOo0PP9b44cKmh\">Listen to the interview<\/a><\/p>\n<\/div><\/div>\n\n<div class=\"wp-block-media-text alignwide has-media-on-the-right is-stacked-on-mobile is-style-text-align-center has-background\" style=\"background-color:#ffd5cf\"><div class=\"wp-block-media-text__content\">\n<h2 class=\"wp-block-heading wp-embed-aspect-21-9 wp-has-aspect-ratio is-style-body-heading\">Interview video with Tom di Maria<\/h2>\n\n\n\n<p>Interview with Tom di Maria, director of Creative Growth Art Center in California, about the artist William Scott. The interview was conducted by Redaktionen and filmed by AntennenFilm at Kirsebergs DV.<\/p>\n\n\n\n<p><a href=\"https:\/\/www.youtube.com\/watch?v=SoazBG1_DCw&amp;t=1s\">See the interview<\/a><\/p>\n<\/div><figure class=\"wp-block-media-text__media\"><img loading=\"lazy\" decoding=\"async\" width=\"907\" height=\"567\" src=\"https:\/\/malmokonsthall.se\/wp-content\/uploads\/2023\/11\/omslag_tom-di-maria.png\" alt=\"\" class=\"wp-image-31571 size-full\" srcset=\"https:\/\/malmokonsthall.se\/wp-content\/uploads\/2023\/11\/omslag_tom-di-maria.png 907w, https:\/\/malmokonsthall.se\/wp-content\/uploads\/2023\/11\/omslag_tom-di-maria-300x188.png 300w, https:\/\/malmokonsthall.se\/wp-content\/uploads\/2023\/11\/omslag_tom-di-maria-768x480.png 768w\" sizes=\"auto, (max-width: 907px) 100vw, 907px\" \/><\/figure><\/div>\n\n<div class=\"wp-block-media-text alignwide is-stacked-on-mobile is-style-text-align-center has-background\" style=\"background-color:#ffe3fa\"><figure class=\"wp-block-media-text__media\"><img loading=\"lazy\" decoding=\"async\" width=\"981\" height=\"567\" src=\"https:\/\/malmokonsthall.se\/wp-content\/uploads\/2023\/11\/omslag_tom-di-maria_2.png\" alt=\"\" class=\"wp-image-31581 size-full\" srcset=\"https:\/\/malmokonsthall.se\/wp-content\/uploads\/2023\/11\/omslag_tom-di-maria_2.png 981w, https:\/\/malmokonsthall.se\/wp-content\/uploads\/2023\/11\/omslag_tom-di-maria_2-300x173.png 300w, https:\/\/malmokonsthall.se\/wp-content\/uploads\/2023\/11\/omslag_tom-di-maria_2-768x444.png 768w\" sizes=\"auto, (max-width: 981px) 100vw, 981px\" \/><\/figure><div class=\"wp-block-media-text__content\">\n<h2 class=\"wp-block-heading is-style-body-heading\">Documentation of the workshop with Tom di Maria<\/h2>\n\n\n\n<p>Tour and workshop at Malm\u00f6 Konsthall with Tom Di Maria. The film was made by AntennenFilm at Kirsebergs DV.<\/p>\n<\/div><\/div>\n\n<div class=\"wp-block-group is-style-page-margin has-white-background-color has-background\"><div class=\"wp-block-group__inner-container is-layout-constrained wp-block-group-is-layout-constrained\">\n<div style=\"height:26px\" aria-hidden=\"true\" class=\"wp-block-spacer\"><\/div>\n\n\n\n<h2 class=\"wp-block-heading is-style-body-heading\" id=\"h-bilder-fran-tom-di-marias-besok-till-kirsebergs-dv\">Pictures from Tom Di Maria&#8217;s visit to Kirsebergs DV<\/h2>\n\n\n\n<p>Tom visited the various facilities at Kirsebergs DV alongside Antje and Lucy from Malm\u00f6 Konsthall.&#13;\nWe talked a lot and had lunch together.<\/p>\n\n\n\n<div style=\"height:51px\" aria-hidden=\"true\" class=\"wp-block-spacer\"><\/div>\n\n\n\n<figure class=\"wp-block-gallery has-nested-images columns-3 is-cropped has-white-background-color has-background wp-block-gallery-3 is-layout-flex wp-block-gallery-is-layout-flex\">\n<figure class=\"wp-block-image size-large\"><img loading=\"lazy\" decoding=\"async\" width=\"831\" height=\"526\" data-id=\"17648\" src=\"https:\/\/malmokonsthall.se\/wp-content\/uploads\/2022\/06\/20220614_124824.jpg\" alt=\"Group image of a bunch of people smiling into the camera. One person lies at the front making a 'V' sign. \" class=\"wp-image-17648\" srcset=\"https:\/\/malmokonsthall.se\/wp-content\/uploads\/2022\/06\/20220614_124824.jpg 831w, https:\/\/malmokonsthall.se\/wp-content\/uploads\/2022\/06\/20220614_124824-300x190.jpg 300w, https:\/\/malmokonsthall.se\/wp-content\/uploads\/2022\/06\/20220614_124824-768x486.jpg 768w\" sizes=\"auto, (max-width: 831px) 100vw, 831px\" \/><\/figure>\n\n\n\n<figure class=\"wp-block-image size-large\"><img loading=\"lazy\" decoding=\"async\" width=\"1024\" height=\"498\" data-id=\"17650\" src=\"https:\/\/malmokonsthall.se\/wp-content\/uploads\/2022\/06\/20220614_110016-1024x498.jpg\" alt=\"Three people are smiling and looking at the camera. \" class=\"wp-image-17650\" srcset=\"https:\/\/malmokonsthall.se\/wp-content\/uploads\/2022\/06\/20220614_110016-1024x498.jpg 1024w, https:\/\/malmokonsthall.se\/wp-content\/uploads\/2022\/06\/20220614_110016-300x146.jpg 300w, https:\/\/malmokonsthall.se\/wp-content\/uploads\/2022\/06\/20220614_110016-768x373.jpg 768w, https:\/\/malmokonsthall.se\/wp-content\/uploads\/2022\/06\/20220614_110016-1536x747.jpg 1536w, https:\/\/malmokonsthall.se\/wp-content\/uploads\/2022\/06\/20220614_110016-2048x996.jpg 2048w\" sizes=\"auto, (max-width: 1024px) 100vw, 1024px\" \/><\/figure>\n\n\n\n<figure class=\"wp-block-image size-large\"><img loading=\"lazy\" decoding=\"async\" width=\"1024\" height=\"498\" data-id=\"17656\" src=\"https:\/\/malmokonsthall.se\/wp-content\/uploads\/2022\/06\/20220614_111145-1024x498.jpg\" alt=\"A group is seated around a table with various snacks and refreshments.\" class=\"wp-image-17656\" srcset=\"https:\/\/malmokonsthall.se\/wp-content\/uploads\/2022\/06\/20220614_111145-1024x498.jpg 1024w, https:\/\/malmokonsthall.se\/wp-content\/uploads\/2022\/06\/20220614_111145-300x146.jpg 300w, https:\/\/malmokonsthall.se\/wp-content\/uploads\/2022\/06\/20220614_111145-768x373.jpg 768w, https:\/\/malmokonsthall.se\/wp-content\/uploads\/2022\/06\/20220614_111145-1536x747.jpg 1536w, https:\/\/malmokonsthall.se\/wp-content\/uploads\/2022\/06\/20220614_111145-2048x996.jpg 2048w\" sizes=\"auto, (max-width: 1024px) 100vw, 1024px\" \/><\/figure>\n\n\n\n<figure class=\"wp-block-image size-large\"><img loading=\"lazy\" decoding=\"async\" width=\"1024\" height=\"498\" data-id=\"17653\" src=\"https:\/\/malmokonsthall.se\/wp-content\/uploads\/2022\/06\/20220614_110037-1024x498.jpg\" alt=\"Two people are seated at a table and seem to be talking to each other. Hanging from the ceiling are paper decorations.\" class=\"wp-image-17653\" srcset=\"https:\/\/malmokonsthall.se\/wp-content\/uploads\/2022\/06\/20220614_110037-1024x498.jpg 1024w, https:\/\/malmokonsthall.se\/wp-content\/uploads\/2022\/06\/20220614_110037-300x146.jpg 300w, https:\/\/malmokonsthall.se\/wp-content\/uploads\/2022\/06\/20220614_110037-768x373.jpg 768w, https:\/\/malmokonsthall.se\/wp-content\/uploads\/2022\/06\/20220614_110037-1536x747.jpg 1536w, https:\/\/malmokonsthall.se\/wp-content\/uploads\/2022\/06\/20220614_110037-2048x996.jpg 2048w\" sizes=\"auto, (max-width: 1024px) 100vw, 1024px\" \/><\/figure>\n\n\n\n<figure class=\"wp-block-image size-large\"><img loading=\"lazy\" decoding=\"async\" width=\"1024\" height=\"498\" data-id=\"17652\" src=\"https:\/\/malmokonsthall.se\/wp-content\/uploads\/2022\/06\/20220614_111218-1024x498.jpg\" alt=\"Three people are visible in the image you can also see several desks with computer screens and a whiteboard.\" class=\"wp-image-17652\" srcset=\"https:\/\/malmokonsthall.se\/wp-content\/uploads\/2022\/06\/20220614_111218-1024x498.jpg 1024w, https:\/\/malmokonsthall.se\/wp-content\/uploads\/2022\/06\/20220614_111218-300x146.jpg 300w, https:\/\/malmokonsthall.se\/wp-content\/uploads\/2022\/06\/20220614_111218-768x373.jpg 768w, https:\/\/malmokonsthall.se\/wp-content\/uploads\/2022\/06\/20220614_111218-1536x747.jpg 1536w, https:\/\/malmokonsthall.se\/wp-content\/uploads\/2022\/06\/20220614_111218-2048x996.jpg 2048w\" sizes=\"auto, (max-width: 1024px) 100vw, 1024px\" \/><\/figure>\n<\/figure>\n<\/div><\/div>\n\n<div class=\"wp-block-media-text alignwide has-media-on-the-right is-stacked-on-mobile is-style-text-align-center has-background\" style=\"background-color:#fff5e8\"><div class=\"wp-block-media-text__content\">\n<h2 class=\"wp-block-heading wp-embed-aspect-21-9 wp-has-aspect-ratio is-style-body-heading\">Opening at Malm\u00f6 Konsthall<\/h2>\n\n\n\n<p>Ali and Christina from Kirsebergs DV are listening to Tom di Maria at the opening of the exhibition featuring the artist William Scott.<\/p>\n<\/div><figure class=\"wp-block-media-text__media\"><img loading=\"lazy\" decoding=\"async\" width=\"1024\" height=\"772\" src=\"https:\/\/malmokonsthall.se\/wp-content\/uploads\/2022\/06\/20220610_194406ny-1024x772.jpg\" alt=\"Two people listening to a speech.\" class=\"wp-image-17659 size-full\" srcset=\"https:\/\/malmokonsthall.se\/wp-content\/uploads\/2022\/06\/20220610_194406ny-1024x772.jpg 1024w, https:\/\/malmokonsthall.se\/wp-content\/uploads\/2022\/06\/20220610_194406ny-300x226.jpg 300w, https:\/\/malmokonsthall.se\/wp-content\/uploads\/2022\/06\/20220610_194406ny-768x579.jpg 768w, https:\/\/malmokonsthall.se\/wp-content\/uploads\/2022\/06\/20220610_194406ny-1536x1157.jpg 1536w, https:\/\/malmokonsthall.se\/wp-content\/uploads\/2022\/06\/20220610_194406ny.jpg 1960w\" sizes=\"auto, (max-width: 1024px) 100vw, 1024px\" \/><\/figure><\/div>\n\n<div class=\"wp-block-media-text alignwide is-stacked-on-mobile is-style-text-align-center has-background\" style=\"background-color:#e9e8ff\"><figure class=\"wp-block-media-text__media\"><img loading=\"lazy\" decoding=\"async\" width=\"1024\" height=\"749\" src=\"https:\/\/malmokonsthall.se\/wp-content\/uploads\/2022\/06\/inbjudan-1024x749.jpg\" alt=\"Invitation to workshops within the project &quot;Lyssna&quot;\" class=\"wp-image-17071 size-full\" srcset=\"https:\/\/malmokonsthall.se\/wp-content\/uploads\/2022\/06\/inbjudan-1024x749.jpg 1024w, https:\/\/malmokonsthall.se\/wp-content\/uploads\/2022\/06\/inbjudan-300x219.jpg 300w, https:\/\/malmokonsthall.se\/wp-content\/uploads\/2022\/06\/inbjudan-768x562.jpg 768w, https:\/\/malmokonsthall.se\/wp-content\/uploads\/2022\/06\/inbjudan-1536x1124.jpg 1536w, https:\/\/malmokonsthall.se\/wp-content\/uploads\/2022\/06\/inbjudan-2048x1498.jpg 2048w\" sizes=\"auto, (max-width: 1024px) 100vw, 1024px\" \/><\/figure><div class=\"wp-block-media-text__content\">\n<h2 class=\"wp-block-heading wp-embed-aspect-21-9 wp-has-aspect-ratio is-style-body-heading\">The summer program for the &#8220;Lyssna&#8221; workshops.<\/h2>\n\n\n\n<p>A packed program flyer created by our friends at Kirsebergs DV<\/p>\n<\/div><\/div>\n\n<div class=\"wp-block-media-text alignwide has-media-on-the-right is-stacked-on-mobile is-style-text-align-center has-background\" style=\"background-color:#f9ffc4\"><div class=\"wp-block-media-text__content\">\n<h2 class=\"wp-block-heading wp-embed-aspect-21-9 wp-has-aspect-ratio is-style-body-heading\">The workgroup is reviewing the program.<\/h2>\n\n\n\n<p>Ali, G\u00f6rgen, and Balint are reviewing the program brochure of the project intended to be sent to various places in Sk\u00e5ne.<\/p>\n<\/div><figure class=\"wp-block-media-text__media\"><img loading=\"lazy\" decoding=\"async\" width=\"1024\" height=\"768\" src=\"https:\/\/malmokonsthall.se\/wp-content\/uploads\/2022\/06\/31.5-1024x768.jpg\" alt=\"Image of participants in the project &quot;Lyssna&quot;.\" class=\"wp-image-16980 size-full\" srcset=\"https:\/\/malmokonsthall.se\/wp-content\/uploads\/2022\/06\/31.5-1024x768.jpg 1024w, https:\/\/malmokonsthall.se\/wp-content\/uploads\/2022\/06\/31.5-300x225.jpg 300w, https:\/\/malmokonsthall.se\/wp-content\/uploads\/2022\/06\/31.5-768x576.jpg 768w, https:\/\/malmokonsthall.se\/wp-content\/uploads\/2022\/06\/31.5-1536x1152.jpg 1536w, https:\/\/malmokonsthall.se\/wp-content\/uploads\/2022\/06\/31.5-2048x1536.jpg 2048w\" sizes=\"auto, (max-width: 1024px) 100vw, 1024px\" \/><\/figure><\/div>\n\n<div class=\"wp-block-group is-style-page-margin has-white-background-color has-background\"><div class=\"wp-block-group__inner-container is-layout-constrained wp-block-group-is-layout-constrained\">\n<div style=\"height:26px\" aria-hidden=\"true\" class=\"wp-block-spacer\"><\/div>\n\n\n\n<h2 class=\"wp-block-heading is-style-body-heading\" id=\"h-bilder-fran-det-forsta-digitala-motet\">Images from the first digital meeting.<\/h2>\n\n\n\n<p>Images from the initial video meetings with the invited artists, project leaders, and participants.<\/p>\n\n\n\n<div style=\"height:51px\" aria-hidden=\"true\" class=\"wp-block-spacer\"><\/div>\n\n\n\n<figure class=\"wp-block-gallery has-nested-images columns-4 is-cropped has-white-background-color has-background wp-block-gallery-4 is-layout-flex wp-block-gallery-is-layout-flex\">\n<figure class=\"wp-block-image size-large\"><img loading=\"lazy\" decoding=\"async\" width=\"1024\" height=\"768\" data-id=\"16845\" src=\"https:\/\/malmokonsthall.se\/wp-content\/uploads\/2022\/05\/23maj3-1024x768.jpeg\" alt=\"Image of participants, artists, and project leaders in the &quot;Lyssna&quot; project.\" class=\"wp-image-16845\" srcset=\"https:\/\/malmokonsthall.se\/wp-content\/uploads\/2022\/05\/23maj3-1024x768.jpeg 1024w, https:\/\/malmokonsthall.se\/wp-content\/uploads\/2022\/05\/23maj3-300x225.jpeg 300w, https:\/\/malmokonsthall.se\/wp-content\/uploads\/2022\/05\/23maj3-768x576.jpeg 768w, https:\/\/malmokonsthall.se\/wp-content\/uploads\/2022\/05\/23maj3-1536x1152.jpeg 1536w, https:\/\/malmokonsthall.se\/wp-content\/uploads\/2022\/05\/23maj3.jpeg 2016w\" sizes=\"auto, (max-width: 1024px) 100vw, 1024px\" \/><\/figure>\n\n\n\n<figure class=\"wp-block-image size-large\"><img loading=\"lazy\" decoding=\"async\" width=\"1024\" height=\"768\" data-id=\"16846\" src=\"https:\/\/malmokonsthall.se\/wp-content\/uploads\/2022\/05\/23maj1-1024x768.jpeg\" alt=\"Image of participants, artists, and project leaders in the &quot;Lyssna&quot; project.\" class=\"wp-image-16846\" srcset=\"https:\/\/malmokonsthall.se\/wp-content\/uploads\/2022\/05\/23maj1-1024x768.jpeg 1024w, https:\/\/malmokonsthall.se\/wp-content\/uploads\/2022\/05\/23maj1-300x225.jpeg 300w, https:\/\/malmokonsthall.se\/wp-content\/uploads\/2022\/05\/23maj1-768x576.jpeg 768w, https:\/\/malmokonsthall.se\/wp-content\/uploads\/2022\/05\/23maj1-1536x1152.jpeg 1536w, https:\/\/malmokonsthall.se\/wp-content\/uploads\/2022\/05\/23maj1.jpeg 2016w\" sizes=\"auto, (max-width: 1024px) 100vw, 1024px\" \/><\/figure>\n\n\n\n<figure class=\"wp-block-image size-large\"><img loading=\"lazy\" decoding=\"async\" width=\"1024\" height=\"768\" data-id=\"16849\" src=\"https:\/\/malmokonsthall.se\/wp-content\/uploads\/2022\/05\/23maj2-1024x768.jpeg\" alt=\"Image of participants, artists, and project leaders in the &quot;Lyssna&quot; project.\" class=\"wp-image-16849\" srcset=\"https:\/\/malmokonsthall.se\/wp-content\/uploads\/2022\/05\/23maj2-1024x768.jpeg 1024w, https:\/\/malmokonsthall.se\/wp-content\/uploads\/2022\/05\/23maj2-300x225.jpeg 300w, https:\/\/malmokonsthall.se\/wp-content\/uploads\/2022\/05\/23maj2-768x576.jpeg 768w, https:\/\/malmokonsthall.se\/wp-content\/uploads\/2022\/05\/23maj2-1536x1152.jpeg 1536w, https:\/\/malmokonsthall.se\/wp-content\/uploads\/2022\/05\/23maj2.jpeg 2016w\" sizes=\"auto, (max-width: 1024px) 100vw, 1024px\" \/><\/figure>\n\n\n\n<figure class=\"wp-block-image size-large\"><img loading=\"lazy\" decoding=\"async\" width=\"1024\" height=\"447\" data-id=\"16861\" src=\"https:\/\/malmokonsthall.se\/wp-content\/uploads\/2022\/05\/23maj7-1024x447.png\" alt=\"Image of participants, artists, and project leaders in the &quot;Lyssna&quot; project.\" class=\"wp-image-16861\" srcset=\"https:\/\/malmokonsthall.se\/wp-content\/uploads\/2022\/05\/23maj7-1024x447.png 1024w, https:\/\/malmokonsthall.se\/wp-content\/uploads\/2022\/05\/23maj7-300x131.png 300w, https:\/\/malmokonsthall.se\/wp-content\/uploads\/2022\/05\/23maj7-768x335.png 768w, https:\/\/malmokonsthall.se\/wp-content\/uploads\/2022\/05\/23maj7-1536x671.png 1536w, https:\/\/malmokonsthall.se\/wp-content\/uploads\/2022\/05\/23maj7.png 1901w\" sizes=\"auto, (max-width: 1024px) 100vw, 1024px\" \/><\/figure>\n\n\n\n<figure class=\"wp-block-image size-large\"><img loading=\"lazy\" decoding=\"async\" width=\"1024\" height=\"456\" data-id=\"16858\" src=\"https:\/\/malmokonsthall.se\/wp-content\/uploads\/2022\/05\/23maj5-1024x456.png\" alt=\"Image of participants, artists, and project leaders in the &quot;Lyssna&quot; project.\" class=\"wp-image-16858\" srcset=\"https:\/\/malmokonsthall.se\/wp-content\/uploads\/2022\/05\/23maj5-1024x456.png 1024w, https:\/\/malmokonsthall.se\/wp-content\/uploads\/2022\/05\/23maj5-300x134.png 300w, https:\/\/malmokonsthall.se\/wp-content\/uploads\/2022\/05\/23maj5-768x342.png 768w, https:\/\/malmokonsthall.se\/wp-content\/uploads\/2022\/05\/23maj5-1536x684.png 1536w, https:\/\/malmokonsthall.se\/wp-content\/uploads\/2022\/05\/23maj5.png 1919w\" sizes=\"auto, (max-width: 1024px) 100vw, 1024px\" \/><\/figure>\n\n\n\n<figure class=\"wp-block-image size-large\"><img loading=\"lazy\" decoding=\"async\" width=\"1024\" height=\"451\" data-id=\"16857\" src=\"https:\/\/malmokonsthall.se\/wp-content\/uploads\/2022\/05\/23maj6-1024x451.png\" alt=\"Image of participants, artists, and project leaders in the &quot;Lyssna&quot; project.\" class=\"wp-image-16857\" srcset=\"https:\/\/malmokonsthall.se\/wp-content\/uploads\/2022\/05\/23maj6-1024x451.png 1024w, https:\/\/malmokonsthall.se\/wp-content\/uploads\/2022\/05\/23maj6-300x132.png 300w, https:\/\/malmokonsthall.se\/wp-content\/uploads\/2022\/05\/23maj6-768x339.png 768w, https:\/\/malmokonsthall.se\/wp-content\/uploads\/2022\/05\/23maj6-1536x677.png 1536w, https:\/\/malmokonsthall.se\/wp-content\/uploads\/2022\/05\/23maj6.png 1901w\" sizes=\"auto, (max-width: 1024px) 100vw, 1024px\" \/><\/figure>\n\n\n\n<figure class=\"wp-block-image size-large\"><img loading=\"lazy\" decoding=\"async\" width=\"1024\" height=\"768\" data-id=\"16850\" src=\"https:\/\/malmokonsthall.se\/wp-content\/uploads\/2022\/05\/23maj4-1024x768.jpeg\" alt=\"Image of artists and project leaders.\" class=\"wp-image-16850\" srcset=\"https:\/\/malmokonsthall.se\/wp-content\/uploads\/2022\/05\/23maj4-1024x768.jpeg 1024w, https:\/\/malmokonsthall.se\/wp-content\/uploads\/2022\/05\/23maj4-300x225.jpeg 300w, https:\/\/malmokonsthall.se\/wp-content\/uploads\/2022\/05\/23maj4-768x576.jpeg 768w, https:\/\/malmokonsthall.se\/wp-content\/uploads\/2022\/05\/23maj4-1536x1152.jpeg 1536w, https:\/\/malmokonsthall.se\/wp-content\/uploads\/2022\/05\/23maj4.jpeg 2016w\" sizes=\"auto, (max-width: 1024px) 100vw, 1024px\" \/><\/figure>\n<\/figure>\n<\/div><\/div>\n\n<div class=\"wp-block-media-text alignwide is-stacked-on-mobile is-style-text-align-center has-background\" style=\"background-color:#ffd2f7\"><figure class=\"wp-block-media-text__media\"><img loading=\"lazy\" decoding=\"async\" width=\"1006\" height=\"567\" src=\"https:\/\/malmokonsthall.se\/wp-content\/uploads\/2023\/11\/omslag_ali.jpg\" alt=\"\" class=\"wp-image-31578 size-full\" srcset=\"https:\/\/malmokonsthall.se\/wp-content\/uploads\/2023\/11\/omslag_ali.jpg 1006w, https:\/\/malmokonsthall.se\/wp-content\/uploads\/2023\/11\/omslag_ali-300x169.jpg 300w, https:\/\/malmokonsthall.se\/wp-content\/uploads\/2023\/11\/omslag_ali-768x433.jpg 768w\" sizes=\"auto, (max-width: 1006px) 100vw, 1006px\" \/><\/figure><div class=\"wp-block-media-text__content\">\n<h2 class=\"wp-block-heading wp-embed-aspect-21-9 wp-has-aspect-ratio is-style-body-heading\">Reflections after the first digital meeting with the artists<\/h2>\n\n\n\n<p>Interview by supervisor Camilla Landin with Ali Reza from the workgroup. Editing: Juled Tairi.<\/p>\n\n\n\n<p><a href=\"https:\/\/www.youtube.com\/watch?v=TkqdF2lZ7-c\">See the film<\/a><\/p>\n<\/div><\/div>\n\n<p><\/p>\n\n<p><\/p>\n\n<p><\/p>\n","protected":false},"excerpt":{"rendered":"<p>The project &#8220;Lyssna&#8221; explored how to create creative spaces and points of contact for people with disabilities<\/p>\n","protected":false},"author":11,"featured_media":20738,"parent":0,"menu_order":0,"comment_status":"closed","ping_status":"closed","template":"","meta":{"_acf_changed":false,"_tec_requires_first_save":true,"inline_featured_image":false,"_price":"","_stock":"","_tribe_ticket_header":"","_tribe_default_ticket_provider":"","_tribe_ticket_capacity":"0","_ticket_start_date":"","_ticket_end_date":"","_tribe_ticket_show_description":"","_tribe_ticket_show_not_going":false,"_tribe_ticket_use_global_stock":"","_tribe_ticket_global_stock_level":"","_global_stock_mode":"","_global_stock_cap":"","_tribe_rsvp_for_event":"","_tribe_ticket_going_count":"","_tribe_ticket_not_going_count":"","_tribe_tickets_list":"[]","_tribe_ticket_has_attendee_info_fields":false,"_EventAllDay":false,"_EventTimezone":"","_EventStartDate":"","_EventEndDate":"","_EventStartDateUTC":"","_EventEndDateUTC":"","_EventShowMap":false,"_EventShowMapLink":false,"_EventURL":"","_EventCost":"","_EventCostDescription":"","_EventCurrencySymbol":"","_EventCurrencyCode":"","_EventCurrencyPosition":"","_EventDateTimeSeparator":"","_EventTimeRangeSeparator":"","_EventOrganizerID":[],"_EventVenueID":[],"_OrganizerEmail":"","_OrganizerPhone":"","_OrganizerWebsite":"","_VenueAddress":"","_VenueCity":"","_VenueCountry":"","_VenueProvince":"","_VenueState":"","_VenueZip":"","_VenuePhone":"","_VenueURL":"","_VenueStateProvince":"","_VenueLat":"","_VenueLng":"","_VenueShowMap":false,"_VenueShowMapLink":false,"_tribe_blocks_recurrence_rules":"","_tribe_blocks_recurrence_description":"","_tribe_blocks_recurrence_exclusions":"","footnotes":"","_tec_slr_enabled":"","_tec_slr_layout":""},"class_list":["post-22907","page","type-page","status-publish","has-post-thumbnail","hentry"],"acf":[],"yoast_head":"<!-- This site is optimized with the Yoast SEO Premium plugin v23.3 (Yoast SEO v27.4) - https:\/\/yoast.com\/product\/yoast-seo-premium-wordpress\/ -->\n<title>Projekt: Lyssna &quot;Listen&quot; - Malm\u00f6 Konsthall<\/title>\n<meta name=\"description\" content=\"The project &quot;Lyssna&quot; explored how to create creative spaces and points of contact for people with disabilities\" \/>\n<meta name=\"robots\" content=\"index, follow, max-snippet:-1, max-image-preview:large, max-video-preview:-1\" \/>\n<link rel=\"canonical\" href=\"https:\/\/malmokonsthall.se\/en\/project-listen\/\" \/>\n<meta property=\"og:locale\" content=\"en_US\" \/>\n<meta property=\"og:type\" content=\"article\" \/>\n<meta property=\"og:title\" content=\"Projekt: Lyssna &quot;Listen&quot; - Malm\u00f6 Konsthall\" \/>\n<meta property=\"og:description\" content=\"The project &quot;Lyssna&quot; explored how to create creative spaces and points of contact for people with disabilities\" \/>\n<meta property=\"og:url\" content=\"https:\/\/malmokonsthall.se\/en\/project-listen\/\" \/>\n<meta property=\"og:site_name\" content=\"Malm\u00f6 Konsthall\" \/>\n<meta property=\"article:modified_time\" content=\"2024-11-14T10:45:54+00:00\" \/>\n<meta property=\"og:image\" content=\"https:\/\/malmokonsthall.se\/wp-content\/uploads\/2022\/10\/Therese3-scaled.jpg\" \/>\n\t<meta property=\"og:image:width\" content=\"2560\" \/>\n\t<meta property=\"og:image:height\" content=\"1707\" \/>\n\t<meta property=\"og:image:type\" content=\"image\/jpeg\" \/>\n<meta name=\"twitter:card\" content=\"summary_large_image\" \/>\n<script type=\"application\/ld+json\" class=\"yoast-schema-graph\">{\"@context\":\"https:\\\/\\\/schema.org\",\"@graph\":[{\"@type\":\"WebPage\",\"@id\":\"https:\\\/\\\/malmokonsthall.se\\\/en\\\/project-listen\\\/\",\"url\":\"https:\\\/\\\/malmokonsthall.se\\\/en\\\/project-listen\\\/\",\"name\":\"Projekt: Lyssna \\\"Listen\\\" - Malm\u00f6 Konsthall\",\"isPartOf\":{\"@id\":\"https:\\\/\\\/malmokonsthall.se\\\/en\\\/#website\"},\"primaryImageOfPage\":{\"@id\":\"https:\\\/\\\/malmokonsthall.se\\\/en\\\/project-listen\\\/#primaryimage\"},\"image\":{\"@id\":\"https:\\\/\\\/malmokonsthall.se\\\/en\\\/project-listen\\\/#primaryimage\"},\"thumbnailUrl\":\"https:\\\/\\\/malmokonsthall.se\\\/wp-content\\\/uploads\\\/2022\\\/10\\\/Therese3-scaled.jpg\",\"datePublished\":\"2022-11-25T16:10:55+00:00\",\"dateModified\":\"2024-11-14T10:45:54+00:00\",\"description\":\"The project \\\"Lyssna\\\" explored how to create creative spaces and points of contact for people with disabilities\",\"breadcrumb\":{\"@id\":\"https:\\\/\\\/malmokonsthall.se\\\/en\\\/project-listen\\\/#breadcrumb\"},\"inLanguage\":\"en-US\",\"potentialAction\":[{\"@type\":\"ReadAction\",\"target\":[\"https:\\\/\\\/malmokonsthall.se\\\/en\\\/project-listen\\\/\"]}]},{\"@type\":\"ImageObject\",\"inLanguage\":\"en-US\",\"@id\":\"https:\\\/\\\/malmokonsthall.se\\\/en\\\/project-listen\\\/#primaryimage\",\"url\":\"https:\\\/\\\/malmokonsthall.se\\\/wp-content\\\/uploads\\\/2022\\\/10\\\/Therese3-scaled.jpg\",\"contentUrl\":\"https:\\\/\\\/malmokonsthall.se\\\/wp-content\\\/uploads\\\/2022\\\/10\\\/Therese3-scaled.jpg\",\"width\":2560,\"height\":1707,\"caption\":\"Therese also really liked the warm beeswax that Ellinor made for us.\"},{\"@type\":\"BreadcrumbList\",\"@id\":\"https:\\\/\\\/malmokonsthall.se\\\/en\\\/project-listen\\\/#breadcrumb\",\"itemListElement\":[{\"@type\":\"ListItem\",\"position\":1,\"name\":\"Hem\",\"item\":\"https:\\\/\\\/malmokonsthall.se\\\/en\\\/\"},{\"@type\":\"ListItem\",\"position\":2,\"name\":\"Projekt: Lyssna &#8220;Listen&#8221;\"}]},{\"@type\":\"WebSite\",\"@id\":\"https:\\\/\\\/malmokonsthall.se\\\/en\\\/#website\",\"url\":\"https:\\\/\\\/malmokonsthall.se\\\/en\\\/\",\"name\":\"Malm\u00f6 Konsthall\",\"description\":\"\",\"publisher\":{\"@id\":\"https:\\\/\\\/malmokonsthall.se\\\/en\\\/#organization\"},\"potentialAction\":[{\"@type\":\"SearchAction\",\"target\":{\"@type\":\"EntryPoint\",\"urlTemplate\":\"https:\\\/\\\/malmokonsthall.se\\\/en\\\/?s={search_term_string}\"},\"query-input\":{\"@type\":\"PropertyValueSpecification\",\"valueRequired\":true,\"valueName\":\"search_term_string\"}}],\"inLanguage\":\"en-US\"},{\"@type\":\"Organization\",\"@id\":\"https:\\\/\\\/malmokonsthall.se\\\/en\\\/#organization\",\"name\":\"Malm\u00f6 Konsthall\",\"url\":\"https:\\\/\\\/malmokonsthall.se\\\/en\\\/\",\"logo\":{\"@type\":\"ImageObject\",\"inLanguage\":\"en-US\",\"@id\":\"https:\\\/\\\/malmokonsthall.se\\\/en\\\/#\\\/schema\\\/logo\\\/image\\\/\",\"url\":\"https:\\\/\\\/malmokonsthall.se\\\/wp-content\\\/uploads\\\/2021\\\/09\\\/MK-logga-red.png\",\"contentUrl\":\"https:\\\/\\\/malmokonsthall.se\\\/wp-content\\\/uploads\\\/2021\\\/09\\\/MK-logga-red.png\",\"width\":672,\"height\":60,\"caption\":\"Malm\u00f6 Konsthall\"},\"image\":{\"@id\":\"https:\\\/\\\/malmokonsthall.se\\\/en\\\/#\\\/schema\\\/logo\\\/image\\\/\"}}]}<\/script>\n<!-- \/ Yoast SEO Premium plugin. -->","yoast_head_json":{"title":"Projekt: Lyssna \"Listen\" - Malm\u00f6 Konsthall","description":"The project \"Lyssna\" explored how to create creative spaces and points of contact for people with disabilities","robots":{"index":"index","follow":"follow","max-snippet":"max-snippet:-1","max-image-preview":"max-image-preview:large","max-video-preview":"max-video-preview:-1"},"canonical":"https:\/\/malmokonsthall.se\/en\/project-listen\/","og_locale":"en_US","og_type":"article","og_title":"Projekt: Lyssna \"Listen\" - Malm\u00f6 Konsthall","og_description":"The project \"Lyssna\" explored how to create creative spaces and points of contact for people with disabilities","og_url":"https:\/\/malmokonsthall.se\/en\/project-listen\/","og_site_name":"Malm\u00f6 Konsthall","article_modified_time":"2024-11-14T10:45:54+00:00","og_image":[{"width":2560,"height":1707,"url":"https:\/\/malmokonsthall.se\/wp-content\/uploads\/2022\/10\/Therese3-scaled.jpg","type":"image\/jpeg"}],"twitter_card":"summary_large_image","schema":{"@context":"https:\/\/schema.org","@graph":[{"@type":"WebPage","@id":"https:\/\/malmokonsthall.se\/en\/project-listen\/","url":"https:\/\/malmokonsthall.se\/en\/project-listen\/","name":"Projekt: Lyssna \"Listen\" - Malm\u00f6 Konsthall","isPartOf":{"@id":"https:\/\/malmokonsthall.se\/en\/#website"},"primaryImageOfPage":{"@id":"https:\/\/malmokonsthall.se\/en\/project-listen\/#primaryimage"},"image":{"@id":"https:\/\/malmokonsthall.se\/en\/project-listen\/#primaryimage"},"thumbnailUrl":"https:\/\/malmokonsthall.se\/wp-content\/uploads\/2022\/10\/Therese3-scaled.jpg","datePublished":"2022-11-25T16:10:55+00:00","dateModified":"2024-11-14T10:45:54+00:00","description":"The project \"Lyssna\" explored how to create creative spaces and points of contact for people with disabilities","breadcrumb":{"@id":"https:\/\/malmokonsthall.se\/en\/project-listen\/#breadcrumb"},"inLanguage":"en-US","potentialAction":[{"@type":"ReadAction","target":["https:\/\/malmokonsthall.se\/en\/project-listen\/"]}]},{"@type":"ImageObject","inLanguage":"en-US","@id":"https:\/\/malmokonsthall.se\/en\/project-listen\/#primaryimage","url":"https:\/\/malmokonsthall.se\/wp-content\/uploads\/2022\/10\/Therese3-scaled.jpg","contentUrl":"https:\/\/malmokonsthall.se\/wp-content\/uploads\/2022\/10\/Therese3-scaled.jpg","width":2560,"height":1707,"caption":"Therese also really liked the warm beeswax that Ellinor made for us."},{"@type":"BreadcrumbList","@id":"https:\/\/malmokonsthall.se\/en\/project-listen\/#breadcrumb","itemListElement":[{"@type":"ListItem","position":1,"name":"Hem","item":"https:\/\/malmokonsthall.se\/en\/"},{"@type":"ListItem","position":2,"name":"Projekt: Lyssna &#8220;Listen&#8221;"}]},{"@type":"WebSite","@id":"https:\/\/malmokonsthall.se\/en\/#website","url":"https:\/\/malmokonsthall.se\/en\/","name":"Malm\u00f6 Konsthall","description":"","publisher":{"@id":"https:\/\/malmokonsthall.se\/en\/#organization"},"potentialAction":[{"@type":"SearchAction","target":{"@type":"EntryPoint","urlTemplate":"https:\/\/malmokonsthall.se\/en\/?s={search_term_string}"},"query-input":{"@type":"PropertyValueSpecification","valueRequired":true,"valueName":"search_term_string"}}],"inLanguage":"en-US"},{"@type":"Organization","@id":"https:\/\/malmokonsthall.se\/en\/#organization","name":"Malm\u00f6 Konsthall","url":"https:\/\/malmokonsthall.se\/en\/","logo":{"@type":"ImageObject","inLanguage":"en-US","@id":"https:\/\/malmokonsthall.se\/en\/#\/schema\/logo\/image\/","url":"https:\/\/malmokonsthall.se\/wp-content\/uploads\/2021\/09\/MK-logga-red.png","contentUrl":"https:\/\/malmokonsthall.se\/wp-content\/uploads\/2021\/09\/MK-logga-red.png","width":672,"height":60,"caption":"Malm\u00f6 Konsthall"},"image":{"@id":"https:\/\/malmokonsthall.se\/en\/#\/schema\/logo\/image\/"}}]}},"ticketed":false,"_links":{"self":[{"href":"https:\/\/malmokonsthall.se\/en\/wp-json\/wp\/v2\/pages\/22907","targetHints":{"allow":["GET"]}}],"collection":[{"href":"https:\/\/malmokonsthall.se\/en\/wp-json\/wp\/v2\/pages"}],"about":[{"href":"https:\/\/malmokonsthall.se\/en\/wp-json\/wp\/v2\/types\/page"}],"author":[{"embeddable":true,"href":"https:\/\/malmokonsthall.se\/en\/wp-json\/wp\/v2\/users\/11"}],"replies":[{"embeddable":true,"href":"https:\/\/malmokonsthall.se\/en\/wp-json\/wp\/v2\/comments?post=22907"}],"version-history":[{"count":2,"href":"https:\/\/malmokonsthall.se\/en\/wp-json\/wp\/v2\/pages\/22907\/revisions"}],"predecessor-version":[{"id":37111,"href":"https:\/\/malmokonsthall.se\/en\/wp-json\/wp\/v2\/pages\/22907\/revisions\/37111"}],"wp:featuredmedia":[{"embeddable":true,"href":"https:\/\/malmokonsthall.se\/en\/wp-json\/wp\/v2\/media\/20738"}],"wp:attachment":[{"href":"https:\/\/malmokonsthall.se\/en\/wp-json\/wp\/v2\/media?parent=22907"}],"curies":[{"name":"wp","href":"https:\/\/api.w.org\/{rel}","templated":true}]}}